{"id":2922,"date":"2025-01-15T18:51:54","date_gmt":"2025-01-15T21:51:54","guid":{"rendered":"https:\/\/culinariasemlactose.com\/curiosidades\/?page_id=2922"},"modified":"2025-07-24T14:18:03","modified_gmt":"2025-07-24T17:18:03","slug":"dicas-e-curiosidades-da-gastronomia","status":"publish","type":"page","link":"https:\/\/culinariasemlactose.com\/curiosidades\/dicas-e-curiosidades-da-gastronomia\/","title":{"rendered":"Dicas e Curiosidades da Gastronomia: Enriquecendo sua Cozinha"},"content":{"rendered":"\n\n<div class=\"kk-star-ratings kksr-auto kksr-align-left kksr-valign-top\"\n    data-payload='{&quot;align&quot;:&quot;left&quot;,&quot;id&quot;:&quot;437&quot;,&quot;slug&quot;:&quot;default&quot;,&quot;valign&quot;:&quot;top&quot;,&quot;ignore&quot;:&quot;&quot;,&quot;reference&quot;:&quot;auto&quot;,&quot;class&quot;:&quot;&quot;,&quot;count&quot;:&quot;1&quot;,&quot;legendonly&quot;:&quot;&quot;,&quot;readonly&quot;:&quot;&quot;,&quot;score&quot;:&quot;5&quot;,&quot;starsonly&quot;:&quot;&quot;,&quot;best&quot;:&quot;5&quot;,&quot;gap&quot;:&quot;5&quot;,&quot;greet&quot;:&quot;Avalie&quot;,&quot;legend&quot;:&quot;5\\\/5 - (1 voto)&quot;,&quot;size&quot;:&quot;24&quot;,&quot;title&quot;:&quot;Receitas TOP 5 do M\u00eas de Julho de 2023 do Canal Culin\u00e1ria sem Lactose&quot;,&quot;width&quot;:&quot;142.5&quot;,&quot;_legend&quot;:&quot;{score}\\\/{best} - ({count} {votes})&quot;,&quot;font_factor&quot;:&quot;1.25&quot;}'>\n            \n<div class=\"kksr-stars\">\n    \n<div class=\"kksr-stars-inactive\">\n            <div class=\"kksr-star\" data-star=\"1\" style=\"padding-right: 5px\">\n            \n\n<div class=\"kksr-icon\" style=\"width: 24px; height: 24px;\"><\/div>\n        <\/div>\n            <div class=\"kksr-star\" data-star=\"2\" style=\"padding-right: 5px\">\n            \n\n<div class=\"kksr-icon\" style=\"width: 24px; height: 24px;\"><\/div>\n        <\/div>\n            <div class=\"kksr-star\" data-star=\"3\" style=\"padding-right: 5px\">\n            \n\n<div class=\"kksr-icon\" style=\"width: 24px; height: 24px;\"><\/div>\n        <\/div>\n            <div class=\"kksr-star\" data-star=\"4\" style=\"padding-right: 5px\">\n            \n\n<div class=\"kksr-icon\" style=\"width: 24px; height: 24px;\"><\/div>\n        <\/div>\n            <div class=\"kksr-star\" data-star=\"5\" style=\"padding-right: 5px\">\n            \n\n<div class=\"kksr-icon\" style=\"width: 24px; height: 24px;\"><\/div>\n        <\/div>\n    <\/div>\n    \n<div class=\"kksr-stars-active\" style=\"width: 142.5px;\">\n            <div class=\"kksr-star\" style=\"padding-right: 5px\">\n            \n\n<div class=\"kksr-icon\" style=\"width: 24px; height: 24px;\"><\/div>\n        <\/div>\n            <div class=\"kksr-star\" style=\"padding-right: 5px\">\n            \n\n<div class=\"kksr-icon\" style=\"width: 24px; height: 24px;\"><\/div>\n        <\/div>\n            <div class=\"kksr-star\" style=\"padding-right: 5px\">\n            \n\n<div class=\"kksr-icon\" style=\"width: 24px; height: 24px;\"><\/div>\n        <\/div>\n            <div class=\"kksr-star\" style=\"padding-right: 5px\">\n            \n\n<div class=\"kksr-icon\" style=\"width: 24px; height: 24px;\"><\/div>\n        <\/div>\n            <div class=\"kksr-star\" style=\"padding-right: 5px\">\n            \n\n<div class=\"kksr-icon\" style=\"width: 24px; height: 24px;\"><\/div>\n        <\/div>\n    <\/div>\n<\/div>\n                \n\n<div class=\"kksr-legend\" style=\"font-size: 19.2px;\">\n            5\/5 - (1 voto)    <\/div>\n    <\/div>\n\t\t<div data-elementor-type=\"wp-page\" data-elementor-id=\"2922\" class=\"elementor elementor-2922\" data-elementor-post-type=\"page\">\n\t\t\t\t<div class=\"elementor-element elementor-element-db36fde e-flex e-con-boxed e-con e-parent\" data-id=\"db36fde\" data-element_type=\"container\" data-e-type=\"container\">\n\t\t\t\t\t<div class=\"e-con-inner\">\n\t\t\t\t<div class=\"elementor-element elementor-element-fa800f3 elementor-widget elementor-widget-breadcrumbs\" data-id=\"fa800f3\" data-element_type=\"widget\" data-e-type=\"widget\" data-widget_type=\"breadcrumbs.default\">\n\t\t\t\t<div class=\"elementor-widget-container\">\n\t\t\t\t\t<nav aria-label=\"breadcrumbs\" class=\"rank-math-breadcrumb\"><p><span class=\"last\">In\u00edcio<\/span><\/p><\/nav>\t\t\t\t<\/div>\n\t\t\t\t<\/div>\n\t\t\t\t\t<\/div>\n\t\t\t\t<\/div>\n\t\t<div class=\"elementor-element elementor-element-e0a7732 e-con-full e-flex e-con e-parent\" data-id=\"e0a7732\" data-element_type=\"container\" data-e-type=\"container\">\n\t\t\t\t<div class=\"elementor-element elementor-element-314c558 elementor-widget elementor-widget-spacer\" data-id=\"314c558\" data-element_type=\"widget\" data-e-type=\"widget\" data-widget_type=\"spacer.default\">\n\t\t\t\t\t\t\t<div class=\"elementor-spacer\">\n\t\t\t<div class=\"elementor-spacer-inner\"><\/div>\n\t\t<\/div>\n\t\t\t\t\t\t<\/div>\n\t\t\t\t<\/div>\n\t\t<div class=\"elementor-element elementor-element-a9493e1 e-flex e-con-boxed e-con e-parent\" data-id=\"a9493e1\" data-element_type=\"container\" data-e-type=\"container\">\n\t\t\t\t\t<div class=\"e-con-inner\">\n\t\t\t\t<div class=\"elementor-element elementor-element-dcac91c elementor-widget elementor-widget-heading\" data-id=\"dcac91c\" data-element_type=\"widget\" data-e-type=\"widget\" data-widget_type=\"heading.default\">\n\t\t\t\t\t<h1 class=\"elementor-heading-title elementor-size-default\">Dicas e Curiosidades da Gastronomia: Enriquecendo sua Cozinha<\/h1>\t\t\t\t<\/div>\n\t\t\t\t\t<\/div>\n\t\t\t\t<\/div>\n\t\t<div class=\"elementor-element elementor-element-43759e6 e-flex e-con-boxed e-con e-parent\" data-id=\"43759e6\" data-element_type=\"container\" data-e-type=\"container\">\n\t\t\t\t\t<div class=\"e-con-inner\">\n\t\t\t\t<div class=\"elementor-element elementor-element-cc0b985 elementor-widget elementor-widget-image\" data-id=\"cc0b985\" data-element_type=\"widget\" data-e-type=\"widget\" data-widget_type=\"image.default\">\n\t\t\t\t\t\t\t\t\t\t\t\t\t\t\t<img fetchpriority=\"high\" decoding=\"async\" width=\"1200\" height=\"900\" src=\"https:\/\/culinariasemlactose.com\/curiosidades\/wp-content\/smush-avif\/2025\/01\/Dicas-e-Curiosidades-da-Gastronomia.jpg.avif\" class=\"attachment-full size-full wp-image-2958\" alt=\"Dicas e Curiosidades da Gastronomia: Enriquecendo sua Cozinha\" srcset=\"https:\/\/culinariasemlactose.com\/curiosidades\/wp-content\/smush-avif\/2025\/01\/Dicas-e-Curiosidades-da-Gastronomia.jpg.avif 1200w, https:\/\/culinariasemlactose.com\/curiosidades\/wp-content\/smush-avif\/2025\/01\/Dicas-e-Curiosidades-da-Gastronomia-300x225.jpg.avif 300w, https:\/\/culinariasemlactose.com\/curiosidades\/wp-content\/smush-avif\/2025\/01\/Dicas-e-Curiosidades-da-Gastronomia-1024x768.jpg.avif 1024w, https:\/\/culinariasemlactose.com\/curiosidades\/wp-content\/smush-avif\/2025\/01\/Dicas-e-Curiosidades-da-Gastronomia-768x576.jpg.avif 768w\" sizes=\"(max-width: 1200px) 100vw, 1200px\" data-smush-avif-fallback=\"{&quot;src&quot;:&quot;https:\\\/\\\/culinariasemlactose.com\\\/curiosidades\\\/wp-content\\\/uploads\\\/2025\\\/01\\\/Dicas-e-Curiosidades-da-Gastronomia.jpg&quot;,&quot;srcset&quot;:&quot;https:\\\/\\\/culinariasemlactose.com\\\/curiosidades\\\/wp-content\\\/uploads\\\/2025\\\/01\\\/Dicas-e-Curiosidades-da-Gastronomia.jpg 1200w, https:\\\/\\\/culinariasemlactose.com\\\/curiosidades\\\/wp-content\\\/uploads\\\/2025\\\/01\\\/Dicas-e-Curiosidades-da-Gastronomia-300x225.jpg 300w, https:\\\/\\\/culinariasemlactose.com\\\/curiosidades\\\/wp-content\\\/uploads\\\/2025\\\/01\\\/Dicas-e-Curiosidades-da-Gastronomia-1024x768.jpg 1024w, https:\\\/\\\/culinariasemlactose.com\\\/curiosidades\\\/wp-content\\\/uploads\\\/2025\\\/01\\\/Dicas-e-Curiosidades-da-Gastronomia-768x576.jpg 768w&quot;}\" \/>\t\t\t\t\t\t\t\t\t\t\t\t\t\t\t<\/div>\n\t\t\t\t\t<\/div>\n\t\t\t\t<\/div>\n\t\t<div class=\"elementor-element elementor-element-303487d e-flex e-con-boxed e-con e-parent\" data-id=\"303487d\" data-element_type=\"container\" data-e-type=\"container\">\n\t\t\t\t\t<div class=\"e-con-inner\">\n\t\t\t\t<div class=\"elementor-element elementor-element-cf0a5bf elementor-widget elementor-widget-spacer\" data-id=\"cf0a5bf\" data-element_type=\"widget\" data-e-type=\"widget\" data-widget_type=\"spacer.default\">\n\t\t\t\t\t\t\t<div class=\"elementor-spacer\">\n\t\t\t<div class=\"elementor-spacer-inner\"><\/div>\n\t\t<\/div>\n\t\t\t\t\t\t<\/div>\n\t\t\t\t\t<\/div>\n\t\t\t\t<\/div>\n\t\t<div class=\"elementor-element elementor-element-323c927 e-flex e-con-boxed e-con e-parent\" data-id=\"323c927\" data-element_type=\"container\" data-e-type=\"container\">\n\t\t\t\t\t<div class=\"e-con-inner\">\n\t\t\t\t<div class=\"elementor-element elementor-element-104d1dc elementor-widget elementor-widget-text-editor\" data-id=\"104d1dc\" data-element_type=\"widget\" data-e-type=\"widget\" data-widget_type=\"text-editor.default\">\n\t\t\t\t\t\t\t\t\t<p>Se voc\u00ea est\u00e1 em busca de dicas valiosas e <a href=\"http:\/\/culinariasemlactose.com\/curiosidades\/c\/curiosidades-da-culinaria\/\" data-superlinks140684vt908f2723b=\"54\" class=\"spl-automatic-Link\" data-spl=\"54\">curiosidades<\/a> fascinantes sobre gastronomia, encontrou o lugar certo!<\/p><p>Aqui no <strong>Blog Culin\u00e1ria sem <a href=\"http:\/\/culinariasemlactose.com\/curiosidades\/o-que-e-lactose\/\" data-superlinks140684vt908f2723b=\"8\" class=\"spl-automatic-Link\" data-spl=\"8\">Lactose<\/a> Curiosidades<\/strong>, voc\u00ea encontrar\u00e1 uma variedade incr\u00edvel de artigos que v\u00e3o desde a <strong><a href=\"http:\/\/culinariasemlactose.com\/curiosidades\/c\/historia\/\" data-superlinks140684vt908f2723b=\"58\" class=\"spl-automatic-Link\" data-spl=\"58\">hist\u00f3ria<\/a> da culin\u00e1ria<\/strong> at\u00e9 receitas deliciosas e saud\u00e1veis.<\/p><p>Nossos conte\u00fados s\u00e3o cuidadosamente elaborados para atender \u00e0s necessidades de todos os amantes da <strong>boa comida<\/strong>, sem perder a ess\u00eancia e o prazer da <strong>gastronomia<\/strong>. Descubra os benef\u00edcios dos alimentos, aprenda <strong>dicas de <a href=\"http:\/\/culinariasemlactose.com\/curiosidades\/c\/compras\/\" data-superlinks140684vt908f2723b=\"60\" class=\"spl-automatic-Link\" data-spl=\"60\">compras<\/a><\/strong> inteligentes e explore <strong>receitas<\/strong> que v\u00e3o transformar sua cozinha.<\/p><p>Navegue pelo blog e descubra um mundo de sabores, hist\u00f3rias e dicas que v\u00e3o enriquecer sua experi\u00eancia culin\u00e1ria. N\u00e3o perca nossos artigos sobre <span style=\"text-decoration: underline;\"><a href=\"http:\/\/culinariasemlactose.com\/curiosidades\/c\/historia\/\">hist\u00f3ria da culin\u00e1ria<\/a><\/span>, <span style=\"text-decoration: underline;\"><a href=\"http:\/\/culinariasemlactose.com\/curiosidades\/c\/saude\/\">benef\u00edcios dos alimentos<\/a><\/span>, <span style=\"text-decoration: underline;\"><a href=\"http:\/\/culinariasemlactose.com\/curiosidades\/c\/dicas\/\">receitas<\/a><\/span>, <span style=\"text-decoration: underline;\"><a href=\"http:\/\/culinariasemlactose.com\/curiosidades\/c\/compras\/\">dicas de compras<\/a><\/span> e muito mais. Sua jornada gastron\u00f4mica come\u00e7a aqui!<\/p>\t\t\t\t\t\t\t\t<\/div>\n\t\t\t\t\t<\/div>\n\t\t\t\t<\/div>\n\t\t<div class=\"elementor-element elementor-element-9967786 e-flex e-con-boxed e-con e-parent\" data-id=\"9967786\" data-element_type=\"container\" data-e-type=\"container\">\n\t\t\t\t\t<div class=\"e-con-inner\">\n\t\t\t\t<div class=\"elementor-element elementor-element-0a18005 elementor-widget elementor-widget-spacer\" data-id=\"0a18005\" data-element_type=\"widget\" data-e-type=\"widget\" data-widget_type=\"spacer.default\">\n\t\t\t\t\t\t\t<div class=\"elementor-spacer\">\n\t\t\t<div class=\"elementor-spacer-inner\"><\/div>\n\t\t<\/div>\n\t\t\t\t\t\t<\/div>\n\t\t\t\t\t<\/div>\n\t\t\t\t<\/div>\n\t\t<div class=\"elementor-element elementor-element-4b82ab4 e-flex e-con-boxed e-con e-parent\" data-id=\"4b82ab4\" data-element_type=\"container\" data-e-type=\"container\">\n\t\t\t\t\t<div class=\"e-con-inner\">\n\t\t\t\t<div class=\"elementor-element elementor-element-2755e91 elementor-widget elementor-widget-heading\" data-id=\"2755e91\" data-element_type=\"widget\" data-e-type=\"widget\" data-widget_type=\"heading.default\">\n\t\t\t\t\t<h2 class=\"elementor-heading-title elementor-size-default\">Dicas e Curiosidades da Gastronomia<\/h2>\t\t\t\t<\/div>\n\t\t\t\t\t<\/div>\n\t\t\t\t<\/div>\n\t\t<div class=\"elementor-element elementor-element-a661975 e-flex e-con-boxed e-con e-parent\" data-id=\"a661975\" data-element_type=\"container\" data-e-type=\"container\">\n\t\t\t\t\t<div class=\"e-con-inner\">\n\t\t\t\t<div class=\"elementor-element elementor-element-b0336c7 elementor-widget elementor-widget-text-editor\" data-id=\"b0336c7\" data-element_type=\"widget\" data-e-type=\"widget\" data-widget_type=\"text-editor.default\">\n\t\t\t\t\t\t\t\t\t<p style=\"text-align: center;\">Veja abaixo alguns artigos dispon\u00edveis no Blog Culin\u00e1ria sem Lactose Curiosidades.<\/p>\t\t\t\t\t\t\t\t<\/div>\n\t\t\t\t\t<\/div>\n\t\t\t\t<\/div>\n\t\t<div class=\"elementor-element elementor-element-59bd896 e-flex e-con-boxed e-con e-parent\" data-id=\"59bd896\" data-element_type=\"container\" data-e-type=\"container\">\n\t\t\t\t\t<div class=\"e-con-inner\">\n\t\t\t\t<div class=\"elementor-element elementor-element-515564a elementor-widget elementor-widget-spacer\" data-id=\"515564a\" data-element_type=\"widget\" data-e-type=\"widget\" data-widget_type=\"spacer.default\">\n\t\t\t\t\t\t\t<div class=\"elementor-spacer\">\n\t\t\t<div class=\"elementor-spacer-inner\"><\/div>\n\t\t<\/div>\n\t\t\t\t\t\t<\/div>\n\t\t\t\t\t<\/div>\n\t\t\t\t<\/div>\n\t\t<div class=\"elementor-element elementor-element-383b9d5 e-flex e-con-boxed e-con e-parent\" data-id=\"383b9d5\" data-element_type=\"container\" data-e-type=\"container\">\n\t\t\t\t\t<div class=\"e-con-inner\">\n\t\t\t\t<div class=\"elementor-element elementor-element-c09e907 elementor-posts--align-center elementor-grid-3 elementor-grid-tablet-2 elementor-grid-mobile-1 elementor-posts--thumbnail-top elementor-widget elementor-widget-posts\" data-id=\"c09e907\" data-element_type=\"widget\" data-e-type=\"widget\" data-settings=\"{&quot;classic_columns&quot;:&quot;3&quot;,&quot;classic_columns_tablet&quot;:&quot;2&quot;,&quot;classic_columns_mobile&quot;:&quot;1&quot;,&quot;classic_row_gap&quot;:{&quot;unit&quot;:&quot;px&quot;,&quot;size&quot;:35,&quot;sizes&quot;:[]},&quot;classic_row_gap_tablet&quot;:{&quot;unit&quot;:&quot;px&quot;,&quot;size&quot;:&quot;&quot;,&quot;sizes&quot;:[]},&quot;classic_row_gap_mobile&quot;:{&quot;unit&quot;:&quot;px&quot;,&quot;size&quot;:&quot;&quot;,&quot;sizes&quot;:[]}}\" data-widget_type=\"posts.classic\">\n\t\t\t\t<div class=\"elementor-widget-container\">\n\t\t\t\t\t\t\t<div class=\"elementor-posts-container elementor-posts elementor-posts--skin-classic elementor-grid\" role=\"list\">\n\t\t\t\t<article class=\"elementor-post elementor-grid-item post-4841 post type-post status-publish format-standard has-post-thumbnail hentry category-dicas-de-receitas category-curiosidades-da-culinaria\" role=\"listitem\">\n\t\t\t\t<a class=\"elementor-post__thumbnail__link\" href=\"https:\/\/culinariasemlactose.com\/curiosidades\/receitas-de-bolinhos-sem-lactose\/\" tabindex=\"-1\">\n\t\t\t<div class=\"elementor-post__thumbnail\"><img decoding=\"async\" width=\"300\" height=\"225\" src=\"https:\/\/culinariasemlactose.com\/curiosidades\/wp-content\/smush-avif\/2025\/08\/Bolinhos-Sem-Lactose-300x225.jpg.avif\" class=\"attachment-medium size-medium wp-image-4854\" alt=\"Bolinhos Sem Lactose\" srcset=\"https:\/\/culinariasemlactose.com\/curiosidades\/wp-content\/smush-avif\/2025\/08\/Bolinhos-Sem-Lactose-300x225.jpg.avif 300w, https:\/\/culinariasemlactose.com\/curiosidades\/wp-content\/smush-avif\/2025\/08\/Bolinhos-Sem-Lactose-1024x768.jpg.avif 1024w, https:\/\/culinariasemlactose.com\/curiosidades\/wp-content\/smush-avif\/2025\/08\/Bolinhos-Sem-Lactose-768x576.jpg.avif 768w, https:\/\/culinariasemlactose.com\/curiosidades\/wp-content\/smush-avif\/2025\/08\/Bolinhos-Sem-Lactose.jpg.avif 1200w\" sizes=\"(max-width: 300px) 100vw, 300px\" data-smush-avif-fallback=\"{&quot;src&quot;:&quot;https:\\\/\\\/culinariasemlactose.com\\\/curiosidades\\\/wp-content\\\/uploads\\\/2025\\\/08\\\/Bolinhos-Sem-Lactose-300x225.jpg&quot;,&quot;srcset&quot;:&quot;https:\\\/\\\/culinariasemlactose.com\\\/curiosidades\\\/wp-content\\\/uploads\\\/2025\\\/08\\\/Bolinhos-Sem-Lactose-300x225.jpg 300w, https:\\\/\\\/culinariasemlactose.com\\\/curiosidades\\\/wp-content\\\/uploads\\\/2025\\\/08\\\/Bolinhos-Sem-Lactose-1024x768.jpg 1024w, https:\\\/\\\/culinariasemlactose.com\\\/curiosidades\\\/wp-content\\\/uploads\\\/2025\\\/08\\\/Bolinhos-Sem-Lactose-768x576.jpg 768w, https:\\\/\\\/culinariasemlactose.com\\\/curiosidades\\\/wp-content\\\/uploads\\\/2025\\\/08\\\/Bolinhos-Sem-Lactose.jpg 1200w&quot;}\" \/><\/div>\n\t\t<\/a>\n\t\t\t\t<div class=\"elementor-post__text\">\n\t\t\t\t<h3 class=\"elementor-post__title\">\n\t\t\t<a href=\"https:\/\/culinariasemlactose.com\/curiosidades\/receitas-de-bolinhos-sem-lactose\/\">\n\t\t\t\tBolinhos Sem Lactose: 5 Receitas Irresist\u00edveis para Saborear com Leveza\t\t\t<\/a>\n\t\t<\/h3>\n\t\t\t\t<\/div>\n\t\t\t\t<\/article>\n\t\t\t\t<article class=\"elementor-post elementor-grid-item post-4827 post type-post status-publish format-standard has-post-thumbnail hentry category-dicas-de-receitas category-curiosidades-da-culinaria\" role=\"listitem\">\n\t\t\t\t<a class=\"elementor-post__thumbnail__link\" href=\"https:\/\/culinariasemlactose.com\/curiosidades\/receitas-de-biscoitos-sem-lactose\/\" tabindex=\"-1\">\n\t\t\t<div class=\"elementor-post__thumbnail\"><img decoding=\"async\" width=\"300\" height=\"225\" src=\"https:\/\/culinariasemlactose.com\/curiosidades\/wp-content\/smush-avif\/2025\/08\/Receitas-de-Biscoitos-Sem-Lactose-300x225.jpg.avif\" class=\"attachment-medium size-medium wp-image-4839\" alt=\"Biscoitos Sem Lactose\" srcset=\"https:\/\/culinariasemlactose.com\/curiosidades\/wp-content\/smush-avif\/2025\/08\/Receitas-de-Biscoitos-Sem-Lactose-300x225.jpg.avif 300w, https:\/\/culinariasemlactose.com\/curiosidades\/wp-content\/smush-avif\/2025\/08\/Receitas-de-Biscoitos-Sem-Lactose-1024x768.jpg.avif 1024w, https:\/\/culinariasemlactose.com\/curiosidades\/wp-content\/smush-avif\/2025\/08\/Receitas-de-Biscoitos-Sem-Lactose-768x576.jpg.avif 768w, https:\/\/culinariasemlactose.com\/curiosidades\/wp-content\/smush-avif\/2025\/08\/Receitas-de-Biscoitos-Sem-Lactose.jpg.avif 1200w\" sizes=\"(max-width: 300px) 100vw, 300px\" data-smush-avif-fallback=\"{&quot;src&quot;:&quot;https:\\\/\\\/culinariasemlactose.com\\\/curiosidades\\\/wp-content\\\/uploads\\\/2025\\\/08\\\/Receitas-de-Biscoitos-Sem-Lactose-300x225.jpg&quot;,&quot;srcset&quot;:&quot;https:\\\/\\\/culinariasemlactose.com\\\/curiosidades\\\/wp-content\\\/uploads\\\/2025\\\/08\\\/Receitas-de-Biscoitos-Sem-Lactose-300x225.jpg 300w, https:\\\/\\\/culinariasemlactose.com\\\/curiosidades\\\/wp-content\\\/uploads\\\/2025\\\/08\\\/Receitas-de-Biscoitos-Sem-Lactose-1024x768.jpg 1024w, https:\\\/\\\/culinariasemlactose.com\\\/curiosidades\\\/wp-content\\\/uploads\\\/2025\\\/08\\\/Receitas-de-Biscoitos-Sem-Lactose-768x576.jpg 768w, https:\\\/\\\/culinariasemlactose.com\\\/curiosidades\\\/wp-content\\\/uploads\\\/2025\\\/08\\\/Receitas-de-Biscoitos-Sem-Lactose.jpg 1200w&quot;}\" \/><\/div>\n\t\t<\/a>\n\t\t\t\t<div class=\"elementor-post__text\">\n\t\t\t\t<h3 class=\"elementor-post__title\">\n\t\t\t<a href=\"https:\/\/culinariasemlactose.com\/curiosidades\/receitas-de-biscoitos-sem-lactose\/\">\n\t\t\t\tBiscoitos Sem Lactose: 3 Receitas Caseiras Irresist\u00edveis e Saud\u00e1veis\t\t\t<\/a>\n\t\t<\/h3>\n\t\t\t\t<\/div>\n\t\t\t\t<\/article>\n\t\t\t\t<article class=\"elementor-post elementor-grid-item post-4809 post type-post status-publish format-standard has-post-thumbnail hentry category-dicas-de-receitas category-curiosidades-da-culinaria\" role=\"listitem\">\n\t\t\t\t<a class=\"elementor-post__thumbnail__link\" href=\"https:\/\/culinariasemlactose.com\/curiosidades\/receitas-de-aperitivos-sem-lactose\/\" tabindex=\"-1\">\n\t\t\t<div class=\"elementor-post__thumbnail\"><img loading=\"lazy\" decoding=\"async\" width=\"300\" height=\"225\" src=\"https:\/\/culinariasemlactose.com\/curiosidades\/wp-content\/smush-avif\/2025\/08\/Receitas-de-Aperitivos-Sem-Lactose-300x225.jpg.avif\" class=\"attachment-medium size-medium wp-image-4823\" alt=\"Mesa com v\u00e1rios aperitivos sem lactose organizados.\" srcset=\"https:\/\/culinariasemlactose.com\/curiosidades\/wp-content\/smush-avif\/2025\/08\/Receitas-de-Aperitivos-Sem-Lactose-300x225.jpg.avif 300w, https:\/\/culinariasemlactose.com\/curiosidades\/wp-content\/smush-avif\/2025\/08\/Receitas-de-Aperitivos-Sem-Lactose-1024x768.jpg.avif 1024w, https:\/\/culinariasemlactose.com\/curiosidades\/wp-content\/smush-avif\/2025\/08\/Receitas-de-Aperitivos-Sem-Lactose-768x576.jpg.avif 768w, https:\/\/culinariasemlactose.com\/curiosidades\/wp-content\/smush-avif\/2025\/08\/Receitas-de-Aperitivos-Sem-Lactose.jpg.avif 1200w\" sizes=\"(max-width: 300px) 100vw, 300px\" data-smush-avif-fallback=\"{&quot;src&quot;:&quot;https:\\\/\\\/culinariasemlactose.com\\\/curiosidades\\\/wp-content\\\/uploads\\\/2025\\\/08\\\/Receitas-de-Aperitivos-Sem-Lactose-300x225.jpg&quot;,&quot;srcset&quot;:&quot;https:\\\/\\\/culinariasemlactose.com\\\/curiosidades\\\/wp-content\\\/uploads\\\/2025\\\/08\\\/Receitas-de-Aperitivos-Sem-Lactose-300x225.jpg 300w, https:\\\/\\\/culinariasemlactose.com\\\/curiosidades\\\/wp-content\\\/uploads\\\/2025\\\/08\\\/Receitas-de-Aperitivos-Sem-Lactose-1024x768.jpg 1024w, https:\\\/\\\/culinariasemlactose.com\\\/curiosidades\\\/wp-content\\\/uploads\\\/2025\\\/08\\\/Receitas-de-Aperitivos-Sem-Lactose-768x576.jpg 768w, https:\\\/\\\/culinariasemlactose.com\\\/curiosidades\\\/wp-content\\\/uploads\\\/2025\\\/08\\\/Receitas-de-Aperitivos-Sem-Lactose.jpg 1200w&quot;}\" \/><\/div>\n\t\t<\/a>\n\t\t\t\t<div class=\"elementor-post__text\">\n\t\t\t\t<h3 class=\"elementor-post__title\">\n\t\t\t<a href=\"https:\/\/culinariasemlactose.com\/curiosidades\/receitas-de-aperitivos-sem-lactose\/\">\n\t\t\t\tAperitivos Sem Lactose: 8 Receitas Saborosas e F\u00e1ceis para Qualquer Ocasi\u00e3o\t\t\t<\/a>\n\t\t<\/h3>\n\t\t\t\t<\/div>\n\t\t\t\t<\/article>\n\t\t\t\t<article class=\"elementor-post elementor-grid-item post-4781 post type-post status-publish format-standard has-post-thumbnail hentry category-dicas-de-receitas category-curiosidades-da-culinaria\" role=\"listitem\">\n\t\t\t\t<a class=\"elementor-post__thumbnail__link\" href=\"https:\/\/culinariasemlactose.com\/curiosidades\/receitas-para-o-almoco-de-domingo\/\" tabindex=\"-1\">\n\t\t\t<div class=\"elementor-post__thumbnail\"><img loading=\"lazy\" decoding=\"async\" width=\"300\" height=\"225\" src=\"https:\/\/culinariasemlactose.com\/curiosidades\/wp-content\/smush-avif\/2025\/08\/Receitas-Para-o-Almoco-de-Domingo-300x225.jpg.avif\" class=\"attachment-medium size-medium wp-image-4806\" alt=\"Mesa de almo\u00e7o de domingo com pratos sem lactose variados, ideal para quem tem restri\u00e7\u00f5es alimentares.\" srcset=\"https:\/\/culinariasemlactose.com\/curiosidades\/wp-content\/smush-avif\/2025\/08\/Receitas-Para-o-Almoco-de-Domingo-300x225.jpg.avif 300w, https:\/\/culinariasemlactose.com\/curiosidades\/wp-content\/smush-avif\/2025\/08\/Receitas-Para-o-Almoco-de-Domingo-1024x768.jpg.avif 1024w, https:\/\/culinariasemlactose.com\/curiosidades\/wp-content\/smush-avif\/2025\/08\/Receitas-Para-o-Almoco-de-Domingo-768x576.jpg.avif 768w, https:\/\/culinariasemlactose.com\/curiosidades\/wp-content\/smush-avif\/2025\/08\/Receitas-Para-o-Almoco-de-Domingo.jpg.avif 1200w\" sizes=\"(max-width: 300px) 100vw, 300px\" data-smush-avif-fallback=\"{&quot;src&quot;:&quot;https:\\\/\\\/culinariasemlactose.com\\\/curiosidades\\\/wp-content\\\/uploads\\\/2025\\\/08\\\/Receitas-Para-o-Almoco-de-Domingo-300x225.jpg&quot;,&quot;srcset&quot;:&quot;https:\\\/\\\/culinariasemlactose.com\\\/curiosidades\\\/wp-content\\\/uploads\\\/2025\\\/08\\\/Receitas-Para-o-Almoco-de-Domingo-300x225.jpg 300w, https:\\\/\\\/culinariasemlactose.com\\\/curiosidades\\\/wp-content\\\/uploads\\\/2025\\\/08\\\/Receitas-Para-o-Almoco-de-Domingo-1024x768.jpg 1024w, https:\\\/\\\/culinariasemlactose.com\\\/curiosidades\\\/wp-content\\\/uploads\\\/2025\\\/08\\\/Receitas-Para-o-Almoco-de-Domingo-768x576.jpg 768w, https:\\\/\\\/culinariasemlactose.com\\\/curiosidades\\\/wp-content\\\/uploads\\\/2025\\\/08\\\/Receitas-Para-o-Almoco-de-Domingo.jpg 1200w&quot;}\" \/><\/div>\n\t\t<\/a>\n\t\t\t\t<div class=\"elementor-post__text\">\n\t\t\t\t<h3 class=\"elementor-post__title\">\n\t\t\t<a href=\"https:\/\/culinariasemlactose.com\/curiosidades\/receitas-para-o-almoco-de-domingo\/\">\n\t\t\t\tReceitas Para o Almo\u00e7o de Domingo Sem Lactose: Sabores Que Encantam e N\u00e3o Pesam\t\t\t<\/a>\n\t\t<\/h3>\n\t\t\t\t<\/div>\n\t\t\t\t<\/article>\n\t\t\t\t<article class=\"elementor-post elementor-grid-item post-4720 post type-post status-publish format-standard has-post-thumbnail hentry category-saude category-curiosidades-da-culinaria\" role=\"listitem\">\n\t\t\t\t<a class=\"elementor-post__thumbnail__link\" href=\"https:\/\/culinariasemlactose.com\/curiosidades\/alimentos-que-hidratam-corpo\/\" tabindex=\"-1\">\n\t\t\t<div class=\"elementor-post__thumbnail\"><img loading=\"lazy\" decoding=\"async\" width=\"300\" height=\"225\" src=\"https:\/\/culinariasemlactose.com\/curiosidades\/wp-content\/smush-avif\/2025\/07\/Alimentos-que-Hidratam-300x225.jpg.avif\" class=\"attachment-medium size-medium wp-image-4727\" alt=\"Alimentos que Hidratam\" srcset=\"https:\/\/culinariasemlactose.com\/curiosidades\/wp-content\/smush-avif\/2025\/07\/Alimentos-que-Hidratam-300x225.jpg.avif 300w, https:\/\/culinariasemlactose.com\/curiosidades\/wp-content\/smush-avif\/2025\/07\/Alimentos-que-Hidratam-1024x768.jpg.avif 1024w, https:\/\/culinariasemlactose.com\/curiosidades\/wp-content\/smush-avif\/2025\/07\/Alimentos-que-Hidratam-768x576.jpg.avif 768w, https:\/\/culinariasemlactose.com\/curiosidades\/wp-content\/smush-avif\/2025\/07\/Alimentos-que-Hidratam.jpg.avif 1200w\" sizes=\"(max-width: 300px) 100vw, 300px\" data-smush-avif-fallback=\"{&quot;src&quot;:&quot;https:\\\/\\\/culinariasemlactose.com\\\/curiosidades\\\/wp-content\\\/uploads\\\/2025\\\/07\\\/Alimentos-que-Hidratam-300x225.jpg&quot;,&quot;srcset&quot;:&quot;https:\\\/\\\/culinariasemlactose.com\\\/curiosidades\\\/wp-content\\\/uploads\\\/2025\\\/07\\\/Alimentos-que-Hidratam-300x225.jpg 300w, https:\\\/\\\/culinariasemlactose.com\\\/curiosidades\\\/wp-content\\\/uploads\\\/2025\\\/07\\\/Alimentos-que-Hidratam-1024x768.jpg 1024w, https:\\\/\\\/culinariasemlactose.com\\\/curiosidades\\\/wp-content\\\/uploads\\\/2025\\\/07\\\/Alimentos-que-Hidratam-768x576.jpg 768w, https:\\\/\\\/culinariasemlactose.com\\\/curiosidades\\\/wp-content\\\/uploads\\\/2025\\\/07\\\/Alimentos-que-Hidratam.jpg 1200w&quot;}\" \/><\/div>\n\t\t<\/a>\n\t\t\t\t<div class=\"elementor-post__text\">\n\t\t\t\t<h3 class=\"elementor-post__title\">\n\t\t\t<a href=\"https:\/\/culinariasemlactose.com\/curiosidades\/alimentos-que-hidratam-corpo\/\">\n\t\t\t\tQuais s\u00e3o os Alimentos que Hidratam o Seu Corpo\t\t\t<\/a>\n\t\t<\/h3>\n\t\t\t\t<\/div>\n\t\t\t\t<\/article>\n\t\t\t\t<article class=\"elementor-post elementor-grid-item post-4707 post type-post status-publish format-standard has-post-thumbnail hentry category-dicas-de-horta category-curiosidades-da-culinaria\" role=\"listitem\">\n\t\t\t\t<a class=\"elementor-post__thumbnail__link\" href=\"https:\/\/culinariasemlactose.com\/curiosidades\/aprenda-a-plantar-cebolinha\/\" tabindex=\"-1\">\n\t\t\t<div class=\"elementor-post__thumbnail\"><img loading=\"lazy\" decoding=\"async\" width=\"300\" height=\"225\" src=\"https:\/\/culinariasemlactose.com\/curiosidades\/wp-content\/smush-avif\/2025\/07\/Aprenda-a-Plantar-Cebolinha-300x225.jpg.avif\" class=\"attachment-medium size-medium wp-image-4713\" alt=\"Aprenda a Plantar Cebolinha\" srcset=\"https:\/\/culinariasemlactose.com\/curiosidades\/wp-content\/smush-avif\/2025\/07\/Aprenda-a-Plantar-Cebolinha-300x225.jpg.avif 300w, https:\/\/culinariasemlactose.com\/curiosidades\/wp-content\/smush-avif\/2025\/07\/Aprenda-a-Plantar-Cebolinha-1024x768.jpg.avif 1024w, https:\/\/culinariasemlactose.com\/curiosidades\/wp-content\/smush-avif\/2025\/07\/Aprenda-a-Plantar-Cebolinha-768x576.jpg.avif 768w, https:\/\/culinariasemlactose.com\/curiosidades\/wp-content\/smush-avif\/2025\/07\/Aprenda-a-Plantar-Cebolinha.jpg.avif 1200w\" sizes=\"(max-width: 300px) 100vw, 300px\" data-smush-avif-fallback=\"{&quot;src&quot;:&quot;https:\\\/\\\/culinariasemlactose.com\\\/curiosidades\\\/wp-content\\\/uploads\\\/2025\\\/07\\\/Aprenda-a-Plantar-Cebolinha-300x225.jpg&quot;,&quot;srcset&quot;:&quot;https:\\\/\\\/culinariasemlactose.com\\\/curiosidades\\\/wp-content\\\/uploads\\\/2025\\\/07\\\/Aprenda-a-Plantar-Cebolinha-300x225.jpg 300w, https:\\\/\\\/culinariasemlactose.com\\\/curiosidades\\\/wp-content\\\/uploads\\\/2025\\\/07\\\/Aprenda-a-Plantar-Cebolinha-1024x768.jpg 1024w, https:\\\/\\\/culinariasemlactose.com\\\/curiosidades\\\/wp-content\\\/uploads\\\/2025\\\/07\\\/Aprenda-a-Plantar-Cebolinha-768x576.jpg 768w, https:\\\/\\\/culinariasemlactose.com\\\/curiosidades\\\/wp-content\\\/uploads\\\/2025\\\/07\\\/Aprenda-a-Plantar-Cebolinha.jpg 1200w&quot;}\" \/><\/div>\n\t\t<\/a>\n\t\t\t\t<div class=\"elementor-post__text\">\n\t\t\t\t<h3 class=\"elementor-post__title\">\n\t\t\t<a href=\"https:\/\/culinariasemlactose.com\/curiosidades\/aprenda-a-plantar-cebolinha\/\">\n\t\t\t\tAprenda a Plantar Cebolinha e Tenha Tempero Fresco Sempre \u00e0 M\u00e3o\t\t\t<\/a>\n\t\t<\/h3>\n\t\t\t\t<\/div>\n\t\t\t\t<\/article>\n\t\t\t\t<article class=\"elementor-post elementor-grid-item post-4589 post type-post status-publish format-standard has-post-thumbnail hentry category-dicas-de-horta category-curiosidades-da-culinaria\" role=\"listitem\">\n\t\t\t\t<a class=\"elementor-post__thumbnail__link\" href=\"https:\/\/culinariasemlactose.com\/curiosidades\/aprenda-a-plantar-hortela\/\" tabindex=\"-1\">\n\t\t\t<div class=\"elementor-post__thumbnail\"><img loading=\"lazy\" decoding=\"async\" width=\"300\" height=\"225\" src=\"https:\/\/culinariasemlactose.com\/curiosidades\/wp-content\/smush-avif\/2025\/07\/Aprenda-a-Plantar-Hortela-300x225.jpg.avif\" class=\"attachment-medium size-medium wp-image-4604\" alt=\"Aprenda a Plantar Hortel\u00e3\" srcset=\"https:\/\/culinariasemlactose.com\/curiosidades\/wp-content\/smush-avif\/2025\/07\/Aprenda-a-Plantar-Hortela-300x225.jpg.avif 300w, https:\/\/culinariasemlactose.com\/curiosidades\/wp-content\/smush-avif\/2025\/07\/Aprenda-a-Plantar-Hortela-1024x768.jpg.avif 1024w, https:\/\/culinariasemlactose.com\/curiosidades\/wp-content\/smush-avif\/2025\/07\/Aprenda-a-Plantar-Hortela-768x576.jpg.avif 768w, https:\/\/culinariasemlactose.com\/curiosidades\/wp-content\/smush-avif\/2025\/07\/Aprenda-a-Plantar-Hortela.jpg.avif 1200w\" sizes=\"(max-width: 300px) 100vw, 300px\" data-smush-avif-fallback=\"{&quot;src&quot;:&quot;https:\\\/\\\/culinariasemlactose.com\\\/curiosidades\\\/wp-content\\\/uploads\\\/2025\\\/07\\\/Aprenda-a-Plantar-Hortela-300x225.jpg&quot;,&quot;srcset&quot;:&quot;https:\\\/\\\/culinariasemlactose.com\\\/curiosidades\\\/wp-content\\\/uploads\\\/2025\\\/07\\\/Aprenda-a-Plantar-Hortela-300x225.jpg 300w, https:\\\/\\\/culinariasemlactose.com\\\/curiosidades\\\/wp-content\\\/uploads\\\/2025\\\/07\\\/Aprenda-a-Plantar-Hortela-1024x768.jpg 1024w, https:\\\/\\\/culinariasemlactose.com\\\/curiosidades\\\/wp-content\\\/uploads\\\/2025\\\/07\\\/Aprenda-a-Plantar-Hortela-768x576.jpg 768w, https:\\\/\\\/culinariasemlactose.com\\\/curiosidades\\\/wp-content\\\/uploads\\\/2025\\\/07\\\/Aprenda-a-Plantar-Hortela.jpg 1200w&quot;}\" \/><\/div>\n\t\t<\/a>\n\t\t\t\t<div class=\"elementor-post__text\">\n\t\t\t\t<h3 class=\"elementor-post__title\">\n\t\t\t<a href=\"https:\/\/culinariasemlactose.com\/curiosidades\/aprenda-a-plantar-hortela\/\">\n\t\t\t\tAprenda a Plantar Hortel\u00e3 e Tenha Frescor Sempre \u00e0 M\u00e3o\t\t\t<\/a>\n\t\t<\/h3>\n\t\t\t\t<\/div>\n\t\t\t\t<\/article>\n\t\t\t\t<article class=\"elementor-post elementor-grid-item post-4563 post type-post status-publish format-standard has-post-thumbnail hentry category-curiosidades-da-culinaria category-saude\" role=\"listitem\">\n\t\t\t\t<a class=\"elementor-post__thumbnail__link\" href=\"https:\/\/culinariasemlactose.com\/curiosidades\/temperos-naturais\/\" tabindex=\"-1\">\n\t\t\t<div class=\"elementor-post__thumbnail\"><img loading=\"lazy\" decoding=\"async\" width=\"300\" height=\"225\" src=\"https:\/\/culinariasemlactose.com\/curiosidades\/wp-content\/smush-avif\/2025\/07\/Temperos-Naturais-Que-Nao-Podem-Faltar-300x225.png.avif\" class=\"attachment-medium size-medium wp-image-4575\" alt=\"Temperos Naturais\" srcset=\"https:\/\/culinariasemlactose.com\/curiosidades\/wp-content\/smush-avif\/2025\/07\/Temperos-Naturais-Que-Nao-Podem-Faltar-300x225.png.avif 300w, https:\/\/culinariasemlactose.com\/curiosidades\/wp-content\/smush-avif\/2025\/07\/Temperos-Naturais-Que-Nao-Podem-Faltar-1024x768.png.avif 1024w, https:\/\/culinariasemlactose.com\/curiosidades\/wp-content\/smush-avif\/2025\/07\/Temperos-Naturais-Que-Nao-Podem-Faltar-768x576.png.avif 768w, https:\/\/culinariasemlactose.com\/curiosidades\/wp-content\/smush-avif\/2025\/07\/Temperos-Naturais-Que-Nao-Podem-Faltar.png.avif 1200w\" sizes=\"(max-width: 300px) 100vw, 300px\" data-smush-avif-fallback=\"{&quot;src&quot;:&quot;https:\\\/\\\/culinariasemlactose.com\\\/curiosidades\\\/wp-content\\\/uploads\\\/2025\\\/07\\\/Temperos-Naturais-Que-Nao-Podem-Faltar-300x225.png&quot;,&quot;srcset&quot;:&quot;https:\\\/\\\/culinariasemlactose.com\\\/curiosidades\\\/wp-content\\\/uploads\\\/2025\\\/07\\\/Temperos-Naturais-Que-Nao-Podem-Faltar-300x225.png 300w, https:\\\/\\\/culinariasemlactose.com\\\/curiosidades\\\/wp-content\\\/uploads\\\/2025\\\/07\\\/Temperos-Naturais-Que-Nao-Podem-Faltar-1024x768.png 1024w, https:\\\/\\\/culinariasemlactose.com\\\/curiosidades\\\/wp-content\\\/uploads\\\/2025\\\/07\\\/Temperos-Naturais-Que-Nao-Podem-Faltar-768x576.png 768w, https:\\\/\\\/culinariasemlactose.com\\\/curiosidades\\\/wp-content\\\/uploads\\\/2025\\\/07\\\/Temperos-Naturais-Que-Nao-Podem-Faltar.png 1200w&quot;}\" \/><\/div>\n\t\t<\/a>\n\t\t\t\t<div class=\"elementor-post__text\">\n\t\t\t\t<h3 class=\"elementor-post__title\">\n\t\t\t<a href=\"https:\/\/culinariasemlactose.com\/curiosidades\/temperos-naturais\/\">\n\t\t\t\tTemperos Naturais Que N\u00e3o Podem Faltar Na Sua Cozinha\t\t\t<\/a>\n\t\t<\/h3>\n\t\t\t\t<\/div>\n\t\t\t\t<\/article>\n\t\t\t\t<article class=\"elementor-post elementor-grid-item post-4536 post type-post status-publish format-standard has-post-thumbnail hentry category-dicas-de-horta category-curiosidades-da-culinaria\" role=\"listitem\">\n\t\t\t\t<a class=\"elementor-post__thumbnail__link\" href=\"https:\/\/culinariasemlactose.com\/curiosidades\/horta-em-casa-primeiro-passo\/\" tabindex=\"-1\">\n\t\t\t<div class=\"elementor-post__thumbnail\"><img loading=\"lazy\" decoding=\"async\" width=\"300\" height=\"225\" src=\"https:\/\/culinariasemlactose.com\/curiosidades\/wp-content\/smush-avif\/2025\/07\/Horta-em-Casa-Primeiro-Passo-300x225.jpg.avif\" class=\"attachment-medium size-medium wp-image-4546\" alt=\"Horta em Casa: Primeiro Passo\" srcset=\"https:\/\/culinariasemlactose.com\/curiosidades\/wp-content\/smush-avif\/2025\/07\/Horta-em-Casa-Primeiro-Passo-300x225.jpg.avif 300w, https:\/\/culinariasemlactose.com\/curiosidades\/wp-content\/smush-avif\/2025\/07\/Horta-em-Casa-Primeiro-Passo-1024x768.jpg.avif 1024w, https:\/\/culinariasemlactose.com\/curiosidades\/wp-content\/smush-avif\/2025\/07\/Horta-em-Casa-Primeiro-Passo-768x576.jpg.avif 768w, https:\/\/culinariasemlactose.com\/curiosidades\/wp-content\/smush-avif\/2025\/07\/Horta-em-Casa-Primeiro-Passo.jpg.avif 1200w\" sizes=\"(max-width: 300px) 100vw, 300px\" data-smush-avif-fallback=\"{&quot;src&quot;:&quot;https:\\\/\\\/culinariasemlactose.com\\\/curiosidades\\\/wp-content\\\/uploads\\\/2025\\\/07\\\/Horta-em-Casa-Primeiro-Passo-300x225.jpg&quot;,&quot;srcset&quot;:&quot;https:\\\/\\\/culinariasemlactose.com\\\/curiosidades\\\/wp-content\\\/uploads\\\/2025\\\/07\\\/Horta-em-Casa-Primeiro-Passo-300x225.jpg 300w, https:\\\/\\\/culinariasemlactose.com\\\/curiosidades\\\/wp-content\\\/uploads\\\/2025\\\/07\\\/Horta-em-Casa-Primeiro-Passo-1024x768.jpg 1024w, https:\\\/\\\/culinariasemlactose.com\\\/curiosidades\\\/wp-content\\\/uploads\\\/2025\\\/07\\\/Horta-em-Casa-Primeiro-Passo-768x576.jpg 768w, https:\\\/\\\/culinariasemlactose.com\\\/curiosidades\\\/wp-content\\\/uploads\\\/2025\\\/07\\\/Horta-em-Casa-Primeiro-Passo.jpg 1200w&quot;}\" \/><\/div>\n\t\t<\/a>\n\t\t\t\t<div class=\"elementor-post__text\">\n\t\t\t\t<h3 class=\"elementor-post__title\">\n\t\t\t<a href=\"https:\/\/culinariasemlactose.com\/curiosidades\/horta-em-casa-primeiro-passo\/\">\n\t\t\t\tHorta em Casa: Primeiro Passo para Quem est\u00e1 Come\u00e7ando\t\t\t<\/a>\n\t\t<\/h3>\n\t\t\t\t<\/div>\n\t\t\t\t<\/article>\n\t\t\t\t<article class=\"elementor-post elementor-grid-item post-4382 post type-post status-publish format-standard has-post-thumbnail hentry category-saude category-curiosidades-da-culinaria\" role=\"listitem\">\n\t\t\t\t<a class=\"elementor-post__thumbnail__link\" href=\"https:\/\/culinariasemlactose.com\/curiosidades\/laranja-ou-limao-qual-e-melhor-pra-saude\/\" tabindex=\"-1\">\n\t\t\t<div class=\"elementor-post__thumbnail\"><img loading=\"lazy\" decoding=\"async\" width=\"300\" height=\"225\" src=\"https:\/\/culinariasemlactose.com\/curiosidades\/wp-content\/smush-avif\/2025\/06\/Laranja-ou-Limao-Qual-e-Melhor-pra-Saude-300x225.jpg.avif\" class=\"attachment-medium size-medium wp-image-4390\" alt=\"Laranja ou Lim\u00e3o, Qual \u00e9 Melhor pra Sa\u00fade?\" srcset=\"https:\/\/culinariasemlactose.com\/curiosidades\/wp-content\/smush-avif\/2025\/06\/Laranja-ou-Limao-Qual-e-Melhor-pra-Saude-300x225.jpg.avif 300w, https:\/\/culinariasemlactose.com\/curiosidades\/wp-content\/smush-avif\/2025\/06\/Laranja-ou-Limao-Qual-e-Melhor-pra-Saude-1024x768.jpg.avif 1024w, https:\/\/culinariasemlactose.com\/curiosidades\/wp-content\/smush-avif\/2025\/06\/Laranja-ou-Limao-Qual-e-Melhor-pra-Saude-768x576.jpg.avif 768w, https:\/\/culinariasemlactose.com\/curiosidades\/wp-content\/smush-avif\/2025\/06\/Laranja-ou-Limao-Qual-e-Melhor-pra-Saude.jpg.avif 1200w\" sizes=\"(max-width: 300px) 100vw, 300px\" data-smush-avif-fallback=\"{&quot;src&quot;:&quot;https:\\\/\\\/culinariasemlactose.com\\\/curiosidades\\\/wp-content\\\/uploads\\\/2025\\\/06\\\/Laranja-ou-Limao-Qual-e-Melhor-pra-Saude-300x225.jpg&quot;,&quot;srcset&quot;:&quot;https:\\\/\\\/culinariasemlactose.com\\\/curiosidades\\\/wp-content\\\/uploads\\\/2025\\\/06\\\/Laranja-ou-Limao-Qual-e-Melhor-pra-Saude-300x225.jpg 300w, https:\\\/\\\/culinariasemlactose.com\\\/curiosidades\\\/wp-content\\\/uploads\\\/2025\\\/06\\\/Laranja-ou-Limao-Qual-e-Melhor-pra-Saude-1024x768.jpg 1024w, https:\\\/\\\/culinariasemlactose.com\\\/curiosidades\\\/wp-content\\\/uploads\\\/2025\\\/06\\\/Laranja-ou-Limao-Qual-e-Melhor-pra-Saude-768x576.jpg 768w, https:\\\/\\\/culinariasemlactose.com\\\/curiosidades\\\/wp-content\\\/uploads\\\/2025\\\/06\\\/Laranja-ou-Limao-Qual-e-Melhor-pra-Saude.jpg 1200w&quot;}\" \/><\/div>\n\t\t<\/a>\n\t\t\t\t<div class=\"elementor-post__text\">\n\t\t\t\t<h3 class=\"elementor-post__title\">\n\t\t\t<a href=\"https:\/\/culinariasemlactose.com\/curiosidades\/laranja-ou-limao-qual-e-melhor-pra-saude\/\">\n\t\t\t\tLaranja ou Lim\u00e3o, Qual \u00e9 Melhor pra Saude?\t\t\t<\/a>\n\t\t<\/h3>\n\t\t\t\t<\/div>\n\t\t\t\t<\/article>\n\t\t\t\t<article class=\"elementor-post elementor-grid-item post-4353 post type-post status-publish format-standard has-post-thumbnail hentry category-historia category-curiosidades-da-culinaria\" role=\"listitem\">\n\t\t\t\t<a class=\"elementor-post__thumbnail__link\" href=\"https:\/\/culinariasemlactose.com\/curiosidades\/historia-da-festa-junina\/\" tabindex=\"-1\">\n\t\t\t<div class=\"elementor-post__thumbnail\"><img loading=\"lazy\" decoding=\"async\" width=\"300\" height=\"225\" src=\"https:\/\/culinariasemlactose.com\/curiosidades\/wp-content\/smush-avif\/2025\/06\/Historia-da-Festa-Junina-300x225.jpg.avif\" class=\"attachment-medium size-medium wp-image-4358\" alt=\"Historia da Festa Junina no Brasil\" srcset=\"https:\/\/culinariasemlactose.com\/curiosidades\/wp-content\/smush-avif\/2025\/06\/Historia-da-Festa-Junina-300x225.jpg.avif 300w, https:\/\/culinariasemlactose.com\/curiosidades\/wp-content\/smush-avif\/2025\/06\/Historia-da-Festa-Junina-1024x768.jpg.avif 1024w, https:\/\/culinariasemlactose.com\/curiosidades\/wp-content\/smush-avif\/2025\/06\/Historia-da-Festa-Junina-768x576.jpg.avif 768w, https:\/\/culinariasemlactose.com\/curiosidades\/wp-content\/smush-avif\/2025\/06\/Historia-da-Festa-Junina.jpg.avif 1200w\" sizes=\"(max-width: 300px) 100vw, 300px\" data-smush-avif-fallback=\"{&quot;src&quot;:&quot;https:\\\/\\\/culinariasemlactose.com\\\/curiosidades\\\/wp-content\\\/uploads\\\/2025\\\/06\\\/Historia-da-Festa-Junina-300x225.jpg&quot;,&quot;srcset&quot;:&quot;https:\\\/\\\/culinariasemlactose.com\\\/curiosidades\\\/wp-content\\\/uploads\\\/2025\\\/06\\\/Historia-da-Festa-Junina-300x225.jpg 300w, https:\\\/\\\/culinariasemlactose.com\\\/curiosidades\\\/wp-content\\\/uploads\\\/2025\\\/06\\\/Historia-da-Festa-Junina-1024x768.jpg 1024w, https:\\\/\\\/culinariasemlactose.com\\\/curiosidades\\\/wp-content\\\/uploads\\\/2025\\\/06\\\/Historia-da-Festa-Junina-768x576.jpg 768w, https:\\\/\\\/culinariasemlactose.com\\\/curiosidades\\\/wp-content\\\/uploads\\\/2025\\\/06\\\/Historia-da-Festa-Junina.jpg 1200w&quot;}\" \/><\/div>\n\t\t<\/a>\n\t\t\t\t<div class=\"elementor-post__text\">\n\t\t\t\t<h3 class=\"elementor-post__title\">\n\t\t\t<a href=\"https:\/\/culinariasemlactose.com\/curiosidades\/historia-da-festa-junina\/\">\n\t\t\t\tConhe\u00e7a a Historia da Festa Junina no Brasil: Tradi\u00e7\u00f5es\t\t\t<\/a>\n\t\t<\/h3>\n\t\t\t\t<\/div>\n\t\t\t\t<\/article>\n\t\t\t\t<article class=\"elementor-post elementor-grid-item post-3336 post type-post status-publish format-standard has-post-thumbnail hentry category-curiosidades-da-culinaria\" role=\"listitem\">\n\t\t\t\t<a class=\"elementor-post__thumbnail__link\" href=\"https:\/\/culinariasemlactose.com\/curiosidades\/que-e-temperagem-do-chocolate\/\" tabindex=\"-1\">\n\t\t\t<div class=\"elementor-post__thumbnail\"><img loading=\"lazy\" decoding=\"async\" width=\"300\" height=\"225\" src=\"https:\/\/culinariasemlactose.com\/curiosidades\/wp-content\/smush-avif\/2025\/05\/Temperagem-do-Chocolate-300x225.jpg.avif\" class=\"attachment-medium size-medium wp-image-3527\" alt=\"Temperagem do Chocolate\" srcset=\"https:\/\/culinariasemlactose.com\/curiosidades\/wp-content\/smush-avif\/2025\/05\/Temperagem-do-Chocolate-300x225.jpg.avif 300w, https:\/\/culinariasemlactose.com\/curiosidades\/wp-content\/smush-avif\/2025\/05\/Temperagem-do-Chocolate-1024x768.jpg.avif 1024w, https:\/\/culinariasemlactose.com\/curiosidades\/wp-content\/smush-avif\/2025\/05\/Temperagem-do-Chocolate-768x576.jpg.avif 768w, https:\/\/culinariasemlactose.com\/curiosidades\/wp-content\/smush-avif\/2025\/05\/Temperagem-do-Chocolate.jpg.avif 1200w\" sizes=\"(max-width: 300px) 100vw, 300px\" data-smush-avif-fallback=\"{&quot;src&quot;:&quot;https:\\\/\\\/culinariasemlactose.com\\\/curiosidades\\\/wp-content\\\/uploads\\\/2025\\\/05\\\/Temperagem-do-Chocolate-300x225.jpg&quot;,&quot;srcset&quot;:&quot;https:\\\/\\\/culinariasemlactose.com\\\/curiosidades\\\/wp-content\\\/uploads\\\/2025\\\/05\\\/Temperagem-do-Chocolate-300x225.jpg 300w, https:\\\/\\\/culinariasemlactose.com\\\/curiosidades\\\/wp-content\\\/uploads\\\/2025\\\/05\\\/Temperagem-do-Chocolate-1024x768.jpg 1024w, https:\\\/\\\/culinariasemlactose.com\\\/curiosidades\\\/wp-content\\\/uploads\\\/2025\\\/05\\\/Temperagem-do-Chocolate-768x576.jpg 768w, https:\\\/\\\/culinariasemlactose.com\\\/curiosidades\\\/wp-content\\\/uploads\\\/2025\\\/05\\\/Temperagem-do-Chocolate.jpg 1200w&quot;}\" \/><\/div>\n\t\t<\/a>\n\t\t\t\t<div class=\"elementor-post__text\">\n\t\t\t\t<h3 class=\"elementor-post__title\">\n\t\t\t<a href=\"https:\/\/culinariasemlactose.com\/curiosidades\/que-e-temperagem-do-chocolate\/\">\n\t\t\t\tO Que \u00e9 Temperagem do Chocolate e Como Fazer em Casa\t\t\t<\/a>\n\t\t<\/h3>\n\t\t\t\t<\/div>\n\t\t\t\t<\/article>\n\t\t\t\t<article class=\"elementor-post elementor-grid-item post-3158 post type-post status-publish format-standard has-post-thumbnail hentry category-curiosidades-da-culinaria category-compras\" role=\"listitem\">\n\t\t\t\t<a class=\"elementor-post__thumbnail__link\" href=\"https:\/\/culinariasemlactose.com\/curiosidades\/mini-liquidificador-portatil\/\" tabindex=\"-1\">\n\t\t\t<div class=\"elementor-post__thumbnail\"><img loading=\"lazy\" decoding=\"async\" width=\"300\" height=\"225\" src=\"https:\/\/culinariasemlactose.com\/curiosidades\/wp-content\/smush-avif\/2025\/04\/Mini-Liquidificador-Portatil-Multifuncional-Praticidade-e-Versatilidade-300x225.jpg.avif\" class=\"attachment-medium size-medium wp-image-3274\" alt=\"Mini Liquidificador Port\u00e1til Multifuncional\" srcset=\"https:\/\/culinariasemlactose.com\/curiosidades\/wp-content\/smush-avif\/2025\/04\/Mini-Liquidificador-Portatil-Multifuncional-Praticidade-e-Versatilidade-300x225.jpg.avif 300w, https:\/\/culinariasemlactose.com\/curiosidades\/wp-content\/smush-avif\/2025\/04\/Mini-Liquidificador-Portatil-Multifuncional-Praticidade-e-Versatilidade-1024x768.jpg.avif 1024w, https:\/\/culinariasemlactose.com\/curiosidades\/wp-content\/smush-avif\/2025\/04\/Mini-Liquidificador-Portatil-Multifuncional-Praticidade-e-Versatilidade-768x576.jpg.avif 768w, https:\/\/culinariasemlactose.com\/curiosidades\/wp-content\/smush-avif\/2025\/04\/Mini-Liquidificador-Portatil-Multifuncional-Praticidade-e-Versatilidade.jpg.avif 1200w\" sizes=\"(max-width: 300px) 100vw, 300px\" data-smush-avif-fallback=\"{&quot;src&quot;:&quot;https:\\\/\\\/culinariasemlactose.com\\\/curiosidades\\\/wp-content\\\/uploads\\\/2025\\\/04\\\/Mini-Liquidificador-Portatil-Multifuncional-Praticidade-e-Versatilidade-300x225.jpg&quot;,&quot;srcset&quot;:&quot;https:\\\/\\\/culinariasemlactose.com\\\/curiosidades\\\/wp-content\\\/uploads\\\/2025\\\/04\\\/Mini-Liquidificador-Portatil-Multifuncional-Praticidade-e-Versatilidade-300x225.jpg 300w, https:\\\/\\\/culinariasemlactose.com\\\/curiosidades\\\/wp-content\\\/uploads\\\/2025\\\/04\\\/Mini-Liquidificador-Portatil-Multifuncional-Praticidade-e-Versatilidade-1024x768.jpg 1024w, https:\\\/\\\/culinariasemlactose.com\\\/curiosidades\\\/wp-content\\\/uploads\\\/2025\\\/04\\\/Mini-Liquidificador-Portatil-Multifuncional-Praticidade-e-Versatilidade-768x576.jpg 768w, https:\\\/\\\/culinariasemlactose.com\\\/curiosidades\\\/wp-content\\\/uploads\\\/2025\\\/04\\\/Mini-Liquidificador-Portatil-Multifuncional-Praticidade-e-Versatilidade.jpg 1200w&quot;}\" \/><\/div>\n\t\t<\/a>\n\t\t\t\t<div class=\"elementor-post__text\">\n\t\t\t\t<h3 class=\"elementor-post__title\">\n\t\t\t<a href=\"https:\/\/culinariasemlactose.com\/curiosidades\/mini-liquidificador-portatil\/\">\n\t\t\t\tMini Liquidificador Port\u00e1til Multifuncional: Praticidade e Versatilidade\t\t\t<\/a>\n\t\t<\/h3>\n\t\t\t\t<\/div>\n\t\t\t\t<\/article>\n\t\t\t\t<article class=\"elementor-post elementor-grid-item post-3164 post type-post status-publish format-standard has-post-thumbnail hentry category-curiosidades-da-culinaria category-compras\" role=\"listitem\">\n\t\t\t\t<a class=\"elementor-post__thumbnail__link\" href=\"https:\/\/culinariasemlactose.com\/curiosidades\/escova-de-silicone-multiuso\/\" tabindex=\"-1\">\n\t\t\t<div class=\"elementor-post__thumbnail\"><img loading=\"lazy\" decoding=\"async\" width=\"300\" height=\"225\" src=\"https:\/\/culinariasemlactose.com\/curiosidades\/wp-content\/smush-avif\/2025\/04\/Escova-de-Silicone-Multiuso-A-Solucao-Ideal-para-uma-Limpeza-Impecavel-300x225.jpg.avif\" class=\"attachment-medium size-medium wp-image-3236\" alt=\"Escova de Silicone Multiuso\" srcset=\"https:\/\/culinariasemlactose.com\/curiosidades\/wp-content\/smush-avif\/2025\/04\/Escova-de-Silicone-Multiuso-A-Solucao-Ideal-para-uma-Limpeza-Impecavel-300x225.jpg.avif 300w, https:\/\/culinariasemlactose.com\/curiosidades\/wp-content\/smush-avif\/2025\/04\/Escova-de-Silicone-Multiuso-A-Solucao-Ideal-para-uma-Limpeza-Impecavel-1024x768.jpg.avif 1024w, https:\/\/culinariasemlactose.com\/curiosidades\/wp-content\/smush-avif\/2025\/04\/Escova-de-Silicone-Multiuso-A-Solucao-Ideal-para-uma-Limpeza-Impecavel-768x576.jpg.avif 768w, https:\/\/culinariasemlactose.com\/curiosidades\/wp-content\/smush-avif\/2025\/04\/Escova-de-Silicone-Multiuso-A-Solucao-Ideal-para-uma-Limpeza-Impecavel.jpg.avif 1200w\" sizes=\"(max-width: 300px) 100vw, 300px\" data-smush-avif-fallback=\"{&quot;src&quot;:&quot;https:\\\/\\\/culinariasemlactose.com\\\/curiosidades\\\/wp-content\\\/uploads\\\/2025\\\/04\\\/Escova-de-Silicone-Multiuso-A-Solucao-Ideal-para-uma-Limpeza-Impecavel-300x225.jpg&quot;,&quot;srcset&quot;:&quot;https:\\\/\\\/culinariasemlactose.com\\\/curiosidades\\\/wp-content\\\/uploads\\\/2025\\\/04\\\/Escova-de-Silicone-Multiuso-A-Solucao-Ideal-para-uma-Limpeza-Impecavel-300x225.jpg 300w, https:\\\/\\\/culinariasemlactose.com\\\/curiosidades\\\/wp-content\\\/uploads\\\/2025\\\/04\\\/Escova-de-Silicone-Multiuso-A-Solucao-Ideal-para-uma-Limpeza-Impecavel-1024x768.jpg 1024w, https:\\\/\\\/culinariasemlactose.com\\\/curiosidades\\\/wp-content\\\/uploads\\\/2025\\\/04\\\/Escova-de-Silicone-Multiuso-A-Solucao-Ideal-para-uma-Limpeza-Impecavel-768x576.jpg 768w, https:\\\/\\\/culinariasemlactose.com\\\/curiosidades\\\/wp-content\\\/uploads\\\/2025\\\/04\\\/Escova-de-Silicone-Multiuso-A-Solucao-Ideal-para-uma-Limpeza-Impecavel.jpg 1200w&quot;}\" \/><\/div>\n\t\t<\/a>\n\t\t\t\t<div class=\"elementor-post__text\">\n\t\t\t\t<h3 class=\"elementor-post__title\">\n\t\t\t<a href=\"https:\/\/culinariasemlactose.com\/curiosidades\/escova-de-silicone-multiuso\/\">\n\t\t\t\tEscova de Silicone Multiuso: A Solu\u00e7\u00e3o Ideal para uma Limpeza Impec\u00e1vel de Mamadeiras a Garrafas!\t\t\t<\/a>\n\t\t<\/h3>\n\t\t\t\t<\/div>\n\t\t\t\t<\/article>\n\t\t\t\t<article class=\"elementor-post elementor-grid-item post-2668 post type-post status-publish format-standard has-post-thumbnail hentry category-saude category-curiosidades-da-culinaria\" role=\"listitem\">\n\t\t\t\t<a class=\"elementor-post__thumbnail__link\" href=\"https:\/\/culinariasemlactose.com\/curiosidades\/teste-de-intolerancia-a-lactose\/\" tabindex=\"-1\">\n\t\t\t<div class=\"elementor-post__thumbnail\"><img loading=\"lazy\" decoding=\"async\" width=\"300\" height=\"225\" src=\"https:\/\/culinariasemlactose.com\/curiosidades\/wp-content\/smush-avif\/2024\/11\/Como-Funciona-o-Teste-de-Intolerancia-a-Lactose-300x225.jpg.avif\" class=\"attachment-medium size-medium wp-image-2684\" alt=\"Teste de Intoler\u00e2ncia \u00e0 Lactose\" srcset=\"https:\/\/culinariasemlactose.com\/curiosidades\/wp-content\/smush-avif\/2024\/11\/Como-Funciona-o-Teste-de-Intolerancia-a-Lactose-300x225.jpg.avif 300w, https:\/\/culinariasemlactose.com\/curiosidades\/wp-content\/smush-avif\/2024\/11\/Como-Funciona-o-Teste-de-Intolerancia-a-Lactose-1024x768.jpg.avif 1024w, https:\/\/culinariasemlactose.com\/curiosidades\/wp-content\/smush-avif\/2024\/11\/Como-Funciona-o-Teste-de-Intolerancia-a-Lactose-768x576.jpg.avif 768w, https:\/\/culinariasemlactose.com\/curiosidades\/wp-content\/smush-avif\/2024\/11\/Como-Funciona-o-Teste-de-Intolerancia-a-Lactose-150x113.jpg.avif 150w, https:\/\/culinariasemlactose.com\/curiosidades\/wp-content\/smush-avif\/2024\/11\/Como-Funciona-o-Teste-de-Intolerancia-a-Lactose.jpg.avif 1200w\" sizes=\"(max-width: 300px) 100vw, 300px\" data-smush-avif-fallback=\"{&quot;src&quot;:&quot;https:\\\/\\\/culinariasemlactose.com\\\/curiosidades\\\/wp-content\\\/uploads\\\/2024\\\/11\\\/Como-Funciona-o-Teste-de-Intolerancia-a-Lactose-300x225.jpg&quot;,&quot;srcset&quot;:&quot;https:\\\/\\\/culinariasemlactose.com\\\/curiosidades\\\/wp-content\\\/uploads\\\/2024\\\/11\\\/Como-Funciona-o-Teste-de-Intolerancia-a-Lactose-300x225.jpg 300w, https:\\\/\\\/culinariasemlactose.com\\\/curiosidades\\\/wp-content\\\/uploads\\\/2024\\\/11\\\/Como-Funciona-o-Teste-de-Intolerancia-a-Lactose-1024x768.jpg 1024w, https:\\\/\\\/culinariasemlactose.com\\\/curiosidades\\\/wp-content\\\/uploads\\\/2024\\\/11\\\/Como-Funciona-o-Teste-de-Intolerancia-a-Lactose-768x576.jpg 768w, https:\\\/\\\/culinariasemlactose.com\\\/curiosidades\\\/wp-content\\\/uploads\\\/2024\\\/11\\\/Como-Funciona-o-Teste-de-Intolerancia-a-Lactose-150x113.jpg 150w, https:\\\/\\\/culinariasemlactose.com\\\/curiosidades\\\/wp-content\\\/uploads\\\/2024\\\/11\\\/Como-Funciona-o-Teste-de-Intolerancia-a-Lactose.jpg 1200w&quot;}\" \/><\/div>\n\t\t<\/a>\n\t\t\t\t<div class=\"elementor-post__text\">\n\t\t\t\t<h3 class=\"elementor-post__title\">\n\t\t\t<a href=\"https:\/\/culinariasemlactose.com\/curiosidades\/teste-de-intolerancia-a-lactose\/\">\n\t\t\t\tDescubra Como Funciona o Teste de Intoler\u00e2ncia \u00e0 Lactose\t\t\t<\/a>\n\t\t<\/h3>\n\t\t\t\t<\/div>\n\t\t\t\t<\/article>\n\t\t\t\t<article class=\"elementor-post elementor-grid-item post-2663 post type-post status-publish format-standard has-post-thumbnail hentry category-saude category-curiosidades-da-culinaria\" role=\"listitem\">\n\t\t\t\t<a class=\"elementor-post__thumbnail__link\" href=\"https:\/\/culinariasemlactose.com\/curiosidades\/diagnostico-da-intolerancia-a-lactose\/\" tabindex=\"-1\">\n\t\t\t<div class=\"elementor-post__thumbnail\"><img loading=\"lazy\" decoding=\"async\" width=\"300\" height=\"225\" src=\"https:\/\/culinariasemlactose.com\/curiosidades\/wp-content\/smush-avif\/2024\/11\/Metodos-de-Diagnostico-da-Intolerancia-a-Lactose-300x225.jpg.avif\" class=\"attachment-medium size-medium wp-image-2688\" alt=\"Diagn\u00f3stico da Intoler\u00e2ncia \u00e0 Lactose\" srcset=\"https:\/\/culinariasemlactose.com\/curiosidades\/wp-content\/smush-avif\/2024\/11\/Metodos-de-Diagnostico-da-Intolerancia-a-Lactose-300x225.jpg.avif 300w, https:\/\/culinariasemlactose.com\/curiosidades\/wp-content\/smush-avif\/2024\/11\/Metodos-de-Diagnostico-da-Intolerancia-a-Lactose-1024x768.jpg.avif 1024w, https:\/\/culinariasemlactose.com\/curiosidades\/wp-content\/smush-avif\/2024\/11\/Metodos-de-Diagnostico-da-Intolerancia-a-Lactose-768x576.jpg.avif 768w, https:\/\/culinariasemlactose.com\/curiosidades\/wp-content\/smush-avif\/2024\/11\/Metodos-de-Diagnostico-da-Intolerancia-a-Lactose-150x113.jpg.avif 150w, https:\/\/culinariasemlactose.com\/curiosidades\/wp-content\/smush-avif\/2024\/11\/Metodos-de-Diagnostico-da-Intolerancia-a-Lactose.jpg.avif 1200w\" sizes=\"(max-width: 300px) 100vw, 300px\" data-smush-avif-fallback=\"{&quot;src&quot;:&quot;https:\\\/\\\/culinariasemlactose.com\\\/curiosidades\\\/wp-content\\\/uploads\\\/2024\\\/11\\\/Metodos-de-Diagnostico-da-Intolerancia-a-Lactose-300x225.jpg&quot;,&quot;srcset&quot;:&quot;https:\\\/\\\/culinariasemlactose.com\\\/curiosidades\\\/wp-content\\\/uploads\\\/2024\\\/11\\\/Metodos-de-Diagnostico-da-Intolerancia-a-Lactose-300x225.jpg 300w, https:\\\/\\\/culinariasemlactose.com\\\/curiosidades\\\/wp-content\\\/uploads\\\/2024\\\/11\\\/Metodos-de-Diagnostico-da-Intolerancia-a-Lactose-1024x768.jpg 1024w, https:\\\/\\\/culinariasemlactose.com\\\/curiosidades\\\/wp-content\\\/uploads\\\/2024\\\/11\\\/Metodos-de-Diagnostico-da-Intolerancia-a-Lactose-768x576.jpg 768w, https:\\\/\\\/culinariasemlactose.com\\\/curiosidades\\\/wp-content\\\/uploads\\\/2024\\\/11\\\/Metodos-de-Diagnostico-da-Intolerancia-a-Lactose-150x113.jpg 150w, https:\\\/\\\/culinariasemlactose.com\\\/curiosidades\\\/wp-content\\\/uploads\\\/2024\\\/11\\\/Metodos-de-Diagnostico-da-Intolerancia-a-Lactose.jpg 1200w&quot;}\" \/><\/div>\n\t\t<\/a>\n\t\t\t\t<div class=\"elementor-post__text\">\n\t\t\t\t<h3 class=\"elementor-post__title\">\n\t\t\t<a href=\"https:\/\/culinariasemlactose.com\/curiosidades\/diagnostico-da-intolerancia-a-lactose\/\">\n\t\t\t\tM\u00e9todos de Diagn\u00f3stico da Intoler\u00e2ncia \u00e0 Lactose: O Que Saber\t\t\t<\/a>\n\t\t<\/h3>\n\t\t\t\t<\/div>\n\t\t\t\t<\/article>\n\t\t\t\t<article class=\"elementor-post elementor-grid-item post-2625 post type-post status-publish format-standard has-post-thumbnail hentry category-saude category-curiosidades-da-culinaria\" role=\"listitem\">\n\t\t\t\t<a class=\"elementor-post__thumbnail__link\" href=\"https:\/\/culinariasemlactose.com\/curiosidades\/sintomas-da-intolerancia-a-lactose\/\" tabindex=\"-1\">\n\t\t\t<div class=\"elementor-post__thumbnail\"><img loading=\"lazy\" decoding=\"async\" width=\"300\" height=\"225\" src=\"https:\/\/culinariasemlactose.com\/curiosidades\/wp-content\/smush-avif\/2024\/11\/Principais-Sintomas-da-Intolerancia-a-Lactose-e-Como-Reconhece-los-300x225.jpg.avif\" class=\"attachment-medium size-medium wp-image-2651\" alt=\"Sintomas da Intoler\u00e2ncia \u00e0 Lactose\" srcset=\"https:\/\/culinariasemlactose.com\/curiosidades\/wp-content\/smush-avif\/2024\/11\/Principais-Sintomas-da-Intolerancia-a-Lactose-e-Como-Reconhece-los-300x225.jpg.avif 300w, https:\/\/culinariasemlactose.com\/curiosidades\/wp-content\/smush-avif\/2024\/11\/Principais-Sintomas-da-Intolerancia-a-Lactose-e-Como-Reconhece-los-1024x768.jpg.avif 1024w, https:\/\/culinariasemlactose.com\/curiosidades\/wp-content\/smush-avif\/2024\/11\/Principais-Sintomas-da-Intolerancia-a-Lactose-e-Como-Reconhece-los-768x576.jpg.avif 768w, https:\/\/culinariasemlactose.com\/curiosidades\/wp-content\/smush-avif\/2024\/11\/Principais-Sintomas-da-Intolerancia-a-Lactose-e-Como-Reconhece-los-150x113.jpg.avif 150w, https:\/\/culinariasemlactose.com\/curiosidades\/wp-content\/smush-avif\/2024\/11\/Principais-Sintomas-da-Intolerancia-a-Lactose-e-Como-Reconhece-los.jpg.avif 1200w\" sizes=\"(max-width: 300px) 100vw, 300px\" data-smush-avif-fallback=\"{&quot;src&quot;:&quot;https:\\\/\\\/culinariasemlactose.com\\\/curiosidades\\\/wp-content\\\/uploads\\\/2024\\\/11\\\/Principais-Sintomas-da-Intolerancia-a-Lactose-e-Como-Reconhece-los-300x225.jpg&quot;,&quot;srcset&quot;:&quot;https:\\\/\\\/culinariasemlactose.com\\\/curiosidades\\\/wp-content\\\/uploads\\\/2024\\\/11\\\/Principais-Sintomas-da-Intolerancia-a-Lactose-e-Como-Reconhece-los-300x225.jpg 300w, https:\\\/\\\/culinariasemlactose.com\\\/curiosidades\\\/wp-content\\\/uploads\\\/2024\\\/11\\\/Principais-Sintomas-da-Intolerancia-a-Lactose-e-Como-Reconhece-los-1024x768.jpg 1024w, https:\\\/\\\/culinariasemlactose.com\\\/curiosidades\\\/wp-content\\\/uploads\\\/2024\\\/11\\\/Principais-Sintomas-da-Intolerancia-a-Lactose-e-Como-Reconhece-los-768x576.jpg 768w, https:\\\/\\\/culinariasemlactose.com\\\/curiosidades\\\/wp-content\\\/uploads\\\/2024\\\/11\\\/Principais-Sintomas-da-Intolerancia-a-Lactose-e-Como-Reconhece-los-150x113.jpg 150w, https:\\\/\\\/culinariasemlactose.com\\\/curiosidades\\\/wp-content\\\/uploads\\\/2024\\\/11\\\/Principais-Sintomas-da-Intolerancia-a-Lactose-e-Como-Reconhece-los.jpg 1200w&quot;}\" \/><\/div>\n\t\t<\/a>\n\t\t\t\t<div class=\"elementor-post__text\">\n\t\t\t\t<h3 class=\"elementor-post__title\">\n\t\t\t<a href=\"https:\/\/culinariasemlactose.com\/curiosidades\/sintomas-da-intolerancia-a-lactose\/\">\n\t\t\t\tPrincipais Sintomas da Intoler\u00e2ncia \u00e0 Lactose e Como Reconhec\u00ea-los\t\t\t<\/a>\n\t\t<\/h3>\n\t\t\t\t<\/div>\n\t\t\t\t<\/article>\n\t\t\t\t<article class=\"elementor-post elementor-grid-item post-2620 post type-post status-publish format-standard has-post-thumbnail hentry category-saude category-curiosidades-da-culinaria\" role=\"listitem\">\n\t\t\t\t<a class=\"elementor-post__thumbnail__link\" href=\"https:\/\/culinariasemlactose.com\/curiosidades\/que-e-lactose\/\" tabindex=\"-1\">\n\t\t\t<div class=\"elementor-post__thumbnail\"><img loading=\"lazy\" decoding=\"async\" width=\"300\" height=\"225\" src=\"https:\/\/culinariasemlactose.com\/curiosidades\/wp-content\/smush-avif\/2024\/11\/O-que-e-Lactose-e-Como-Ela-Afeta-a-Digestao-300x225.jpg.avif\" class=\"attachment-medium size-medium wp-image-2633\" alt=\"O que \u00e9 Lactose?\" srcset=\"https:\/\/culinariasemlactose.com\/curiosidades\/wp-content\/smush-avif\/2024\/11\/O-que-e-Lactose-e-Como-Ela-Afeta-a-Digestao-300x225.jpg.avif 300w, https:\/\/culinariasemlactose.com\/curiosidades\/wp-content\/smush-avif\/2024\/11\/O-que-e-Lactose-e-Como-Ela-Afeta-a-Digestao-1024x768.jpg.avif 1024w, https:\/\/culinariasemlactose.com\/curiosidades\/wp-content\/smush-avif\/2024\/11\/O-que-e-Lactose-e-Como-Ela-Afeta-a-Digestao-768x576.jpg.avif 768w, https:\/\/culinariasemlactose.com\/curiosidades\/wp-content\/smush-avif\/2024\/11\/O-que-e-Lactose-e-Como-Ela-Afeta-a-Digestao-150x113.jpg.avif 150w, https:\/\/culinariasemlactose.com\/curiosidades\/wp-content\/smush-avif\/2024\/11\/O-que-e-Lactose-e-Como-Ela-Afeta-a-Digestao.jpg.avif 1200w\" sizes=\"(max-width: 300px) 100vw, 300px\" data-smush-avif-fallback=\"{&quot;src&quot;:&quot;https:\\\/\\\/culinariasemlactose.com\\\/curiosidades\\\/wp-content\\\/uploads\\\/2024\\\/11\\\/O-que-e-Lactose-e-Como-Ela-Afeta-a-Digestao-300x225.jpg&quot;,&quot;srcset&quot;:&quot;https:\\\/\\\/culinariasemlactose.com\\\/curiosidades\\\/wp-content\\\/uploads\\\/2024\\\/11\\\/O-que-e-Lactose-e-Como-Ela-Afeta-a-Digestao-300x225.jpg 300w, https:\\\/\\\/culinariasemlactose.com\\\/curiosidades\\\/wp-content\\\/uploads\\\/2024\\\/11\\\/O-que-e-Lactose-e-Como-Ela-Afeta-a-Digestao-1024x768.jpg 1024w, https:\\\/\\\/culinariasemlactose.com\\\/curiosidades\\\/wp-content\\\/uploads\\\/2024\\\/11\\\/O-que-e-Lactose-e-Como-Ela-Afeta-a-Digestao-768x576.jpg 768w, https:\\\/\\\/culinariasemlactose.com\\\/curiosidades\\\/wp-content\\\/uploads\\\/2024\\\/11\\\/O-que-e-Lactose-e-Como-Ela-Afeta-a-Digestao-150x113.jpg 150w, https:\\\/\\\/culinariasemlactose.com\\\/curiosidades\\\/wp-content\\\/uploads\\\/2024\\\/11\\\/O-que-e-Lactose-e-Como-Ela-Afeta-a-Digestao.jpg 1200w&quot;}\" \/><\/div>\n\t\t<\/a>\n\t\t\t\t<div class=\"elementor-post__text\">\n\t\t\t\t<h3 class=\"elementor-post__title\">\n\t\t\t<a href=\"https:\/\/culinariasemlactose.com\/curiosidades\/que-e-lactose\/\">\n\t\t\t\tO que \u00e9 Lactose e Como Ela Afeta a Digest\u00e3o?\t\t\t<\/a>\n\t\t<\/h3>\n\t\t\t\t<\/div>\n\t\t\t\t<\/article>\n\t\t\t\t<article class=\"elementor-post elementor-grid-item post-2593 post type-post status-publish format-standard has-post-thumbnail hentry category-curiosidades-da-culinaria category-saude\" role=\"listitem\">\n\t\t\t\t<a class=\"elementor-post__thumbnail__link\" href=\"https:\/\/culinariasemlactose.com\/curiosidades\/os-beneficios-do-acai\/\" tabindex=\"-1\">\n\t\t\t<div class=\"elementor-post__thumbnail\"><img loading=\"lazy\" decoding=\"async\" width=\"300\" height=\"225\" src=\"https:\/\/culinariasemlactose.com\/curiosidades\/wp-content\/smush-avif\/2024\/10\/Os-Beneficios-do-Acai-300x225.jpg.avif\" class=\"attachment-medium size-medium wp-image-2604\" alt=\"Os Benef\u00edcios do A\u00e7a\u00ed\" srcset=\"https:\/\/culinariasemlactose.com\/curiosidades\/wp-content\/smush-avif\/2024\/10\/Os-Beneficios-do-Acai-300x225.jpg.avif 300w, https:\/\/culinariasemlactose.com\/curiosidades\/wp-content\/smush-avif\/2024\/10\/Os-Beneficios-do-Acai-1024x768.jpg.avif 1024w, https:\/\/culinariasemlactose.com\/curiosidades\/wp-content\/smush-avif\/2024\/10\/Os-Beneficios-do-Acai-768x576.jpg.avif 768w, https:\/\/culinariasemlactose.com\/curiosidades\/wp-content\/smush-avif\/2024\/10\/Os-Beneficios-do-Acai-150x113.jpg.avif 150w, https:\/\/culinariasemlactose.com\/curiosidades\/wp-content\/smush-avif\/2024\/10\/Os-Beneficios-do-Acai.jpg.avif 1200w\" sizes=\"(max-width: 300px) 100vw, 300px\" data-smush-avif-fallback=\"{&quot;src&quot;:&quot;https:\\\/\\\/culinariasemlactose.com\\\/curiosidades\\\/wp-content\\\/uploads\\\/2024\\\/10\\\/Os-Beneficios-do-Acai-300x225.jpg&quot;,&quot;srcset&quot;:&quot;https:\\\/\\\/culinariasemlactose.com\\\/curiosidades\\\/wp-content\\\/uploads\\\/2024\\\/10\\\/Os-Beneficios-do-Acai-300x225.jpg 300w, https:\\\/\\\/culinariasemlactose.com\\\/curiosidades\\\/wp-content\\\/uploads\\\/2024\\\/10\\\/Os-Beneficios-do-Acai-1024x768.jpg 1024w, https:\\\/\\\/culinariasemlactose.com\\\/curiosidades\\\/wp-content\\\/uploads\\\/2024\\\/10\\\/Os-Beneficios-do-Acai-768x576.jpg 768w, https:\\\/\\\/culinariasemlactose.com\\\/curiosidades\\\/wp-content\\\/uploads\\\/2024\\\/10\\\/Os-Beneficios-do-Acai-150x113.jpg 150w, https:\\\/\\\/culinariasemlactose.com\\\/curiosidades\\\/wp-content\\\/uploads\\\/2024\\\/10\\\/Os-Beneficios-do-Acai.jpg 1200w&quot;}\" \/><\/div>\n\t\t<\/a>\n\t\t\t\t<div class=\"elementor-post__text\">\n\t\t\t\t<h3 class=\"elementor-post__title\">\n\t\t\t<a href=\"https:\/\/culinariasemlactose.com\/curiosidades\/os-beneficios-do-acai\/\">\n\t\t\t\tOs Benef\u00edcios do A\u00e7a\u00ed: Uma Joia da Amaz\u00f4nia\t\t\t<\/a>\n\t\t<\/h3>\n\t\t\t\t<\/div>\n\t\t\t\t<\/article>\n\t\t\t\t<article class=\"elementor-post elementor-grid-item post-2565 post type-post status-publish format-standard has-post-thumbnail hentry category-curiosidades-da-culinaria category-historia category-saude\" role=\"listitem\">\n\t\t\t\t<a class=\"elementor-post__thumbnail__link\" href=\"https:\/\/culinariasemlactose.com\/curiosidades\/dia-da-banana\/\" tabindex=\"-1\">\n\t\t\t<div class=\"elementor-post__thumbnail\"><img loading=\"lazy\" decoding=\"async\" width=\"300\" height=\"225\" src=\"https:\/\/culinariasemlactose.com\/curiosidades\/wp-content\/smush-avif\/2024\/09\/Dia-da-Banana-300x225.jpg.avif\" class=\"attachment-medium size-medium wp-image-2579\" alt=\"Dia da Banana\" srcset=\"https:\/\/culinariasemlactose.com\/curiosidades\/wp-content\/smush-avif\/2024\/09\/Dia-da-Banana-300x225.jpg.avif 300w, https:\/\/culinariasemlactose.com\/curiosidades\/wp-content\/smush-avif\/2024\/09\/Dia-da-Banana-1024x768.jpg.avif 1024w, https:\/\/culinariasemlactose.com\/curiosidades\/wp-content\/smush-avif\/2024\/09\/Dia-da-Banana-768x576.jpg.avif 768w, https:\/\/culinariasemlactose.com\/curiosidades\/wp-content\/smush-avif\/2024\/09\/Dia-da-Banana-150x113.jpg.avif 150w, https:\/\/culinariasemlactose.com\/curiosidades\/wp-content\/smush-avif\/2024\/09\/Dia-da-Banana.jpg.avif 1200w\" sizes=\"(max-width: 300px) 100vw, 300px\" data-smush-avif-fallback=\"{&quot;src&quot;:&quot;https:\\\/\\\/culinariasemlactose.com\\\/curiosidades\\\/wp-content\\\/uploads\\\/2024\\\/09\\\/Dia-da-Banana-300x225.jpg&quot;,&quot;srcset&quot;:&quot;https:\\\/\\\/culinariasemlactose.com\\\/curiosidades\\\/wp-content\\\/uploads\\\/2024\\\/09\\\/Dia-da-Banana-300x225.jpg 300w, https:\\\/\\\/culinariasemlactose.com\\\/curiosidades\\\/wp-content\\\/uploads\\\/2024\\\/09\\\/Dia-da-Banana-1024x768.jpg 1024w, https:\\\/\\\/culinariasemlactose.com\\\/curiosidades\\\/wp-content\\\/uploads\\\/2024\\\/09\\\/Dia-da-Banana-768x576.jpg 768w, https:\\\/\\\/culinariasemlactose.com\\\/curiosidades\\\/wp-content\\\/uploads\\\/2024\\\/09\\\/Dia-da-Banana-150x113.jpg 150w, https:\\\/\\\/culinariasemlactose.com\\\/curiosidades\\\/wp-content\\\/uploads\\\/2024\\\/09\\\/Dia-da-Banana.jpg 1200w&quot;}\" \/><\/div>\n\t\t<\/a>\n\t\t\t\t<div class=\"elementor-post__text\">\n\t\t\t\t<h3 class=\"elementor-post__title\">\n\t\t\t<a href=\"https:\/\/culinariasemlactose.com\/curiosidades\/dia-da-banana\/\">\n\t\t\t\tDia da Banana: Benef\u00edcios, Curiosidades e Como Celebrar Essa Data Especial\t\t\t<\/a>\n\t\t<\/h3>\n\t\t\t\t<\/div>\n\t\t\t\t<\/article>\n\t\t\t\t<article class=\"elementor-post elementor-grid-item post-2541 post type-post status-publish format-standard has-post-thumbnail hentry category-curiosidades-da-culinaria category-saude\" role=\"listitem\">\n\t\t\t\t<a class=\"elementor-post__thumbnail__link\" href=\"https:\/\/culinariasemlactose.com\/curiosidades\/beneficios-do-leite-de-coco\/\" tabindex=\"-1\">\n\t\t\t<div class=\"elementor-post__thumbnail\"><img loading=\"lazy\" decoding=\"async\" width=\"300\" height=\"225\" src=\"https:\/\/culinariasemlactose.com\/curiosidades\/wp-content\/smush-avif\/2024\/09\/Beneficios-do-Leite-de-Coco-300x225.jpg.avif\" class=\"attachment-medium size-medium wp-image-2549\" alt=\"Leite de Coco Caseiro: Benef\u00edcios\" srcset=\"https:\/\/culinariasemlactose.com\/curiosidades\/wp-content\/smush-avif\/2024\/09\/Beneficios-do-Leite-de-Coco-300x225.jpg.avif 300w, https:\/\/culinariasemlactose.com\/curiosidades\/wp-content\/smush-avif\/2024\/09\/Beneficios-do-Leite-de-Coco-1024x768.jpg.avif 1024w, https:\/\/culinariasemlactose.com\/curiosidades\/wp-content\/smush-avif\/2024\/09\/Beneficios-do-Leite-de-Coco-768x576.jpg.avif 768w, https:\/\/culinariasemlactose.com\/curiosidades\/wp-content\/smush-avif\/2024\/09\/Beneficios-do-Leite-de-Coco-150x113.jpg.avif 150w, https:\/\/culinariasemlactose.com\/curiosidades\/wp-content\/smush-avif\/2024\/09\/Beneficios-do-Leite-de-Coco.jpg.avif 1200w\" sizes=\"(max-width: 300px) 100vw, 300px\" data-smush-avif-fallback=\"{&quot;src&quot;:&quot;https:\\\/\\\/culinariasemlactose.com\\\/curiosidades\\\/wp-content\\\/uploads\\\/2024\\\/09\\\/Beneficios-do-Leite-de-Coco-300x225.jpg&quot;,&quot;srcset&quot;:&quot;https:\\\/\\\/culinariasemlactose.com\\\/curiosidades\\\/wp-content\\\/uploads\\\/2024\\\/09\\\/Beneficios-do-Leite-de-Coco-300x225.jpg 300w, https:\\\/\\\/culinariasemlactose.com\\\/curiosidades\\\/wp-content\\\/uploads\\\/2024\\\/09\\\/Beneficios-do-Leite-de-Coco-1024x768.jpg 1024w, https:\\\/\\\/culinariasemlactose.com\\\/curiosidades\\\/wp-content\\\/uploads\\\/2024\\\/09\\\/Beneficios-do-Leite-de-Coco-768x576.jpg 768w, https:\\\/\\\/culinariasemlactose.com\\\/curiosidades\\\/wp-content\\\/uploads\\\/2024\\\/09\\\/Beneficios-do-Leite-de-Coco-150x113.jpg 150w, https:\\\/\\\/culinariasemlactose.com\\\/curiosidades\\\/wp-content\\\/uploads\\\/2024\\\/09\\\/Beneficios-do-Leite-de-Coco.jpg 1200w&quot;}\" \/><\/div>\n\t\t<\/a>\n\t\t\t\t<div class=\"elementor-post__text\">\n\t\t\t\t<h3 class=\"elementor-post__title\">\n\t\t\t<a href=\"https:\/\/culinariasemlactose.com\/curiosidades\/beneficios-do-leite-de-coco\/\">\n\t\t\t\tLeite de Coco Caseiro: Benef\u00edcios e Como Fazer em Casa\t\t\t<\/a>\n\t\t<\/h3>\n\t\t\t\t<\/div>\n\t\t\t\t<\/article>\n\t\t\t\t<article class=\"elementor-post elementor-grid-item post-2497 post type-post status-publish format-standard has-post-thumbnail hentry category-curiosidades-da-culinaria category-saude\" role=\"listitem\">\n\t\t\t\t<a class=\"elementor-post__thumbnail__link\" href=\"https:\/\/culinariasemlactose.com\/curiosidades\/beneficios-do-suco-de-couve-com-abacaxi-e-limao\/\" tabindex=\"-1\">\n\t\t\t<div class=\"elementor-post__thumbnail\"><img loading=\"lazy\" decoding=\"async\" width=\"300\" height=\"225\" src=\"https:\/\/culinariasemlactose.com\/curiosidades\/wp-content\/smush-avif\/2024\/09\/Beneficios-do-Suco-de-Couve-com-Abacaxi-e-Limao-300x225.jpg.avif\" class=\"attachment-medium size-medium wp-image-2505\" alt=\"Benef\u00edcios do Suco de Couve com Abacaxi e Lim\u00e3o\" srcset=\"https:\/\/culinariasemlactose.com\/curiosidades\/wp-content\/smush-avif\/2024\/09\/Beneficios-do-Suco-de-Couve-com-Abacaxi-e-Limao-300x225.jpg.avif 300w, https:\/\/culinariasemlactose.com\/curiosidades\/wp-content\/smush-avif\/2024\/09\/Beneficios-do-Suco-de-Couve-com-Abacaxi-e-Limao-1024x768.jpg.avif 1024w, https:\/\/culinariasemlactose.com\/curiosidades\/wp-content\/smush-avif\/2024\/09\/Beneficios-do-Suco-de-Couve-com-Abacaxi-e-Limao-768x576.jpg.avif 768w, https:\/\/culinariasemlactose.com\/curiosidades\/wp-content\/smush-avif\/2024\/09\/Beneficios-do-Suco-de-Couve-com-Abacaxi-e-Limao-150x113.jpg.avif 150w, https:\/\/culinariasemlactose.com\/curiosidades\/wp-content\/smush-avif\/2024\/09\/Beneficios-do-Suco-de-Couve-com-Abacaxi-e-Limao.jpg.avif 1200w\" sizes=\"(max-width: 300px) 100vw, 300px\" data-smush-avif-fallback=\"{&quot;src&quot;:&quot;https:\\\/\\\/culinariasemlactose.com\\\/curiosidades\\\/wp-content\\\/uploads\\\/2024\\\/09\\\/Beneficios-do-Suco-de-Couve-com-Abacaxi-e-Limao-300x225.jpg&quot;,&quot;srcset&quot;:&quot;https:\\\/\\\/culinariasemlactose.com\\\/curiosidades\\\/wp-content\\\/uploads\\\/2024\\\/09\\\/Beneficios-do-Suco-de-Couve-com-Abacaxi-e-Limao-300x225.jpg 300w, https:\\\/\\\/culinariasemlactose.com\\\/curiosidades\\\/wp-content\\\/uploads\\\/2024\\\/09\\\/Beneficios-do-Suco-de-Couve-com-Abacaxi-e-Limao-1024x768.jpg 1024w, https:\\\/\\\/culinariasemlactose.com\\\/curiosidades\\\/wp-content\\\/uploads\\\/2024\\\/09\\\/Beneficios-do-Suco-de-Couve-com-Abacaxi-e-Limao-768x576.jpg 768w, https:\\\/\\\/culinariasemlactose.com\\\/curiosidades\\\/wp-content\\\/uploads\\\/2024\\\/09\\\/Beneficios-do-Suco-de-Couve-com-Abacaxi-e-Limao-150x113.jpg 150w, https:\\\/\\\/culinariasemlactose.com\\\/curiosidades\\\/wp-content\\\/uploads\\\/2024\\\/09\\\/Beneficios-do-Suco-de-Couve-com-Abacaxi-e-Limao.jpg 1200w&quot;}\" \/><\/div>\n\t\t<\/a>\n\t\t\t\t<div class=\"elementor-post__text\">\n\t\t\t\t<h3 class=\"elementor-post__title\">\n\t\t\t<a href=\"https:\/\/culinariasemlactose.com\/curiosidades\/beneficios-do-suco-de-couve-com-abacaxi-e-limao\/\">\n\t\t\t\tConhe\u00e7a os Incr\u00edveis Benef\u00edcios do Suco de Couve com Abacaxi e Lim\u00e3o para a Sua Sa\u00fade\t\t\t<\/a>\n\t\t<\/h3>\n\t\t\t\t<\/div>\n\t\t\t\t<\/article>\n\t\t\t\t<article class=\"elementor-post elementor-grid-item post-2440 post type-post status-publish format-standard has-post-thumbnail hentry category-curiosidades-da-culinaria category-saude\" role=\"listitem\">\n\t\t\t\t<a class=\"elementor-post__thumbnail__link\" href=\"https:\/\/culinariasemlactose.com\/curiosidades\/beneficios-do-suco-de-beterraba\/\" tabindex=\"-1\">\n\t\t\t<div class=\"elementor-post__thumbnail\"><img loading=\"lazy\" decoding=\"async\" width=\"300\" height=\"225\" src=\"https:\/\/culinariasemlactose.com\/curiosidades\/wp-content\/smush-avif\/2024\/08\/Beneficios-do-Suco-de-Beterraba-300x225.jpg.avif\" class=\"attachment-medium size-medium wp-image-2445\" alt=\"Quais s\u00e3o os Benef\u00edcios do Suco de Beterraba\" srcset=\"https:\/\/culinariasemlactose.com\/curiosidades\/wp-content\/smush-avif\/2024\/08\/Beneficios-do-Suco-de-Beterraba-300x225.jpg.avif 300w, https:\/\/culinariasemlactose.com\/curiosidades\/wp-content\/smush-avif\/2024\/08\/Beneficios-do-Suco-de-Beterraba-1024x768.jpg.avif 1024w, https:\/\/culinariasemlactose.com\/curiosidades\/wp-content\/smush-avif\/2024\/08\/Beneficios-do-Suco-de-Beterraba-768x576.jpg.avif 768w, https:\/\/culinariasemlactose.com\/curiosidades\/wp-content\/smush-avif\/2024\/08\/Beneficios-do-Suco-de-Beterraba-150x113.jpg.avif 150w, https:\/\/culinariasemlactose.com\/curiosidades\/wp-content\/smush-avif\/2024\/08\/Beneficios-do-Suco-de-Beterraba.jpg.avif 1200w\" sizes=\"(max-width: 300px) 100vw, 300px\" data-smush-avif-fallback=\"{&quot;src&quot;:&quot;https:\\\/\\\/culinariasemlactose.com\\\/curiosidades\\\/wp-content\\\/uploads\\\/2024\\\/08\\\/Beneficios-do-Suco-de-Beterraba-300x225.jpg&quot;,&quot;srcset&quot;:&quot;https:\\\/\\\/culinariasemlactose.com\\\/curiosidades\\\/wp-content\\\/uploads\\\/2024\\\/08\\\/Beneficios-do-Suco-de-Beterraba-300x225.jpg 300w, https:\\\/\\\/culinariasemlactose.com\\\/curiosidades\\\/wp-content\\\/uploads\\\/2024\\\/08\\\/Beneficios-do-Suco-de-Beterraba-1024x768.jpg 1024w, https:\\\/\\\/culinariasemlactose.com\\\/curiosidades\\\/wp-content\\\/uploads\\\/2024\\\/08\\\/Beneficios-do-Suco-de-Beterraba-768x576.jpg 768w, https:\\\/\\\/culinariasemlactose.com\\\/curiosidades\\\/wp-content\\\/uploads\\\/2024\\\/08\\\/Beneficios-do-Suco-de-Beterraba-150x113.jpg 150w, https:\\\/\\\/culinariasemlactose.com\\\/curiosidades\\\/wp-content\\\/uploads\\\/2024\\\/08\\\/Beneficios-do-Suco-de-Beterraba.jpg 1200w&quot;}\" \/><\/div>\n\t\t<\/a>\n\t\t\t\t<div class=\"elementor-post__text\">\n\t\t\t\t<h3 class=\"elementor-post__title\">\n\t\t\t<a href=\"https:\/\/culinariasemlactose.com\/curiosidades\/beneficios-do-suco-de-beterraba\/\">\n\t\t\t\tBenef\u00edcios do Suco de Beterraba Para Sua Sa\u00fade\t\t\t<\/a>\n\t\t<\/h3>\n\t\t\t\t<\/div>\n\t\t\t\t<\/article>\n\t\t\t\t<article class=\"elementor-post elementor-grid-item post-2414 post type-post status-publish format-standard has-post-thumbnail hentry category-curiosidades-da-culinaria category-saude\" role=\"listitem\">\n\t\t\t\t<a class=\"elementor-post__thumbnail__link\" href=\"https:\/\/culinariasemlactose.com\/curiosidades\/beneficios-do-limao\/\" tabindex=\"-1\">\n\t\t\t<div class=\"elementor-post__thumbnail\"><img loading=\"lazy\" decoding=\"async\" width=\"300\" height=\"225\" src=\"https:\/\/culinariasemlactose.com\/curiosidades\/wp-content\/smush-avif\/2024\/08\/Beneficios-do-Limao-para-a-Saude-300x225.jpg.avif\" class=\"attachment-medium size-medium wp-image-2430\" alt=\"Veja os Benef\u00edcios do Lim\u00e3o para a Sa\u00fade\" srcset=\"https:\/\/culinariasemlactose.com\/curiosidades\/wp-content\/smush-avif\/2024\/08\/Beneficios-do-Limao-para-a-Saude-300x225.jpg.avif 300w, https:\/\/culinariasemlactose.com\/curiosidades\/wp-content\/smush-avif\/2024\/08\/Beneficios-do-Limao-para-a-Saude-1024x768.jpg.avif 1024w, https:\/\/culinariasemlactose.com\/curiosidades\/wp-content\/smush-avif\/2024\/08\/Beneficios-do-Limao-para-a-Saude-768x576.jpg.avif 768w, https:\/\/culinariasemlactose.com\/curiosidades\/wp-content\/smush-avif\/2024\/08\/Beneficios-do-Limao-para-a-Saude-150x113.jpg.avif 150w, https:\/\/culinariasemlactose.com\/curiosidades\/wp-content\/smush-avif\/2024\/08\/Beneficios-do-Limao-para-a-Saude.jpg.avif 1200w\" sizes=\"(max-width: 300px) 100vw, 300px\" data-smush-avif-fallback=\"{&quot;src&quot;:&quot;https:\\\/\\\/culinariasemlactose.com\\\/curiosidades\\\/wp-content\\\/uploads\\\/2024\\\/08\\\/Beneficios-do-Limao-para-a-Saude-300x225.jpg&quot;,&quot;srcset&quot;:&quot;https:\\\/\\\/culinariasemlactose.com\\\/curiosidades\\\/wp-content\\\/uploads\\\/2024\\\/08\\\/Beneficios-do-Limao-para-a-Saude-300x225.jpg 300w, https:\\\/\\\/culinariasemlactose.com\\\/curiosidades\\\/wp-content\\\/uploads\\\/2024\\\/08\\\/Beneficios-do-Limao-para-a-Saude-1024x768.jpg 1024w, https:\\\/\\\/culinariasemlactose.com\\\/curiosidades\\\/wp-content\\\/uploads\\\/2024\\\/08\\\/Beneficios-do-Limao-para-a-Saude-768x576.jpg 768w, https:\\\/\\\/culinariasemlactose.com\\\/curiosidades\\\/wp-content\\\/uploads\\\/2024\\\/08\\\/Beneficios-do-Limao-para-a-Saude-150x113.jpg 150w, https:\\\/\\\/culinariasemlactose.com\\\/curiosidades\\\/wp-content\\\/uploads\\\/2024\\\/08\\\/Beneficios-do-Limao-para-a-Saude.jpg 1200w&quot;}\" \/><\/div>\n\t\t<\/a>\n\t\t\t\t<div class=\"elementor-post__text\">\n\t\t\t\t<h3 class=\"elementor-post__title\">\n\t\t\t<a href=\"https:\/\/culinariasemlactose.com\/curiosidades\/beneficios-do-limao\/\">\n\t\t\t\tBenef\u00edcios do Lim\u00e3o para a Sa\u00fade\t\t\t<\/a>\n\t\t<\/h3>\n\t\t\t\t<\/div>\n\t\t\t\t<\/article>\n\t\t\t\t<article class=\"elementor-post elementor-grid-item post-2214 post type-post status-publish format-standard has-post-thumbnail hentry category-curiosidades-da-culinaria category-saude tag-higiene-pessoal tag-manipulacao-de-alimentos tag-pratica-adequada-de-higiene tag-seguranca-alimentar\" role=\"listitem\">\n\t\t\t\t<a class=\"elementor-post__thumbnail__link\" href=\"https:\/\/culinariasemlactose.com\/curiosidades\/a-importancia-da-higiene-pessoal\/\" tabindex=\"-1\">\n\t\t\t<div class=\"elementor-post__thumbnail\"><img loading=\"lazy\" decoding=\"async\" width=\"300\" height=\"225\" src=\"https:\/\/culinariasemlactose.com\/curiosidades\/wp-content\/smush-avif\/2024\/08\/A-Importancia-da-Higiene-Pessoal-para-Manipular-Alimentos-300x225.jpg.avif\" class=\"attachment-medium size-medium wp-image-2225\" alt=\"Higiene Pessoal para Manipular Alimentos\" srcset=\"https:\/\/culinariasemlactose.com\/curiosidades\/wp-content\/smush-avif\/2024\/08\/A-Importancia-da-Higiene-Pessoal-para-Manipular-Alimentos-300x225.jpg.avif 300w, https:\/\/culinariasemlactose.com\/curiosidades\/wp-content\/smush-avif\/2024\/08\/A-Importancia-da-Higiene-Pessoal-para-Manipular-Alimentos-1024x768.jpg.avif 1024w, https:\/\/culinariasemlactose.com\/curiosidades\/wp-content\/smush-avif\/2024\/08\/A-Importancia-da-Higiene-Pessoal-para-Manipular-Alimentos-768x576.jpg.avif 768w, https:\/\/culinariasemlactose.com\/curiosidades\/wp-content\/smush-avif\/2024\/08\/A-Importancia-da-Higiene-Pessoal-para-Manipular-Alimentos-150x113.jpg.avif 150w, https:\/\/culinariasemlactose.com\/curiosidades\/wp-content\/smush-avif\/2024\/08\/A-Importancia-da-Higiene-Pessoal-para-Manipular-Alimentos.jpg.avif 1200w\" sizes=\"(max-width: 300px) 100vw, 300px\" data-smush-avif-fallback=\"{&quot;src&quot;:&quot;https:\\\/\\\/culinariasemlactose.com\\\/curiosidades\\\/wp-content\\\/uploads\\\/2024\\\/08\\\/A-Importancia-da-Higiene-Pessoal-para-Manipular-Alimentos-300x225.jpg&quot;,&quot;srcset&quot;:&quot;https:\\\/\\\/culinariasemlactose.com\\\/curiosidades\\\/wp-content\\\/uploads\\\/2024\\\/08\\\/A-Importancia-da-Higiene-Pessoal-para-Manipular-Alimentos-300x225.jpg 300w, https:\\\/\\\/culinariasemlactose.com\\\/curiosidades\\\/wp-content\\\/uploads\\\/2024\\\/08\\\/A-Importancia-da-Higiene-Pessoal-para-Manipular-Alimentos-1024x768.jpg 1024w, https:\\\/\\\/culinariasemlactose.com\\\/curiosidades\\\/wp-content\\\/uploads\\\/2024\\\/08\\\/A-Importancia-da-Higiene-Pessoal-para-Manipular-Alimentos-768x576.jpg 768w, https:\\\/\\\/culinariasemlactose.com\\\/curiosidades\\\/wp-content\\\/uploads\\\/2024\\\/08\\\/A-Importancia-da-Higiene-Pessoal-para-Manipular-Alimentos-150x113.jpg 150w, https:\\\/\\\/culinariasemlactose.com\\\/curiosidades\\\/wp-content\\\/uploads\\\/2024\\\/08\\\/A-Importancia-da-Higiene-Pessoal-para-Manipular-Alimentos.jpg 1200w&quot;}\" \/><\/div>\n\t\t<\/a>\n\t\t\t\t<div class=\"elementor-post__text\">\n\t\t\t\t<h3 class=\"elementor-post__title\">\n\t\t\t<a href=\"https:\/\/culinariasemlactose.com\/curiosidades\/a-importancia-da-higiene-pessoal\/\">\n\t\t\t\tA Import\u00e2ncia da Higiene Pessoal para Manipular Alimentos\t\t\t<\/a>\n\t\t<\/h3>\n\t\t\t\t<\/div>\n\t\t\t\t<\/article>\n\t\t\t\t<article class=\"elementor-post elementor-grid-item post-2161 post type-post status-publish format-standard has-post-thumbnail hentry category-curiosidades-da-culinaria category-saude tag-boas-praticas-de-manipulacao-de-alimentos tag-contaminacao-de-alimentos tag-equipamentos-de-protecao-individual tag-higiene-na-manipulacao-de-alimentos tag-seguranca-alimentar\" role=\"listitem\">\n\t\t\t\t<a class=\"elementor-post__thumbnail__link\" href=\"https:\/\/culinariasemlactose.com\/curiosidades\/higiene-para-manipulacao-de-alimentos\/\" tabindex=\"-1\">\n\t\t\t<div class=\"elementor-post__thumbnail\"><img loading=\"lazy\" decoding=\"async\" width=\"300\" height=\"225\" src=\"https:\/\/culinariasemlactose.com\/curiosidades\/wp-content\/smush-avif\/2024\/08\/Manipulacao-de-Alimentos-Higiene-300x225.png.avif\" class=\"attachment-medium size-medium wp-image-2178\" alt=\"Higiene para Manipula\u00e7\u00e3o de Alimentos\" srcset=\"https:\/\/culinariasemlactose.com\/curiosidades\/wp-content\/smush-avif\/2024\/08\/Manipulacao-de-Alimentos-Higiene-300x225.png.avif 300w, https:\/\/culinariasemlactose.com\/curiosidades\/wp-content\/smush-avif\/2024\/08\/Manipulacao-de-Alimentos-Higiene-1024x768.png.avif 1024w, https:\/\/culinariasemlactose.com\/curiosidades\/wp-content\/smush-avif\/2024\/08\/Manipulacao-de-Alimentos-Higiene-768x576.png.avif 768w, https:\/\/culinariasemlactose.com\/curiosidades\/wp-content\/smush-avif\/2024\/08\/Manipulacao-de-Alimentos-Higiene-150x113.png.avif 150w, https:\/\/culinariasemlactose.com\/curiosidades\/wp-content\/smush-avif\/2024\/08\/Manipulacao-de-Alimentos-Higiene.png.avif 1200w\" sizes=\"(max-width: 300px) 100vw, 300px\" data-smush-avif-fallback=\"{&quot;src&quot;:&quot;https:\\\/\\\/culinariasemlactose.com\\\/curiosidades\\\/wp-content\\\/uploads\\\/2024\\\/08\\\/Manipulacao-de-Alimentos-Higiene-300x225.png&quot;,&quot;srcset&quot;:&quot;https:\\\/\\\/culinariasemlactose.com\\\/curiosidades\\\/wp-content\\\/uploads\\\/2024\\\/08\\\/Manipulacao-de-Alimentos-Higiene-300x225.png 300w, https:\\\/\\\/culinariasemlactose.com\\\/curiosidades\\\/wp-content\\\/uploads\\\/2024\\\/08\\\/Manipulacao-de-Alimentos-Higiene-1024x768.png 1024w, https:\\\/\\\/culinariasemlactose.com\\\/curiosidades\\\/wp-content\\\/uploads\\\/2024\\\/08\\\/Manipulacao-de-Alimentos-Higiene-768x576.png 768w, https:\\\/\\\/culinariasemlactose.com\\\/curiosidades\\\/wp-content\\\/uploads\\\/2024\\\/08\\\/Manipulacao-de-Alimentos-Higiene-150x113.png 150w, https:\\\/\\\/culinariasemlactose.com\\\/curiosidades\\\/wp-content\\\/uploads\\\/2024\\\/08\\\/Manipulacao-de-Alimentos-Higiene.png 1200w&quot;}\" \/><\/div>\n\t\t<\/a>\n\t\t\t\t<div class=\"elementor-post__text\">\n\t\t\t\t<h3 class=\"elementor-post__title\">\n\t\t\t<a href=\"https:\/\/culinariasemlactose.com\/curiosidades\/higiene-para-manipulacao-de-alimentos\/\">\n\t\t\t\tNo\u00e7\u00f5es B\u00e1sicas de Higiene para Manipula\u00e7\u00e3o de Alimentos: Garantindo Seguran\u00e7a e Qualidade\t\t\t<\/a>\n\t\t<\/h3>\n\t\t\t\t<\/div>\n\t\t\t\t<\/article>\n\t\t\t\t<article class=\"elementor-post elementor-grid-item post-1911 post type-post status-publish format-standard has-post-thumbnail hentry category-dicas-de-receitas category-curiosidades-da-culinaria tag-caldo-quente-sem-lactose tag-inverno-e-alimentacao-saudavel tag-receitas-quentes-sem-lactose tag-receitas-saudaveis-de-inverno tag-receitas-sem-lactose\" role=\"listitem\">\n\t\t\t\t<a class=\"elementor-post__thumbnail__link\" href=\"https:\/\/culinariasemlactose.com\/curiosidades\/receitas-de-inverno-sem-lactose\/\" tabindex=\"-1\">\n\t\t\t<div class=\"elementor-post__thumbnail\"><img loading=\"lazy\" decoding=\"async\" width=\"300\" height=\"225\" src=\"https:\/\/culinariasemlactose.com\/curiosidades\/wp-content\/smush-avif\/2024\/05\/Receitas-de-Inverno-sem-Lactose-300x225.jpg.avif\" class=\"attachment-medium size-medium wp-image-1997\" alt=\"Receitas de Inverno sem Lactose\" srcset=\"https:\/\/culinariasemlactose.com\/curiosidades\/wp-content\/smush-avif\/2024\/05\/Receitas-de-Inverno-sem-Lactose-300x225.jpg.avif 300w, https:\/\/culinariasemlactose.com\/curiosidades\/wp-content\/smush-avif\/2024\/05\/Receitas-de-Inverno-sem-Lactose-600x450.jpg.avif 600w, https:\/\/culinariasemlactose.com\/curiosidades\/wp-content\/smush-avif\/2024\/05\/Receitas-de-Inverno-sem-Lactose-1024x768.jpg.avif 1024w, https:\/\/culinariasemlactose.com\/curiosidades\/wp-content\/smush-avif\/2024\/05\/Receitas-de-Inverno-sem-Lactose-768x576.jpg.avif 768w, https:\/\/culinariasemlactose.com\/curiosidades\/wp-content\/smush-avif\/2024\/05\/Receitas-de-Inverno-sem-Lactose-150x113.jpg.avif 150w, https:\/\/culinariasemlactose.com\/curiosidades\/wp-content\/smush-avif\/2024\/05\/Receitas-de-Inverno-sem-Lactose.jpg.avif 1200w\" sizes=\"(max-width: 300px) 100vw, 300px\" data-smush-avif-fallback=\"{&quot;src&quot;:&quot;https:\\\/\\\/culinariasemlactose.com\\\/curiosidades\\\/wp-content\\\/uploads\\\/2024\\\/05\\\/Receitas-de-Inverno-sem-Lactose-300x225.jpg&quot;,&quot;srcset&quot;:&quot;https:\\\/\\\/culinariasemlactose.com\\\/curiosidades\\\/wp-content\\\/uploads\\\/2024\\\/05\\\/Receitas-de-Inverno-sem-Lactose-300x225.jpg 300w, https:\\\/\\\/culinariasemlactose.com\\\/curiosidades\\\/wp-content\\\/uploads\\\/2024\\\/05\\\/Receitas-de-Inverno-sem-Lactose-600x450.jpg 600w, https:\\\/\\\/culinariasemlactose.com\\\/curiosidades\\\/wp-content\\\/uploads\\\/2024\\\/05\\\/Receitas-de-Inverno-sem-Lactose-1024x768.jpg 1024w, https:\\\/\\\/culinariasemlactose.com\\\/curiosidades\\\/wp-content\\\/uploads\\\/2024\\\/05\\\/Receitas-de-Inverno-sem-Lactose-768x576.jpg 768w, https:\\\/\\\/culinariasemlactose.com\\\/curiosidades\\\/wp-content\\\/uploads\\\/2024\\\/05\\\/Receitas-de-Inverno-sem-Lactose-150x113.jpg 150w, https:\\\/\\\/culinariasemlactose.com\\\/curiosidades\\\/wp-content\\\/uploads\\\/2024\\\/05\\\/Receitas-de-Inverno-sem-Lactose.jpg 1200w&quot;}\" \/><\/div>\n\t\t<\/a>\n\t\t\t\t<div class=\"elementor-post__text\">\n\t\t\t\t<h3 class=\"elementor-post__title\">\n\t\t\t<a href=\"https:\/\/culinariasemlactose.com\/curiosidades\/receitas-de-inverno-sem-lactose\/\">\n\t\t\t\t6 Receitas de Inverno sem Lactose: Prepare-se para Saborear!\t\t\t<\/a>\n\t\t<\/h3>\n\t\t\t\t<\/div>\n\t\t\t\t<\/article>\n\t\t\t\t<article class=\"elementor-post elementor-grid-item post-1793 post type-post status-publish format-standard has-post-thumbnail hentry category-saude category-curiosidades-da-culinaria tag-alimentacao-natural tag-beneficios-do-coco\" role=\"listitem\">\n\t\t\t\t<a class=\"elementor-post__thumbnail__link\" href=\"https:\/\/culinariasemlactose.com\/curiosidades\/beneficios-do-coco-para-saude\/\" tabindex=\"-1\">\n\t\t\t<div class=\"elementor-post__thumbnail\"><img loading=\"lazy\" decoding=\"async\" width=\"300\" height=\"225\" src=\"https:\/\/culinariasemlactose.com\/curiosidades\/wp-content\/smush-avif\/2024\/04\/Desvende-os-5-Principais-Beneficios-do-Coco-para-Saude-300x225.jpg.avif\" class=\"attachment-medium size-medium wp-image-1827\" alt=\"Principais Benef\u00edcios do Coco\" srcset=\"https:\/\/culinariasemlactose.com\/curiosidades\/wp-content\/smush-avif\/2024\/04\/Desvende-os-5-Principais-Beneficios-do-Coco-para-Saude-300x225.jpg.avif 300w, https:\/\/culinariasemlactose.com\/curiosidades\/wp-content\/smush-avif\/2024\/04\/Desvende-os-5-Principais-Beneficios-do-Coco-para-Saude-600x450.jpg.avif 600w, https:\/\/culinariasemlactose.com\/curiosidades\/wp-content\/smush-avif\/2024\/04\/Desvende-os-5-Principais-Beneficios-do-Coco-para-Saude-1024x768.jpg.avif 1024w, https:\/\/culinariasemlactose.com\/curiosidades\/wp-content\/smush-avif\/2024\/04\/Desvende-os-5-Principais-Beneficios-do-Coco-para-Saude-768x576.jpg.avif 768w, https:\/\/culinariasemlactose.com\/curiosidades\/wp-content\/smush-avif\/2024\/04\/Desvende-os-5-Principais-Beneficios-do-Coco-para-Saude-150x113.jpg.avif 150w, https:\/\/culinariasemlactose.com\/curiosidades\/wp-content\/smush-avif\/2024\/04\/Desvende-os-5-Principais-Beneficios-do-Coco-para-Saude.jpg.avif 1200w\" sizes=\"(max-width: 300px) 100vw, 300px\" data-smush-avif-fallback=\"{&quot;src&quot;:&quot;https:\\\/\\\/culinariasemlactose.com\\\/curiosidades\\\/wp-content\\\/uploads\\\/2024\\\/04\\\/Desvende-os-5-Principais-Beneficios-do-Coco-para-Saude-300x225.jpg&quot;,&quot;srcset&quot;:&quot;https:\\\/\\\/culinariasemlactose.com\\\/curiosidades\\\/wp-content\\\/uploads\\\/2024\\\/04\\\/Desvende-os-5-Principais-Beneficios-do-Coco-para-Saude-300x225.jpg 300w, https:\\\/\\\/culinariasemlactose.com\\\/curiosidades\\\/wp-content\\\/uploads\\\/2024\\\/04\\\/Desvende-os-5-Principais-Beneficios-do-Coco-para-Saude-600x450.jpg 600w, https:\\\/\\\/culinariasemlactose.com\\\/curiosidades\\\/wp-content\\\/uploads\\\/2024\\\/04\\\/Desvende-os-5-Principais-Beneficios-do-Coco-para-Saude-1024x768.jpg 1024w, https:\\\/\\\/culinariasemlactose.com\\\/curiosidades\\\/wp-content\\\/uploads\\\/2024\\\/04\\\/Desvende-os-5-Principais-Beneficios-do-Coco-para-Saude-768x576.jpg 768w, https:\\\/\\\/culinariasemlactose.com\\\/curiosidades\\\/wp-content\\\/uploads\\\/2024\\\/04\\\/Desvende-os-5-Principais-Beneficios-do-Coco-para-Saude-150x113.jpg 150w, https:\\\/\\\/culinariasemlactose.com\\\/curiosidades\\\/wp-content\\\/uploads\\\/2024\\\/04\\\/Desvende-os-5-Principais-Beneficios-do-Coco-para-Saude.jpg 1200w&quot;}\" \/><\/div>\n\t\t<\/a>\n\t\t\t\t<div class=\"elementor-post__text\">\n\t\t\t\t<h3 class=\"elementor-post__title\">\n\t\t\t<a href=\"https:\/\/culinariasemlactose.com\/curiosidades\/beneficios-do-coco-para-saude\/\">\n\t\t\t\tDesvende os 5 Principais Benef\u00edcios do Coco para Sa\u00fade\t\t\t<\/a>\n\t\t<\/h3>\n\t\t\t\t<\/div>\n\t\t\t\t<\/article>\n\t\t\t\t<article class=\"elementor-post elementor-grid-item post-1666 post type-post status-publish format-standard has-post-thumbnail hentry category-compras tag-dia-das-maes-presente tag-presentes-para-maes tag-presentes-para-maes-cozinheiras tag-presentes-uteis-para-maes-na-cozinha tag-utensilios-de-cozinha-para-presentear\" role=\"listitem\">\n\t\t\t\t<a class=\"elementor-post__thumbnail__link\" href=\"https:\/\/culinariasemlactose.com\/curiosidades\/ideias-de-presentes-para-maes\/\" tabindex=\"-1\">\n\t\t\t<div class=\"elementor-post__thumbnail\"><img loading=\"lazy\" decoding=\"async\" width=\"300\" height=\"225\" src=\"https:\/\/culinariasemlactose.com\/curiosidades\/wp-content\/smush-avif\/2024\/04\/Ideias-de-Presentes-Essenciais-Para-Maes-300x225.jpg.avif\" class=\"attachment-medium size-medium wp-image-1696\" alt=\"Presentes Essenciais Para M\u00e3es\" srcset=\"https:\/\/culinariasemlactose.com\/curiosidades\/wp-content\/smush-avif\/2024\/04\/Ideias-de-Presentes-Essenciais-Para-Maes-300x225.jpg.avif 300w, https:\/\/culinariasemlactose.com\/curiosidades\/wp-content\/smush-avif\/2024\/04\/Ideias-de-Presentes-Essenciais-Para-Maes-600x450.jpg.avif 600w, https:\/\/culinariasemlactose.com\/curiosidades\/wp-content\/smush-avif\/2024\/04\/Ideias-de-Presentes-Essenciais-Para-Maes-1024x768.jpg.avif 1024w, https:\/\/culinariasemlactose.com\/curiosidades\/wp-content\/smush-avif\/2024\/04\/Ideias-de-Presentes-Essenciais-Para-Maes-768x576.jpg.avif 768w, https:\/\/culinariasemlactose.com\/curiosidades\/wp-content\/smush-avif\/2024\/04\/Ideias-de-Presentes-Essenciais-Para-Maes-150x113.jpg.avif 150w, https:\/\/culinariasemlactose.com\/curiosidades\/wp-content\/smush-avif\/2024\/04\/Ideias-de-Presentes-Essenciais-Para-Maes.jpg.avif 1200w\" sizes=\"(max-width: 300px) 100vw, 300px\" data-smush-avif-fallback=\"{&quot;src&quot;:&quot;https:\\\/\\\/culinariasemlactose.com\\\/curiosidades\\\/wp-content\\\/uploads\\\/2024\\\/04\\\/Ideias-de-Presentes-Essenciais-Para-Maes-300x225.jpg&quot;,&quot;srcset&quot;:&quot;https:\\\/\\\/culinariasemlactose.com\\\/curiosidades\\\/wp-content\\\/uploads\\\/2024\\\/04\\\/Ideias-de-Presentes-Essenciais-Para-Maes-300x225.jpg 300w, https:\\\/\\\/culinariasemlactose.com\\\/curiosidades\\\/wp-content\\\/uploads\\\/2024\\\/04\\\/Ideias-de-Presentes-Essenciais-Para-Maes-600x450.jpg 600w, https:\\\/\\\/culinariasemlactose.com\\\/curiosidades\\\/wp-content\\\/uploads\\\/2024\\\/04\\\/Ideias-de-Presentes-Essenciais-Para-Maes-1024x768.jpg 1024w, https:\\\/\\\/culinariasemlactose.com\\\/curiosidades\\\/wp-content\\\/uploads\\\/2024\\\/04\\\/Ideias-de-Presentes-Essenciais-Para-Maes-768x576.jpg 768w, https:\\\/\\\/culinariasemlactose.com\\\/curiosidades\\\/wp-content\\\/uploads\\\/2024\\\/04\\\/Ideias-de-Presentes-Essenciais-Para-Maes-150x113.jpg 150w, https:\\\/\\\/culinariasemlactose.com\\\/curiosidades\\\/wp-content\\\/uploads\\\/2024\\\/04\\\/Ideias-de-Presentes-Essenciais-Para-Maes.jpg 1200w&quot;}\" \/><\/div>\n\t\t<\/a>\n\t\t\t\t<div class=\"elementor-post__text\">\n\t\t\t\t<h3 class=\"elementor-post__title\">\n\t\t\t<a href=\"https:\/\/culinariasemlactose.com\/curiosidades\/ideias-de-presentes-para-maes\/\">\n\t\t\t\t12 Ideias de Presentes Essenciais Para M\u00e3es Que Amam Cozinhar\t\t\t<\/a>\n\t\t<\/h3>\n\t\t\t\t<\/div>\n\t\t\t\t<\/article>\n\t\t\t\t<article class=\"elementor-post elementor-grid-item post-1189 post type-post status-publish format-standard has-post-thumbnail hentry category-saude category-curiosidades-da-culinaria\" role=\"listitem\">\n\t\t\t\t<a class=\"elementor-post__thumbnail__link\" href=\"https:\/\/culinariasemlactose.com\/curiosidades\/o-que-e-lactose\/\" tabindex=\"-1\">\n\t\t\t<div class=\"elementor-post__thumbnail\"><img loading=\"lazy\" decoding=\"async\" width=\"300\" height=\"225\" src=\"https:\/\/culinariasemlactose.com\/curiosidades\/wp-content\/smush-avif\/2024\/01\/Lactose-faz-Bem-ou-Mal-300x225.jpg.avif\" class=\"attachment-medium size-medium wp-image-1308\" alt=\"Lactose faz Bem ou Mal?\" srcset=\"https:\/\/culinariasemlactose.com\/curiosidades\/wp-content\/smush-avif\/2024\/01\/Lactose-faz-Bem-ou-Mal-300x225.jpg.avif 300w, https:\/\/culinariasemlactose.com\/curiosidades\/wp-content\/smush-avif\/2024\/01\/Lactose-faz-Bem-ou-Mal-600x450.jpg.avif 600w, https:\/\/culinariasemlactose.com\/curiosidades\/wp-content\/smush-avif\/2024\/01\/Lactose-faz-Bem-ou-Mal-1024x768.jpg.avif 1024w, https:\/\/culinariasemlactose.com\/curiosidades\/wp-content\/smush-avif\/2024\/01\/Lactose-faz-Bem-ou-Mal-768x576.jpg.avif 768w, https:\/\/culinariasemlactose.com\/curiosidades\/wp-content\/smush-avif\/2024\/01\/Lactose-faz-Bem-ou-Mal-150x113.jpg.avif 150w, https:\/\/culinariasemlactose.com\/curiosidades\/wp-content\/smush-avif\/2024\/01\/Lactose-faz-Bem-ou-Mal.jpg.avif 1200w\" sizes=\"(max-width: 300px) 100vw, 300px\" data-smush-avif-fallback=\"{&quot;src&quot;:&quot;https:\\\/\\\/culinariasemlactose.com\\\/curiosidades\\\/wp-content\\\/uploads\\\/2024\\\/01\\\/Lactose-faz-Bem-ou-Mal-300x225.jpg&quot;,&quot;srcset&quot;:&quot;https:\\\/\\\/culinariasemlactose.com\\\/curiosidades\\\/wp-content\\\/uploads\\\/2024\\\/01\\\/Lactose-faz-Bem-ou-Mal-300x225.jpg 300w, https:\\\/\\\/culinariasemlactose.com\\\/curiosidades\\\/wp-content\\\/uploads\\\/2024\\\/01\\\/Lactose-faz-Bem-ou-Mal-600x450.jpg 600w, https:\\\/\\\/culinariasemlactose.com\\\/curiosidades\\\/wp-content\\\/uploads\\\/2024\\\/01\\\/Lactose-faz-Bem-ou-Mal-1024x768.jpg 1024w, https:\\\/\\\/culinariasemlactose.com\\\/curiosidades\\\/wp-content\\\/uploads\\\/2024\\\/01\\\/Lactose-faz-Bem-ou-Mal-768x576.jpg 768w, https:\\\/\\\/culinariasemlactose.com\\\/curiosidades\\\/wp-content\\\/uploads\\\/2024\\\/01\\\/Lactose-faz-Bem-ou-Mal-150x113.jpg 150w, https:\\\/\\\/culinariasemlactose.com\\\/curiosidades\\\/wp-content\\\/uploads\\\/2024\\\/01\\\/Lactose-faz-Bem-ou-Mal.jpg 1200w&quot;}\" \/><\/div>\n\t\t<\/a>\n\t\t\t\t<div class=\"elementor-post__text\">\n\t\t\t\t<h3 class=\"elementor-post__title\">\n\t\t\t<a href=\"https:\/\/culinariasemlactose.com\/curiosidades\/o-que-e-lactose\/\">\n\t\t\t\tLactose faz Bem ou Mal? Veja o Que \u00e9, Benef\u00edcios, Alimentos e Intoler\u00e2ncia\t\t\t<\/a>\n\t\t<\/h3>\n\t\t\t\t<\/div>\n\t\t\t\t<\/article>\n\t\t\t\t<\/div>\n\t\t\n\t\t\t\t\t\t<\/div>\n\t\t\t\t<\/div>\n\t\t\t\t\t<\/div>\n\t\t\t\t<\/div>\n\t\t<div class=\"elementor-element elementor-element-0dfdff3 e-flex e-con-boxed e-con e-parent\" data-id=\"0dfdff3\" data-element_type=\"container\" data-e-type=\"container\">\n\t\t\t\t\t<div class=\"e-con-inner\">\n\t\t\t\t<div class=\"elementor-element elementor-element-1a35e88 elementor-widget elementor-widget-spacer\" data-id=\"1a35e88\" data-element_type=\"widget\" data-e-type=\"widget\" data-widget_type=\"spacer.default\">\n\t\t\t\t\t\t\t<div class=\"elementor-spacer\">\n\t\t\t<div class=\"elementor-spacer-inner\"><\/div>\n\t\t<\/div>\n\t\t\t\t\t\t<\/div>\n\t\t\t\t\t<\/div>\n\t\t\t\t<\/div>\n\t\t<div class=\"elementor-element elementor-element-d477635 e-flex e-con-boxed e-con e-parent\" data-id=\"d477635\" data-element_type=\"container\" data-e-type=\"container\">\n\t\t\t\t\t<div class=\"e-con-inner\">\n\t\t\t\t<div class=\"elementor-element elementor-element-2e468f3 elementor-widget elementor-widget-html\" data-id=\"2e468f3\" data-element_type=\"widget\" data-e-type=\"widget\" data-widget_type=\"html.default\">\n\t\t\t\t\t<script async src=\"https:\/\/pagead2.googlesyndication.com\/pagead\/js\/adsbygoogle.js?client=ca-pub-3459676390679786\"\n     crossorigin=\"anonymous\"><\/script>\n<!-- CSL- inicio do texto -->\n<ins class=\"adsbygoogle\"\n     style=\"display:block\"\n     data-ad-client=\"ca-pub-3459676390679786\"\n     data-ad-slot=\"6292208199\"\n     data-ad-format=\"auto\"\n     data-full-width-responsive=\"true\"><\/ins>\n<script>\n     (adsbygoogle = window.adsbygoogle || []).push({});\n<\/script>\t\t\t\t<\/div>\n\t\t\t\t\t<\/div>\n\t\t\t\t<\/div>\n\t\t\t\t<section class=\"elementor-section elementor-top-section elementor-element elementor-element-f6e4948 animated-slow elementor-section-boxed elementor-section-height-default elementor-section-height-default elementor-invisible\" data-id=\"f6e4948\" data-element_type=\"section\" data-e-type=\"section\" data-settings=\"{&quot;animation&quot;:&quot;fadeIn&quot;}\">\n\t\t\t\t\t\t<div class=\"elementor-container elementor-column-gap-default\">\n\t\t\t\t\t<div class=\"elementor-column elementor-col-100 elementor-top-column elementor-element elementor-element-f1cedf3\" data-id=\"f1cedf3\" data-element_type=\"column\" data-e-type=\"column\">\n\t\t\t<div class=\"elementor-widget-wrap elementor-element-populated\">\n\t\t\t\t\t\t<div class=\"elementor-element elementor-element-11f82a2 elementor-widget elementor-widget-heading\" data-id=\"11f82a2\" data-element_type=\"widget\" data-e-type=\"widget\" data-widget_type=\"heading.default\">\n\t\t\t\t\t<h2 class=\"elementor-heading-title elementor-size-default\">O que voc\u00ea gostaria de cozinhar hoje?<\/h2>\t\t\t\t<\/div>\n\t\t\t\t\t<\/div>\n\t\t<\/div>\n\t\t\t\t\t<\/div>\n\t\t<\/section>\n\t\t<div class=\"elementor-element elementor-element-4791a66 e-flex e-con-boxed e-con e-parent\" data-id=\"4791a66\" data-element_type=\"container\" data-e-type=\"container\">\n\t\t\t\t\t<div class=\"e-con-inner\">\n\t\t\t\t<div class=\"elementor-element elementor-element-122e4e2 elementor-widget elementor-widget-html\" data-id=\"122e4e2\" data-element_type=\"widget\" data-e-type=\"widget\" data-widget_type=\"html.default\">\n\t\t\t\t\t<script async src=\"https:\/\/pagead2.googlesyndication.com\/pagead\/js\/adsbygoogle.js?client=ca-pub-3459676390679786\"\n     crossorigin=\"anonymous\"><\/script>\n<!-- CSL- inicio do texto -->\n<ins class=\"adsbygoogle\"\n     style=\"display:block\"\n     data-ad-client=\"ca-pub-3459676390679786\"\n     data-ad-slot=\"6292208199\"\n     data-ad-format=\"auto\"\n     data-full-width-responsive=\"true\"><\/ins>\n<script>\n     (adsbygoogle = window.adsbygoogle || []).push({});\n<\/script>\t\t\t\t<\/div>\n\t\t\t\t\t<\/div>\n\t\t\t\t<\/div>\n\t\t\t\t<section class=\"elementor-section elementor-top-section elementor-element elementor-element-4dba16e elementor-section-boxed elementor-section-height-default elementor-section-height-default\" data-id=\"4dba16e\" data-element_type=\"section\" data-e-type=\"section\">\n\t\t\t\t\t\t<div class=\"elementor-container elementor-column-gap-extended\">\n\t\t\t\t\t<div class=\"elementor-column elementor-col-33 elementor-top-column elementor-element elementor-element-c078529\" data-id=\"c078529\" data-element_type=\"column\" data-e-type=\"column\">\n\t\t\t<div class=\"elementor-widget-wrap elementor-element-populated\">\n\t\t\t\t\t\t<div class=\"elementor-element elementor-element-01e96f1 elementor-widget elementor-widget-image\" data-id=\"01e96f1\" data-element_type=\"widget\" data-e-type=\"widget\" data-widget_type=\"image.default\">\n\t\t\t\t\t\t\t\t\t\t\t\t\t\t\t<img loading=\"lazy\" decoding=\"async\" width=\"362\" height=\"435\" src=\"https:\/\/culinariasemlactose.com\/curiosidades\/wp-content\/smush-avif\/2024\/12\/Estrogonofe-aplv.png.avif\" class=\"attachment-full size-full wp-image-2839\" alt=\"Almo\u00e7o sem lactose\" srcset=\"https:\/\/culinariasemlactose.com\/curiosidades\/wp-content\/smush-avif\/2024\/12\/Estrogonofe-aplv.png.avif 362w, https:\/\/culinariasemlactose.com\/curiosidades\/wp-content\/smush-avif\/2024\/12\/Estrogonofe-aplv-250x300.png.avif 250w\" sizes=\"(max-width: 362px) 100vw, 362px\" data-smush-avif-fallback=\"{&quot;src&quot;:&quot;https:\\\/\\\/culinariasemlactose.com\\\/curiosidades\\\/wp-content\\\/uploads\\\/2024\\\/12\\\/Estrogonofe-aplv.png&quot;,&quot;srcset&quot;:&quot;https:\\\/\\\/culinariasemlactose.com\\\/curiosidades\\\/wp-content\\\/uploads\\\/2024\\\/12\\\/Estrogonofe-aplv.png 362w, https:\\\/\\\/culinariasemlactose.com\\\/curiosidades\\\/wp-content\\\/uploads\\\/2024\\\/12\\\/Estrogonofe-aplv-250x300.png 250w&quot;}\" \/>\t\t\t\t\t\t\t\t\t\t\t\t\t\t\t<\/div>\n\t\t\t\t<div class=\"elementor-element elementor-element-2abae3d elementor-align-justify elementor-widget elementor-widget-button\" data-id=\"2abae3d\" data-element_type=\"widget\" data-e-type=\"widget\" data-widget_type=\"button.default\">\n\t\t\t\t\t\t\t\t\t\t<a class=\"elementor-button elementor-button-link elementor-size-sm\" href=\"https:\/\/culinariasemlactose.com\/categoria\/almoco-de-domingo-sem-lactose\/\">\n\t\t\t\t\t\t<span class=\"elementor-button-content-wrapper\">\n\t\t\t\t\t\t\t\t\t<span class=\"elementor-button-text\">Almo\u00e7o e Jantar<\/span>\n\t\t\t\t\t<\/span>\n\t\t\t\t\t<\/a>\n\t\t\t\t\t\t\t\t<\/div>\n\t\t\t\t<div class=\"elementor-element elementor-element-a401771 elementor-widget elementor-widget-spacer\" data-id=\"a401771\" data-element_type=\"widget\" data-e-type=\"widget\" data-widget_type=\"spacer.default\">\n\t\t\t\t\t\t\t<div class=\"elementor-spacer\">\n\t\t\t<div class=\"elementor-spacer-inner\"><\/div>\n\t\t<\/div>\n\t\t\t\t\t\t<\/div>\n\t\t\t\t<div class=\"elementor-element elementor-element-d526c2b elementor-widget elementor-widget-image\" data-id=\"d526c2b\" data-element_type=\"widget\" data-e-type=\"widget\" data-widget_type=\"image.default\">\n\t\t\t\t\t\t\t\t\t\t\t\t\t\t\t<img loading=\"lazy\" decoding=\"async\" width=\"362\" height=\"435\" src=\"https:\/\/culinariasemlactose.com\/curiosidades\/wp-content\/smush-avif\/2024\/12\/Arroz-doce-zero-lactose.png.avif\" class=\"attachment-full size-full wp-image-2840\" alt=\"Sobremesas sem Lactose\" srcset=\"https:\/\/culinariasemlactose.com\/curiosidades\/wp-content\/smush-avif\/2024\/12\/Arroz-doce-zero-lactose.png.avif 362w, https:\/\/culinariasemlactose.com\/curiosidades\/wp-content\/smush-avif\/2024\/12\/Arroz-doce-zero-lactose-250x300.png.avif 250w\" sizes=\"(max-width: 362px) 100vw, 362px\" data-smush-avif-fallback=\"{&quot;src&quot;:&quot;https:\\\/\\\/culinariasemlactose.com\\\/curiosidades\\\/wp-content\\\/uploads\\\/2024\\\/12\\\/Arroz-doce-zero-lactose.png&quot;,&quot;srcset&quot;:&quot;https:\\\/\\\/culinariasemlactose.com\\\/curiosidades\\\/wp-content\\\/uploads\\\/2024\\\/12\\\/Arroz-doce-zero-lactose.png 362w, https:\\\/\\\/culinariasemlactose.com\\\/curiosidades\\\/wp-content\\\/uploads\\\/2024\\\/12\\\/Arroz-doce-zero-lactose-250x300.png 250w&quot;}\" \/>\t\t\t\t\t\t\t\t\t\t\t\t\t\t\t<\/div>\n\t\t\t\t<div class=\"elementor-element elementor-element-8509a9e elementor-align-justify elementor-widget elementor-widget-button\" data-id=\"8509a9e\" data-element_type=\"widget\" data-e-type=\"widget\" data-widget_type=\"button.default\">\n\t\t\t\t\t\t\t\t\t\t<a class=\"elementor-button elementor-button-link elementor-size-sm\" href=\"https:\/\/culinariasemlactose.com\/categoria\/doce-sem-lactose\/\">\n\t\t\t\t\t\t<span class=\"elementor-button-content-wrapper\">\n\t\t\t\t\t\t\t\t\t<span class=\"elementor-button-text\">Sobremesas sem Lactose<\/span>\n\t\t\t\t\t<\/span>\n\t\t\t\t\t<\/a>\n\t\t\t\t\t\t\t\t<\/div>\n\t\t\t\t\t<\/div>\n\t\t<\/div>\n\t\t\t\t<div class=\"elementor-column elementor-col-33 elementor-top-column elementor-element elementor-element-bce819d\" data-id=\"bce819d\" data-element_type=\"column\" data-e-type=\"column\">\n\t\t\t<div class=\"elementor-widget-wrap elementor-element-populated\">\n\t\t\t\t\t\t<div class=\"elementor-element elementor-element-3f146a0 elementor-widget elementor-widget-image\" data-id=\"3f146a0\" data-element_type=\"widget\" data-e-type=\"widget\" data-widget_type=\"image.default\">\n\t\t\t\t\t\t\t\t\t\t\t\t\t\t\t<img loading=\"lazy\" decoding=\"async\" width=\"362\" height=\"435\" src=\"https:\/\/culinariasemlactose.com\/curiosidades\/wp-content\/smush-avif\/2024\/12\/Suco-de-abacaxi-com-maca.png.avif\" class=\"attachment-full size-full wp-image-2841\" alt=\"Bebidas sem lactose\" srcset=\"https:\/\/culinariasemlactose.com\/curiosidades\/wp-content\/smush-avif\/2024\/12\/Suco-de-abacaxi-com-maca.png.avif 362w, https:\/\/culinariasemlactose.com\/curiosidades\/wp-content\/smush-avif\/2024\/12\/Suco-de-abacaxi-com-maca-250x300.png.avif 250w\" sizes=\"(max-width: 362px) 100vw, 362px\" data-smush-avif-fallback=\"{&quot;src&quot;:&quot;https:\\\/\\\/culinariasemlactose.com\\\/curiosidades\\\/wp-content\\\/uploads\\\/2024\\\/12\\\/Suco-de-abacaxi-com-maca.png&quot;,&quot;srcset&quot;:&quot;https:\\\/\\\/culinariasemlactose.com\\\/curiosidades\\\/wp-content\\\/uploads\\\/2024\\\/12\\\/Suco-de-abacaxi-com-maca.png 362w, https:\\\/\\\/culinariasemlactose.com\\\/curiosidades\\\/wp-content\\\/uploads\\\/2024\\\/12\\\/Suco-de-abacaxi-com-maca-250x300.png 250w&quot;}\" \/>\t\t\t\t\t\t\t\t\t\t\t\t\t\t\t<\/div>\n\t\t\t\t<div class=\"elementor-element elementor-element-af372a5 elementor-align-justify elementor-widget elementor-widget-button\" data-id=\"af372a5\" data-element_type=\"widget\" data-e-type=\"widget\" data-widget_type=\"button.default\">\n\t\t\t\t\t\t\t\t\t\t<a class=\"elementor-button elementor-button-link elementor-size-sm\" href=\"https:\/\/culinariasemlactose.com\/categoria\/bebidas-sem-lactose\/\">\n\t\t\t\t\t\t<span class=\"elementor-button-content-wrapper\">\n\t\t\t\t\t\t\t\t\t<span class=\"elementor-button-text\">Bebidas sem Lactose<\/span>\n\t\t\t\t\t<\/span>\n\t\t\t\t\t<\/a>\n\t\t\t\t\t\t\t\t<\/div>\n\t\t\t\t<div class=\"elementor-element elementor-element-8bd5683 elementor-widget elementor-widget-spacer\" data-id=\"8bd5683\" data-element_type=\"widget\" data-e-type=\"widget\" data-widget_type=\"spacer.default\">\n\t\t\t\t\t\t\t<div class=\"elementor-spacer\">\n\t\t\t<div class=\"elementor-spacer-inner\"><\/div>\n\t\t<\/div>\n\t\t\t\t\t\t<\/div>\n\t\t\t\t<div class=\"elementor-element elementor-element-1f420a7 elementor-widget elementor-widget-image\" data-id=\"1f420a7\" data-element_type=\"widget\" data-e-type=\"widget\" data-widget_type=\"image.default\">\n\t\t\t\t\t\t\t\t\t\t\t\t\t\t\t<img loading=\"lazy\" decoding=\"async\" width=\"362\" height=\"435\" src=\"https:\/\/culinariasemlactose.com\/curiosidades\/wp-content\/smush-avif\/2024\/12\/Pao-doce-aplv.png.avif\" class=\"attachment-full size-full wp-image-2842\" alt=\"P\u00e3es sem Lactose\" srcset=\"https:\/\/culinariasemlactose.com\/curiosidades\/wp-content\/smush-avif\/2024\/12\/Pao-doce-aplv.png.avif 362w, https:\/\/culinariasemlactose.com\/curiosidades\/wp-content\/smush-avif\/2024\/12\/Pao-doce-aplv-250x300.png.avif 250w\" sizes=\"(max-width: 362px) 100vw, 362px\" data-smush-avif-fallback=\"{&quot;src&quot;:&quot;https:\\\/\\\/culinariasemlactose.com\\\/curiosidades\\\/wp-content\\\/uploads\\\/2024\\\/12\\\/Pao-doce-aplv.png&quot;,&quot;srcset&quot;:&quot;https:\\\/\\\/culinariasemlactose.com\\\/curiosidades\\\/wp-content\\\/uploads\\\/2024\\\/12\\\/Pao-doce-aplv.png 362w, https:\\\/\\\/culinariasemlactose.com\\\/curiosidades\\\/wp-content\\\/uploads\\\/2024\\\/12\\\/Pao-doce-aplv-250x300.png 250w&quot;}\" \/>\t\t\t\t\t\t\t\t\t\t\t\t\t\t\t<\/div>\n\t\t\t\t<div class=\"elementor-element elementor-element-a116906 elementor-align-justify elementor-widget elementor-widget-button\" data-id=\"a116906\" data-element_type=\"widget\" data-e-type=\"widget\" data-widget_type=\"button.default\">\n\t\t\t\t\t\t\t\t\t\t<a class=\"elementor-button elementor-button-link elementor-size-sm\" href=\"https:\/\/culinariasemlactose.com\/categoria\/pao-sem-lactose\/\">\n\t\t\t\t\t\t<span class=\"elementor-button-content-wrapper\">\n\t\t\t\t\t\t\t\t\t<span class=\"elementor-button-text\">P\u00e3es sem Lactose<\/span>\n\t\t\t\t\t<\/span>\n\t\t\t\t\t<\/a>\n\t\t\t\t\t\t\t\t<\/div>\n\t\t\t\t\t<\/div>\n\t\t<\/div>\n\t\t\t\t<div class=\"elementor-column elementor-col-33 elementor-top-column elementor-element elementor-element-edcd32a\" data-id=\"edcd32a\" data-element_type=\"column\" data-e-type=\"column\">\n\t\t\t<div class=\"elementor-widget-wrap elementor-element-populated\">\n\t\t\t\t\t\t<div class=\"elementor-element elementor-element-9485cbb elementor-widget elementor-widget-image\" data-id=\"9485cbb\" data-element_type=\"widget\" data-e-type=\"widget\" data-widget_type=\"image.default\">\n\t\t\t\t\t\t\t\t\t\t\t\t\t\t\t<img loading=\"lazy\" decoding=\"async\" width=\"362\" height=\"435\" src=\"https:\/\/culinariasemlactose.com\/curiosidades\/wp-content\/smush-avif\/2024\/12\/Bolo-de-cenoura-natalino-.png.avif\" class=\"attachment-full size-full wp-image-2843\" alt=\"Bolos sem Lactose\" srcset=\"https:\/\/culinariasemlactose.com\/curiosidades\/wp-content\/smush-avif\/2024\/12\/Bolo-de-cenoura-natalino-.png.avif 362w, https:\/\/culinariasemlactose.com\/curiosidades\/wp-content\/smush-avif\/2024\/12\/Bolo-de-cenoura-natalino--250x300.png.avif 250w\" sizes=\"(max-width: 362px) 100vw, 362px\" data-smush-avif-fallback=\"{&quot;src&quot;:&quot;https:\\\/\\\/culinariasemlactose.com\\\/curiosidades\\\/wp-content\\\/uploads\\\/2024\\\/12\\\/Bolo-de-cenoura-natalino-.png&quot;,&quot;srcset&quot;:&quot;https:\\\/\\\/culinariasemlactose.com\\\/curiosidades\\\/wp-content\\\/uploads\\\/2024\\\/12\\\/Bolo-de-cenoura-natalino-.png 362w, https:\\\/\\\/culinariasemlactose.com\\\/curiosidades\\\/wp-content\\\/uploads\\\/2024\\\/12\\\/Bolo-de-cenoura-natalino--250x300.png 250w&quot;}\" \/>\t\t\t\t\t\t\t\t\t\t\t\t\t\t\t<\/div>\n\t\t\t\t<div class=\"elementor-element elementor-element-990961c elementor-align-justify elementor-widget elementor-widget-button\" data-id=\"990961c\" data-element_type=\"widget\" data-e-type=\"widget\" data-widget_type=\"button.default\">\n\t\t\t\t\t\t\t\t\t\t<a class=\"elementor-button elementor-button-link elementor-size-sm\" href=\"https:\/\/culinariasemlactose.com\/categoria\/bolos-sem-lactose\/\">\n\t\t\t\t\t\t<span class=\"elementor-button-content-wrapper\">\n\t\t\t\t\t\t\t\t\t<span class=\"elementor-button-text\">Bolos sem Lactose<\/span>\n\t\t\t\t\t<\/span>\n\t\t\t\t\t<\/a>\n\t\t\t\t\t\t\t\t<\/div>\n\t\t\t\t<div class=\"elementor-element elementor-element-e2d0cfd elementor-widget elementor-widget-spacer\" data-id=\"e2d0cfd\" data-element_type=\"widget\" data-e-type=\"widget\" data-widget_type=\"spacer.default\">\n\t\t\t\t\t\t\t<div class=\"elementor-spacer\">\n\t\t\t<div class=\"elementor-spacer-inner\"><\/div>\n\t\t<\/div>\n\t\t\t\t\t\t<\/div>\n\t\t\t\t<div class=\"elementor-element elementor-element-a7b47fb elementor-widget elementor-widget-image\" data-id=\"a7b47fb\" data-element_type=\"widget\" data-e-type=\"widget\" data-widget_type=\"image.default\">\n\t\t\t\t\t\t\t\t\t\t\t\t\t\t\t<img loading=\"lazy\" decoding=\"async\" width=\"362\" height=\"435\" src=\"https:\/\/culinariasemlactose.com\/curiosidades\/wp-content\/smush-avif\/2024\/12\/Sorvete-de-flocos-aplv.png.avif\" class=\"attachment-full size-full wp-image-2844\" alt=\"Sorvetes sem Lactose\" srcset=\"https:\/\/culinariasemlactose.com\/curiosidades\/wp-content\/smush-avif\/2024\/12\/Sorvete-de-flocos-aplv.png.avif 362w, https:\/\/culinariasemlactose.com\/curiosidades\/wp-content\/smush-avif\/2024\/12\/Sorvete-de-flocos-aplv-250x300.png.avif 250w\" sizes=\"(max-width: 362px) 100vw, 362px\" data-smush-avif-fallback=\"{&quot;src&quot;:&quot;https:\\\/\\\/culinariasemlactose.com\\\/curiosidades\\\/wp-content\\\/uploads\\\/2024\\\/12\\\/Sorvete-de-flocos-aplv.png&quot;,&quot;srcset&quot;:&quot;https:\\\/\\\/culinariasemlactose.com\\\/curiosidades\\\/wp-content\\\/uploads\\\/2024\\\/12\\\/Sorvete-de-flocos-aplv.png 362w, https:\\\/\\\/culinariasemlactose.com\\\/curiosidades\\\/wp-content\\\/uploads\\\/2024\\\/12\\\/Sorvete-de-flocos-aplv-250x300.png 250w&quot;}\" \/>\t\t\t\t\t\t\t\t\t\t\t\t\t\t\t<\/div>\n\t\t\t\t<div class=\"elementor-element elementor-element-e6e22d4 elementor-align-justify elementor-widget elementor-widget-button\" data-id=\"e6e22d4\" data-element_type=\"widget\" data-e-type=\"widget\" data-widget_type=\"button.default\">\n\t\t\t\t\t\t\t\t\t\t<a class=\"elementor-button elementor-button-link elementor-size-sm\" href=\"https:\/\/culinariasemlactose.com\/categoria\/sorvetes-sem-lactose\/\">\n\t\t\t\t\t\t<span class=\"elementor-button-content-wrapper\">\n\t\t\t\t\t\t\t\t\t<span class=\"elementor-button-text\">Sorvetes sem Lactose<\/span>\n\t\t\t\t\t<\/span>\n\t\t\t\t\t<\/a>\n\t\t\t\t\t\t\t\t<\/div>\n\t\t\t\t\t<\/div>\n\t\t<\/div>\n\t\t\t\t\t<\/div>\n\t\t<\/section>\n\t\t\t\t<section class=\"elementor-section elementor-top-section elementor-element elementor-element-3e9389e elementor-section-boxed elementor-section-height-default elementor-section-height-default\" data-id=\"3e9389e\" data-element_type=\"section\" data-e-type=\"section\">\n\t\t\t\t\t\t<div class=\"elementor-container elementor-column-gap-no\">\n\t\t\t\t\t<div class=\"elementor-column elementor-col-100 elementor-top-column elementor-element elementor-element-8e5848d\" data-id=\"8e5848d\" data-element_type=\"column\" data-e-type=\"column\">\n\t\t\t<div class=\"elementor-widget-wrap elementor-element-populated\">\n\t\t\t\t\t\t<div class=\"elementor-element elementor-element-1f9cdf5 elementor-widget elementor-widget-heading\" data-id=\"1f9cdf5\" data-element_type=\"widget\" data-e-type=\"widget\" data-widget_type=\"heading.default\">\n\t\t\t\t\t<h2 class=\"elementor-heading-title elementor-size-default\">Artigos em Destaque<\/h2>\t\t\t\t<\/div>\n\t\t\t\t<div class=\"elementor-element elementor-element-25b21f6 elementor-grid-1 elementor-posts--align-center elementor-grid-tablet-1 elementor-grid-mobile-1 elementor-posts--thumbnail-top elementor-widget elementor-widget-posts\" data-id=\"25b21f6\" data-element_type=\"widget\" data-e-type=\"widget\" data-settings=\"{&quot;classic_columns&quot;:&quot;1&quot;,&quot;classic_columns_tablet&quot;:&quot;1&quot;,&quot;classic_columns_mobile&quot;:&quot;1&quot;,&quot;classic_row_gap&quot;:{&quot;unit&quot;:&quot;px&quot;,&quot;size&quot;:35,&quot;sizes&quot;:[]},&quot;classic_row_gap_tablet&quot;:{&quot;unit&quot;:&quot;px&quot;,&quot;size&quot;:&quot;&quot;,&quot;sizes&quot;:[]},&quot;classic_row_gap_mobile&quot;:{&quot;unit&quot;:&quot;px&quot;,&quot;size&quot;:&quot;&quot;,&quot;sizes&quot;:[]}}\" data-widget_type=\"posts.classic\">\n\t\t\t\t<div class=\"elementor-widget-container\">\n\t\t\t\t\t\t\t<div class=\"elementor-posts-container elementor-posts elementor-posts--skin-classic elementor-grid\" role=\"list\">\n\t\t\t\t<article class=\"elementor-post elementor-grid-item post-1073 post type-post status-publish format-standard has-post-thumbnail hentry category-curiosidades-da-culinaria\" role=\"listitem\">\n\t\t\t\t<a class=\"elementor-post__thumbnail__link\" href=\"https:\/\/culinariasemlactose.com\/curiosidades\/dicionario-culinario\/\" tabindex=\"-1\">\n\t\t\t<div class=\"elementor-post__thumbnail\"><img loading=\"lazy\" decoding=\"async\" width=\"800\" height=\"600\" src=\"https:\/\/culinariasemlactose.com\/curiosidades\/wp-content\/smush-avif\/2024\/01\/Dicionario-culinario-1024x768.jpg.avif\" class=\"attachment-large size-large wp-image-1128\" alt=\"Dicion\u00e1rio Culin\u00e1rio- Termos e T\u00e9cnica\" srcset=\"https:\/\/culinariasemlactose.com\/curiosidades\/wp-content\/smush-avif\/2024\/01\/Dicionario-culinario-1024x768.jpg.avif 1024w, https:\/\/culinariasemlactose.com\/curiosidades\/wp-content\/smush-avif\/2024\/01\/Dicionario-culinario-600x450.jpg.avif 600w, https:\/\/culinariasemlactose.com\/curiosidades\/wp-content\/smush-avif\/2024\/01\/Dicionario-culinario-300x225.jpg.avif 300w, https:\/\/culinariasemlactose.com\/curiosidades\/wp-content\/smush-avif\/2024\/01\/Dicionario-culinario-768x576.jpg.avif 768w, https:\/\/culinariasemlactose.com\/curiosidades\/wp-content\/smush-avif\/2024\/01\/Dicionario-culinario-150x113.jpg.avif 150w, https:\/\/culinariasemlactose.com\/curiosidades\/wp-content\/smush-avif\/2024\/01\/Dicionario-culinario.jpg.avif 1200w\" sizes=\"(max-width: 800px) 100vw, 800px\" data-smush-avif-fallback=\"{&quot;src&quot;:&quot;https:\\\/\\\/culinariasemlactose.com\\\/curiosidades\\\/wp-content\\\/uploads\\\/2024\\\/01\\\/Dicionario-culinario-1024x768.jpg&quot;,&quot;srcset&quot;:&quot;https:\\\/\\\/culinariasemlactose.com\\\/curiosidades\\\/wp-content\\\/uploads\\\/2024\\\/01\\\/Dicionario-culinario-1024x768.jpg 1024w, https:\\\/\\\/culinariasemlactose.com\\\/curiosidades\\\/wp-content\\\/uploads\\\/2024\\\/01\\\/Dicionario-culinario-600x450.jpg 600w, https:\\\/\\\/culinariasemlactose.com\\\/curiosidades\\\/wp-content\\\/uploads\\\/2024\\\/01\\\/Dicionario-culinario-300x225.jpg 300w, https:\\\/\\\/culinariasemlactose.com\\\/curiosidades\\\/wp-content\\\/uploads\\\/2024\\\/01\\\/Dicionario-culinario-768x576.jpg 768w, https:\\\/\\\/culinariasemlactose.com\\\/curiosidades\\\/wp-content\\\/uploads\\\/2024\\\/01\\\/Dicionario-culinario-150x113.jpg 150w, https:\\\/\\\/culinariasemlactose.com\\\/curiosidades\\\/wp-content\\\/uploads\\\/2024\\\/01\\\/Dicionario-culinario.jpg 1200w&quot;}\" \/><\/div>\n\t\t<\/a>\n\t\t\t\t<div class=\"elementor-post__text\">\n\t\t\t\t<h3 class=\"elementor-post__title\">\n\t\t\t<a href=\"https:\/\/culinariasemlactose.com\/curiosidades\/dicionario-culinario\/\">\n\t\t\t\tDicion\u00e1rio Culin\u00e1rio: Veja o Significado de Algumas T\u00e9cnicas e Termos Culin\u00e1rios Mais Usados\t\t\t<\/a>\n\t\t<\/h3>\n\t\t\t\t<div class=\"elementor-post__excerpt\">\n\t\t\t<p>Se voc\u00ea \u00e9 um amante da culin\u00e1ria ou apenas um curioso na cozinha, ter um dicion\u00e1rio culin\u00e1rio pode ser uma ferramenta \u00fatil para entender os termos e t\u00e9cnicas utilizados na gastronomia.\u00a0 Ter conhecimento desses termos e t\u00e9cnicas pode ajud\u00e1-lo a se tornar um cozinheiro mais experiente e confiante na cozinha. Explore novas receitas e experimente novas t\u00e9cnicas culin\u00e1rias! Dicion\u00e1rio Culin\u00e1rio<\/p>\n\t\t<\/div>\n\t\t\n\t\t<a class=\"elementor-post__read-more\" href=\"https:\/\/culinariasemlactose.com\/curiosidades\/dicionario-culinario\/\" aria-label=\"Leia mais sobre Dicion\u00e1rio Culin\u00e1rio: Veja o Significado de Algumas T\u00e9cnicas e Termos Culin\u00e1rios Mais Usados\" tabindex=\"-1\">\n\t\t\tLeia Mais...\t\t<\/a>\n\n\t\t\t\t<\/div>\n\t\t\t\t<\/article>\n\t\t\t\t<\/div>\n\t\t\n\t\t\t\t\t\t<\/div>\n\t\t\t\t<\/div>\n\t\t\t\t<div class=\"elementor-element elementor-element-f9da946 elementor-widget-divider--view-line elementor-widget elementor-widget-divider\" data-id=\"f9da946\" data-element_type=\"widget\" data-e-type=\"widget\" data-widget_type=\"divider.default\">\n\t\t\t\t\t\t\t<div class=\"elementor-divider\">\n\t\t\t<span class=\"elementor-divider-separator\">\n\t\t\t\t\t\t<\/span>\n\t\t<\/div>\n\t\t\t\t\t\t<\/div>\n\t\t\t\t<div class=\"elementor-element elementor-element-d8108fa elementor-widget elementor-widget-heading\" data-id=\"d8108fa\" data-element_type=\"widget\" data-e-type=\"widget\" data-widget_type=\"heading.default\">\n\t\t\t\t\t<h2 class=\"elementor-heading-title elementor-size-default\">Cole\u00e7\u00e3o de Artigos<\/h2>\t\t\t\t<\/div>\n\t\t\t\t<div class=\"elementor-element elementor-element-63859e8 elementor-posts--align-left elementor-grid-2 elementor-posts--thumbnail-left elementor-grid-tablet-1 elementor-grid-mobile-1 elementor-widget elementor-widget-posts\" data-id=\"63859e8\" data-element_type=\"widget\" data-e-type=\"widget\" data-settings=\"{&quot;classic_row_gap&quot;:{&quot;unit&quot;:&quot;px&quot;,&quot;size&quot;:40,&quot;sizes&quot;:[]},&quot;classic_columns&quot;:&quot;2&quot;,&quot;classic_columns_tablet&quot;:&quot;1&quot;,&quot;classic_columns_mobile&quot;:&quot;1&quot;,&quot;classic_row_gap_tablet&quot;:{&quot;unit&quot;:&quot;px&quot;,&quot;size&quot;:&quot;&quot;,&quot;sizes&quot;:[]},&quot;classic_row_gap_mobile&quot;:{&quot;unit&quot;:&quot;px&quot;,&quot;size&quot;:&quot;&quot;,&quot;sizes&quot;:[]}}\" data-widget_type=\"posts.classic\">\n\t\t\t\t<div class=\"elementor-widget-container\">\n\t\t\t\t\t\t\t<div class=\"elementor-posts-container elementor-posts elementor-posts--skin-classic elementor-grid\" role=\"list\">\n\t\t\t\t<article class=\"elementor-post elementor-grid-item post-121 post type-post status-publish format-standard has-post-thumbnail hentry category-dicas-de-receitas category-curiosidades-da-culinaria\" role=\"listitem\">\n\t\t\t\t<a class=\"elementor-post__thumbnail__link\" href=\"https:\/\/culinariasemlactose.com\/curiosidades\/receitas-top-5-do-mes-de-abril\/\" tabindex=\"-1\">\n\t\t\t<div class=\"elementor-post__thumbnail\"><img loading=\"lazy\" decoding=\"async\" width=\"800\" height=\"600\" src=\"https:\/\/culinariasemlactose.com\/curiosidades\/wp-content\/smush-avif\/2023\/10\/TOP-5-Mes-de-Abril-1024x768.jpg.avif\" class=\"attachment-large size-large wp-image-328\" alt=\"Receitas sem Lactose TOP 5 do m\u00eas de abril de 2023\" srcset=\"https:\/\/culinariasemlactose.com\/curiosidades\/wp-content\/smush-avif\/2023\/10\/TOP-5-Mes-de-Abril-1024x768.jpg.avif 1024w, https:\/\/culinariasemlactose.com\/curiosidades\/wp-content\/smush-avif\/2023\/10\/TOP-5-Mes-de-Abril-300x225.jpg.avif 300w, https:\/\/culinariasemlactose.com\/curiosidades\/wp-content\/smush-avif\/2023\/10\/TOP-5-Mes-de-Abril-768x576.jpg.avif 768w, https:\/\/culinariasemlactose.com\/curiosidades\/wp-content\/smush-avif\/2023\/10\/TOP-5-Mes-de-Abril.jpg.avif 1200w\" sizes=\"(max-width: 800px) 100vw, 800px\" data-smush-avif-fallback=\"{&quot;src&quot;:&quot;https:\\\/\\\/culinariasemlactose.com\\\/curiosidades\\\/wp-content\\\/uploads\\\/2023\\\/10\\\/TOP-5-Mes-de-Abril-1024x768.jpg&quot;,&quot;srcset&quot;:&quot;https:\\\/\\\/culinariasemlactose.com\\\/curiosidades\\\/wp-content\\\/uploads\\\/2023\\\/10\\\/TOP-5-Mes-de-Abril-1024x768.jpg 1024w, https:\\\/\\\/culinariasemlactose.com\\\/curiosidades\\\/wp-content\\\/uploads\\\/2023\\\/10\\\/TOP-5-Mes-de-Abril-300x225.jpg 300w, https:\\\/\\\/culinariasemlactose.com\\\/curiosidades\\\/wp-content\\\/uploads\\\/2023\\\/10\\\/TOP-5-Mes-de-Abril-768x576.jpg 768w, https:\\\/\\\/culinariasemlactose.com\\\/curiosidades\\\/wp-content\\\/uploads\\\/2023\\\/10\\\/TOP-5-Mes-de-Abril.jpg 1200w&quot;}\" \/><\/div>\n\t\t<\/a>\n\t\t\t\t<div class=\"elementor-post__text\">\n\t\t\t\t<h3 class=\"elementor-post__title\">\n\t\t\t<a href=\"https:\/\/culinariasemlactose.com\/curiosidades\/receitas-top-5-do-mes-de-abril\/\">\n\t\t\t\tReceitas Top 5 do M\u00eas de Abril de 2023 do Canal Culin\u00e1ria sem Lactose\t\t\t<\/a>\n\t\t<\/h3>\n\t\t\t\t<div class=\"elementor-post__meta-data\">\n\t\t\t\t\t<span class=\"elementor-post-date\">\n\t\t\t20\/10\/2023\t\t<\/span>\n\t\t\t\t<\/div>\n\t\t\t\t<div class=\"elementor-post__excerpt\">\n\t\t\t<p>Veja as receitas TOP 5 do m\u00eas de abril do canal Culin\u00e1ria<\/p>\n\t\t<\/div>\n\t\t\n\t\t<a class=\"elementor-post__read-more\" href=\"https:\/\/culinariasemlactose.com\/curiosidades\/receitas-top-5-do-mes-de-abril\/\" aria-label=\"Leia mais sobre Receitas Top 5 do M\u00eas de Abril de 2023 do Canal Culin\u00e1ria sem Lactose\" tabindex=\"-1\">\n\t\t\tLeia Mais...\t\t<\/a>\n\n\t\t\t\t<\/div>\n\t\t\t\t<\/article>\n\t\t\t\t<article class=\"elementor-post elementor-grid-item post-744 post type-post status-publish format-standard has-post-thumbnail hentry category-curiosidades-da-culinaria\" role=\"listitem\">\n\t\t\t\t<a class=\"elementor-post__thumbnail__link\" href=\"https:\/\/culinariasemlactose.com\/curiosidades\/receitas-top-5-do-mes-de-agosto\/\" tabindex=\"-1\">\n\t\t\t<div class=\"elementor-post__thumbnail\"><img loading=\"lazy\" decoding=\"async\" width=\"800\" height=\"600\" src=\"https:\/\/culinariasemlactose.com\/curiosidades\/wp-content\/smush-avif\/2023\/11\/Top-5-Mes-de-Agosto-1024x768.png.avif\" class=\"attachment-large size-large wp-image-770\" alt=\"\" srcset=\"https:\/\/culinariasemlactose.com\/curiosidades\/wp-content\/smush-avif\/2023\/11\/Top-5-Mes-de-Agosto-1024x768.png.avif 1024w, https:\/\/culinariasemlactose.com\/curiosidades\/wp-content\/smush-avif\/2023\/11\/Top-5-Mes-de-Agosto-300x225.png.avif 300w, https:\/\/culinariasemlactose.com\/curiosidades\/wp-content\/smush-avif\/2023\/11\/Top-5-Mes-de-Agosto-768x576.png.avif 768w, https:\/\/culinariasemlactose.com\/curiosidades\/wp-content\/smush-avif\/2023\/11\/Top-5-Mes-de-Agosto-150x113.png.avif 150w, https:\/\/culinariasemlactose.com\/curiosidades\/wp-content\/smush-avif\/2023\/11\/Top-5-Mes-de-Agosto.png.avif 1200w\" sizes=\"(max-width: 800px) 100vw, 800px\" data-smush-avif-fallback=\"{&quot;src&quot;:&quot;https:\\\/\\\/culinariasemlactose.com\\\/curiosidades\\\/wp-content\\\/uploads\\\/2023\\\/11\\\/Top-5-Mes-de-Agosto-1024x768.png&quot;,&quot;srcset&quot;:&quot;https:\\\/\\\/culinariasemlactose.com\\\/curiosidades\\\/wp-content\\\/uploads\\\/2023\\\/11\\\/Top-5-Mes-de-Agosto-1024x768.png 1024w, https:\\\/\\\/culinariasemlactose.com\\\/curiosidades\\\/wp-content\\\/uploads\\\/2023\\\/11\\\/Top-5-Mes-de-Agosto-300x225.png 300w, https:\\\/\\\/culinariasemlactose.com\\\/curiosidades\\\/wp-content\\\/uploads\\\/2023\\\/11\\\/Top-5-Mes-de-Agosto-768x576.png 768w, https:\\\/\\\/culinariasemlactose.com\\\/curiosidades\\\/wp-content\\\/uploads\\\/2023\\\/11\\\/Top-5-Mes-de-Agosto-150x113.png 150w, https:\\\/\\\/culinariasemlactose.com\\\/curiosidades\\\/wp-content\\\/uploads\\\/2023\\\/11\\\/Top-5-Mes-de-Agosto.png 1200w&quot;}\" \/><\/div>\n\t\t<\/a>\n\t\t\t\t<div class=\"elementor-post__text\">\n\t\t\t\t<h3 class=\"elementor-post__title\">\n\t\t\t<a href=\"https:\/\/culinariasemlactose.com\/curiosidades\/receitas-top-5-do-mes-de-agosto\/\">\n\t\t\t\tReceitas TOP 5 do M\u00eas de Agosto de 2023 do Canal Culin\u00e1ria sem Lactose\t\t\t<\/a>\n\t\t<\/h3>\n\t\t\t\t<div class=\"elementor-post__meta-data\">\n\t\t\t\t\t<span class=\"elementor-post-date\">\n\t\t\t09\/11\/2023\t\t<\/span>\n\t\t\t\t<\/div>\n\t\t\t\t<div class=\"elementor-post__excerpt\">\n\t\t\t<p>Veja as receitas TOP 5 do m\u00eas de agosto do canal Culin\u00e1ria<\/p>\n\t\t<\/div>\n\t\t\n\t\t<a class=\"elementor-post__read-more\" href=\"https:\/\/culinariasemlactose.com\/curiosidades\/receitas-top-5-do-mes-de-agosto\/\" aria-label=\"Leia mais sobre Receitas TOP 5 do M\u00eas de Agosto de 2023 do Canal Culin\u00e1ria sem Lactose\" tabindex=\"-1\">\n\t\t\tLeia Mais...\t\t<\/a>\n\n\t\t\t\t<\/div>\n\t\t\t\t<\/article>\n\t\t\t\t<article class=\"elementor-post elementor-grid-item post-369 post type-post status-publish format-standard has-post-thumbnail hentry category-dicas-de-receitas category-curiosidades-da-culinaria\" role=\"listitem\">\n\t\t\t\t<a class=\"elementor-post__thumbnail__link\" href=\"https:\/\/culinariasemlactose.com\/curiosidades\/receitas-top-5-do-mes-de-maio\/\" tabindex=\"-1\">\n\t\t\t<div class=\"elementor-post__thumbnail\"><img loading=\"lazy\" decoding=\"async\" width=\"800\" height=\"600\" src=\"https:\/\/culinariasemlactose.com\/curiosidades\/wp-content\/smush-avif\/2023\/10\/Top-5-Mes-de-Maio-1024x768.jpg.avif\" class=\"attachment-large size-large wp-image-392\" alt=\"Receitas sem Lactose Top 5 do M\u00eas de Maio\" srcset=\"https:\/\/culinariasemlactose.com\/curiosidades\/wp-content\/smush-avif\/2023\/10\/Top-5-Mes-de-Maio-1024x768.jpg.avif 1024w, https:\/\/culinariasemlactose.com\/curiosidades\/wp-content\/smush-avif\/2023\/10\/Top-5-Mes-de-Maio-300x225.jpg.avif 300w, https:\/\/culinariasemlactose.com\/curiosidades\/wp-content\/smush-avif\/2023\/10\/Top-5-Mes-de-Maio-768x576.jpg.avif 768w, https:\/\/culinariasemlactose.com\/curiosidades\/wp-content\/smush-avif\/2023\/10\/Top-5-Mes-de-Maio.jpg.avif 1200w\" sizes=\"(max-width: 800px) 100vw, 800px\" data-smush-avif-fallback=\"{&quot;src&quot;:&quot;https:\\\/\\\/culinariasemlactose.com\\\/curiosidades\\\/wp-content\\\/uploads\\\/2023\\\/10\\\/Top-5-Mes-de-Maio-1024x768.jpg&quot;,&quot;srcset&quot;:&quot;https:\\\/\\\/culinariasemlactose.com\\\/curiosidades\\\/wp-content\\\/uploads\\\/2023\\\/10\\\/Top-5-Mes-de-Maio-1024x768.jpg 1024w, https:\\\/\\\/culinariasemlactose.com\\\/curiosidades\\\/wp-content\\\/uploads\\\/2023\\\/10\\\/Top-5-Mes-de-Maio-300x225.jpg 300w, https:\\\/\\\/culinariasemlactose.com\\\/curiosidades\\\/wp-content\\\/uploads\\\/2023\\\/10\\\/Top-5-Mes-de-Maio-768x576.jpg 768w, https:\\\/\\\/culinariasemlactose.com\\\/curiosidades\\\/wp-content\\\/uploads\\\/2023\\\/10\\\/Top-5-Mes-de-Maio.jpg 1200w&quot;}\" \/><\/div>\n\t\t<\/a>\n\t\t\t\t<div class=\"elementor-post__text\">\n\t\t\t\t<h3 class=\"elementor-post__title\">\n\t\t\t<a href=\"https:\/\/culinariasemlactose.com\/curiosidades\/receitas-top-5-do-mes-de-maio\/\">\n\t\t\t\tReceitas Top 5 do M\u00eas de Maio de 2023 do Canal Culin\u00e1ria sem Lactose\t\t\t<\/a>\n\t\t<\/h3>\n\t\t\t\t<div class=\"elementor-post__meta-data\">\n\t\t\t\t\t<span class=\"elementor-post-date\">\n\t\t\t22\/10\/2023\t\t<\/span>\n\t\t\t\t<\/div>\n\t\t\t\t<div class=\"elementor-post__excerpt\">\n\t\t\t<p>Conhe\u00e7a as <a href=\"https:\/\/culinariasemlactose.com\/categoria\/receitas-sem-lactose\/\" data-superlinks140684vt908f2723b=\"109\" class=\"spl-automatic-Link\" data-spl=\"109\">receitas sem lactose<\/a> TOP 5 do M\u00eas de Maio do<\/p>\n\t\t<\/div>\n\t\t\n\t\t<a class=\"elementor-post__read-more\" href=\"https:\/\/culinariasemlactose.com\/curiosidades\/receitas-top-5-do-mes-de-maio\/\" aria-label=\"Leia mais sobre Receitas Top 5 do M\u00eas de Maio de 2023 do Canal Culin\u00e1ria sem Lactose\" tabindex=\"-1\">\n\t\t\tLeia Mais...\t\t<\/a>\n\n\t\t\t\t<\/div>\n\t\t\t\t<\/article>\n\t\t\t\t<article class=\"elementor-post elementor-grid-item post-399 post type-post status-publish format-standard has-post-thumbnail hentry category-dicas-de-receitas category-curiosidades-da-culinaria\" role=\"listitem\">\n\t\t\t\t<a class=\"elementor-post__thumbnail__link\" href=\"https:\/\/culinariasemlactose.com\/curiosidades\/receitas-top-5-do-mes-de-junho\/\" tabindex=\"-1\">\n\t\t\t<div class=\"elementor-post__thumbnail\"><img loading=\"lazy\" decoding=\"async\" width=\"800\" height=\"600\" src=\"https:\/\/culinariasemlactose.com\/curiosidades\/wp-content\/smush-avif\/2023\/10\/Top-5-mes-de-Junho-1024x768.jpg.avif\" class=\"attachment-large size-large wp-image-467\" alt=\"Receitas Top 5 do M\u00eas de Junho\" srcset=\"https:\/\/culinariasemlactose.com\/curiosidades\/wp-content\/smush-avif\/2023\/10\/Top-5-mes-de-Junho-1024x768.jpg.avif 1024w, https:\/\/culinariasemlactose.com\/curiosidades\/wp-content\/smush-avif\/2023\/10\/Top-5-mes-de-Junho-300x225.jpg.avif 300w, https:\/\/culinariasemlactose.com\/curiosidades\/wp-content\/smush-avif\/2023\/10\/Top-5-mes-de-Junho-768x576.jpg.avif 768w, https:\/\/culinariasemlactose.com\/curiosidades\/wp-content\/smush-avif\/2023\/10\/Top-5-mes-de-Junho.jpg.avif 1200w\" sizes=\"(max-width: 800px) 100vw, 800px\" data-smush-avif-fallback=\"{&quot;src&quot;:&quot;https:\\\/\\\/culinariasemlactose.com\\\/curiosidades\\\/wp-content\\\/uploads\\\/2023\\\/10\\\/Top-5-mes-de-Junho-1024x768.jpg&quot;,&quot;srcset&quot;:&quot;https:\\\/\\\/culinariasemlactose.com\\\/curiosidades\\\/wp-content\\\/uploads\\\/2023\\\/10\\\/Top-5-mes-de-Junho-1024x768.jpg 1024w, https:\\\/\\\/culinariasemlactose.com\\\/curiosidades\\\/wp-content\\\/uploads\\\/2023\\\/10\\\/Top-5-mes-de-Junho-300x225.jpg 300w, https:\\\/\\\/culinariasemlactose.com\\\/curiosidades\\\/wp-content\\\/uploads\\\/2023\\\/10\\\/Top-5-mes-de-Junho-768x576.jpg 768w, https:\\\/\\\/culinariasemlactose.com\\\/curiosidades\\\/wp-content\\\/uploads\\\/2023\\\/10\\\/Top-5-mes-de-Junho.jpg 1200w&quot;}\" \/><\/div>\n\t\t<\/a>\n\t\t\t\t<div class=\"elementor-post__text\">\n\t\t\t\t<h3 class=\"elementor-post__title\">\n\t\t\t<a href=\"https:\/\/culinariasemlactose.com\/curiosidades\/receitas-top-5-do-mes-de-junho\/\">\n\t\t\t\tReceitas Top 5 do M\u00eas de Junho de 2023 do Canal Culin\u00e1ria sem Lactose\t\t\t<\/a>\n\t\t<\/h3>\n\t\t\t\t<div class=\"elementor-post__meta-data\">\n\t\t\t\t\t<span class=\"elementor-post-date\">\n\t\t\t22\/10\/2023\t\t<\/span>\n\t\t\t\t<\/div>\n\t\t\t\t<div class=\"elementor-post__excerpt\">\n\t\t\t<p>Conhe\u00e7a as receitas sem lactose TOP 5 do M\u00eas de Junho\u00a0do canal<\/p>\n\t\t<\/div>\n\t\t\n\t\t<a class=\"elementor-post__read-more\" href=\"https:\/\/culinariasemlactose.com\/curiosidades\/receitas-top-5-do-mes-de-junho\/\" aria-label=\"Leia mais sobre Receitas Top 5 do M\u00eas de Junho de 2023 do Canal Culin\u00e1ria sem Lactose\" tabindex=\"-1\">\n\t\t\tLeia Mais...\t\t<\/a>\n\n\t\t\t\t<\/div>\n\t\t\t\t<\/article>\n\t\t\t\t<\/div>\n\t\t\n\t\t\t\t\t\t<\/div>\n\t\t\t\t<\/div>\n\t\t\t\t\t<\/div>\n\t\t<\/div>\n\t\t\t\t\t<\/div>\n\t\t<\/section>\n\t\t\t\t<section class=\"elementor-section elementor-top-section elementor-element elementor-element-e28ebe8 elementor-section-stretched elementor-section-full_width elementor-section-content-middle elementor-section-height-default elementor-section-height-default\" data-id=\"e28ebe8\" data-element_type=\"section\" data-e-type=\"section\" data-settings=\"{&quot;stretch_section&quot;:&quot;section-stretched&quot;,&quot;shape_divider_top&quot;:&quot;mountains&quot;}\">\n\t\t\t\t\t<div class=\"elementor-shape elementor-shape-top\" aria-hidden=\"true\" data-negative=\"false\">\n\t\t\t<svg xmlns=\"http:\/\/www.w3.org\/2000\/svg\" viewBox=\"0 0 1000 100\" preserveAspectRatio=\"none\">\n\t<path class=\"elementor-shape-fill\" opacity=\"0.33\" d=\"M473,67.3c-203.9,88.3-263.1-34-320.3,0C66,119.1,0,59.7,0,59.7V0h1000v59.7 c0,0-62.1,26.1-94.9,29.3c-32.8,3.3-62.8-12.3-75.8-22.1C806,49.6,745.3,8.7,694.9,4.7S492.4,59,473,67.3z\"\/>\n\t<path class=\"elementor-shape-fill\" opacity=\"0.66\" d=\"M734,67.3c-45.5,0-77.2-23.2-129.1-39.1c-28.6-8.7-150.3-10.1-254,39.1 s-91.7-34.4-149.2,0C115.7,118.3,0,39.8,0,39.8V0h1000v36.5c0,0-28.2-18.5-92.1-18.5C810.2,18.1,775.7,67.3,734,67.3z\"\/>\n\t<path class=\"elementor-shape-fill\" d=\"M766.1,28.9c-200-57.5-266,65.5-395.1,19.5C242,1.8,242,5.4,184.8,20.6C128,35.8,132.3,44.9,89.9,52.5C28.6,63.7,0,0,0,0 h1000c0,0-9.9,40.9-83.6,48.1S829.6,47,766.1,28.9z\"\/>\n<\/svg>\t\t<\/div>\n\t\t\t\t\t<div class=\"elementor-container elementor-column-gap-default\">\n\t\t\t\t\t<div class=\"elementor-column elementor-col-50 elementor-top-column elementor-element elementor-element-ba1c533\" data-id=\"ba1c533\" data-element_type=\"column\" data-e-type=\"column\" data-settings=\"{&quot;background_background&quot;:&quot;classic&quot;}\">\n\t\t\t<div class=\"elementor-widget-wrap elementor-element-populated\">\n\t\t\t\t\t\t<div class=\"elementor-element elementor-element-87a033b elementor-widget elementor-widget-heading\" data-id=\"87a033b\" data-element_type=\"widget\" data-e-type=\"widget\" data-widget_type=\"heading.default\">\n\t\t\t\t\t<h4 class=\"elementor-heading-title elementor-size-default\">Acompanhe as Redes Sociais<\/h4>\t\t\t\t<\/div>\n\t\t\t\t<div class=\"elementor-element elementor-element-045aee7 elementor-widget elementor-widget-heading\" data-id=\"045aee7\" data-element_type=\"widget\" data-e-type=\"widget\" data-widget_type=\"heading.default\">\n\t\t\t\t\t<h5 class=\"elementor-heading-title elementor-size-default\"><a href=\"#\">Culin\u00e1ria sem Lactose<\/a><\/h5>\t\t\t\t<\/div>\n\t\t\t\t\t<\/div>\n\t\t<\/div>\n\t\t\t\t<div class=\"elementor-column elementor-col-50 elementor-top-column elementor-element elementor-element-7645efe\" data-id=\"7645efe\" data-element_type=\"column\" data-e-type=\"column\">\n\t\t\t<div class=\"elementor-widget-wrap elementor-element-populated\">\n\t\t\t\t\t\t<div class=\"elementor-element elementor-element-7240040 elementor-widget elementor-widget-heading\" data-id=\"7240040\" data-element_type=\"widget\" data-e-type=\"widget\" data-widget_type=\"heading.default\">\n\t\t\t\t\t<p class=\"elementor-heading-title elementor-size-default\">Siga Agora<\/p>\t\t\t\t<\/div>\n\t\t\t\t<div class=\"elementor-element elementor-element-a2179b4 elementor-shape-circle elementor-grid-0 e-grid-align-center elementor-widget elementor-widget-social-icons\" data-id=\"a2179b4\" data-element_type=\"widget\" data-e-type=\"widget\" data-widget_type=\"social-icons.default\">\n\t\t\t\t\t\t\t<div class=\"elementor-social-icons-wrapper elementor-grid\" role=\"list\">\n\t\t\t\t\t\t\t<span class=\"elementor-grid-item\" role=\"listitem\">\n\t\t\t\t\t<a class=\"elementor-icon elementor-social-icon elementor-social-icon-facebook-f elementor-animation-buzz elementor-repeater-item-1ff88ee\" href=\"https:\/\/www.facebook.com\/people\/Culin%C3%A1ria-sem-Lactose\/100069089094075\/\" target=\"_blank\" rel=\"noopener\">\n\t\t\t\t\t\t<span class=\"elementor-screen-only\">Facebook-f<\/span>\n\t\t\t\t\t\t<i aria-hidden=\"true\" class=\"fab fa-facebook-f\"><\/i>\t\t\t\t\t<\/a>\n\t\t\t\t<\/span>\n\t\t\t\t\t\t\t<span class=\"elementor-grid-item\" role=\"listitem\">\n\t\t\t\t\t<a class=\"elementor-icon elementor-social-icon elementor-social-icon-instagram elementor-animation-buzz elementor-repeater-item-e190553\" href=\"https:\/\/www.instagram.com\/culinariasemlactose\/\" target=\"_blank\" rel=\"noopener\">\n\t\t\t\t\t\t<span class=\"elementor-screen-only\">Instagram<\/span>\n\t\t\t\t\t\t<i aria-hidden=\"true\" class=\"fab fa-instagram\"><\/i>\t\t\t\t\t<\/a>\n\t\t\t\t<\/span>\n\t\t\t\t\t\t\t<span class=\"elementor-grid-item\" role=\"listitem\">\n\t\t\t\t\t<a class=\"elementor-icon elementor-social-icon elementor-social-icon-youtube elementor-animation-buzz elementor-repeater-item-c890d34\" href=\"https:\/\/www.youtube.com\/@culinariasemlactose\" target=\"_blank\" rel=\"noopener\">\n\t\t\t\t\t\t<span class=\"elementor-screen-only\">Youtube<\/span>\n\t\t\t\t\t\t<i aria-hidden=\"true\" class=\"fab fa-youtube\"><\/i>\t\t\t\t\t<\/a>\n\t\t\t\t<\/span>\n\t\t\t\t\t<\/div>\n\t\t\t\t\t\t<\/div>\n\t\t\t\t\t<\/div>\n\t\t<\/div>\n\t\t\t\t\t<\/div>\n\t\t<\/section>\n\t\t<div class=\"elementor-element elementor-element-9919ad2 e-flex e-con-boxed e-con e-parent\" data-id=\"9919ad2\" data-element_type=\"container\" data-e-type=\"container\">\n\t\t\t\t\t<div class=\"e-con-inner\">\n\t\t\t\t<div class=\"elementor-element elementor-element-2cc6e5e elementor-widget elementor-widget-html\" data-id=\"2cc6e5e\" data-element_type=\"widget\" data-e-type=\"widget\" data-widget_type=\"html.default\">\n\t\t\t\t\t<script async src=\"https:\/\/pagead2.googlesyndication.com\/pagead\/js\/adsbygoogle.js?client=ca-pub-3459676390679786\"\n     crossorigin=\"anonymous\"><\/script>\n<!-- CSL- inicio do texto -->\n<ins class=\"adsbygoogle\"\n     style=\"display:block\"\n     data-ad-client=\"ca-pub-3459676390679786\"\n     data-ad-slot=\"6292208199\"\n     data-ad-format=\"auto\"\n     data-full-width-responsive=\"true\"><\/ins>\n<script>\n     (adsbygoogle = window.adsbygoogle || []).push({});\n<\/script>\t\t\t\t<\/div>\n\t\t\t\t\t<\/div>\n\t\t\t\t<\/div>\n\t\t\t\t<section class=\"elementor-section elementor-top-section elementor-element elementor-element-d31f957 animated-slow elementor-section-boxed elementor-section-height-default elementor-section-height-default elementor-invisible\" data-id=\"d31f957\" data-element_type=\"section\" data-e-type=\"section\" data-settings=\"{&quot;animation&quot;:&quot;fadeIn&quot;}\">\n\t\t\t\t\t\t<div class=\"elementor-container elementor-column-gap-default\">\n\t\t\t\t\t<div class=\"elementor-column elementor-col-100 elementor-top-column elementor-element elementor-element-5977639\" data-id=\"5977639\" data-element_type=\"column\" data-e-type=\"column\">\n\t\t\t<div class=\"elementor-widget-wrap elementor-element-populated\">\n\t\t\t\t\t\t<div class=\"elementor-element elementor-element-a37e545 elementor-widget elementor-widget-heading\" data-id=\"a37e545\" data-element_type=\"widget\" data-e-type=\"widget\" data-widget_type=\"heading.default\">\n\t\t\t\t\t<h2 class=\"elementor-heading-title elementor-size-default\">Qual tipo de receita voc\u00ea gostaria de cozinhar?<\/h2>\t\t\t\t<\/div>\n\t\t\t\t<section class=\"elementor-section elementor-inner-section elementor-element elementor-element-0afdd5e elementor-section-boxed elementor-section-height-default elementor-section-height-default\" data-id=\"0afdd5e\" data-element_type=\"section\" data-e-type=\"section\">\n\t\t\t\t\t\t<div class=\"elementor-container elementor-column-gap-extended\">\n\t\t\t\t\t<div class=\"elementor-column elementor-col-33 elementor-inner-column elementor-element elementor-element-16c80b7\" data-id=\"16c80b7\" data-element_type=\"column\" data-e-type=\"column\">\n\t\t\t<div class=\"elementor-widget-wrap elementor-element-populated\">\n\t\t\t\t\t\t<div class=\"elementor-element elementor-element-6ecaf0e elementor-widget elementor-widget-image\" data-id=\"6ecaf0e\" data-element_type=\"widget\" data-e-type=\"widget\" data-widget_type=\"image.default\">\n\t\t\t\t\t\t\t\t\t\t\t\t\t\t\t<img loading=\"lazy\" decoding=\"async\" width=\"362\" height=\"435\" src=\"https:\/\/culinariasemlactose.com\/curiosidades\/wp-content\/smush-avif\/2024\/12\/Bolo-de-fuba-cozido.png.avif\" class=\"attachment-full size-full wp-image-2853\" alt=\"Receitas sem Gluten\" srcset=\"https:\/\/culinariasemlactose.com\/curiosidades\/wp-content\/smush-avif\/2024\/12\/Bolo-de-fuba-cozido.png.avif 362w, https:\/\/culinariasemlactose.com\/curiosidades\/wp-content\/smush-avif\/2024\/12\/Bolo-de-fuba-cozido-250x300.png.avif 250w\" sizes=\"(max-width: 362px) 100vw, 362px\" data-smush-avif-fallback=\"{&quot;src&quot;:&quot;https:\\\/\\\/culinariasemlactose.com\\\/curiosidades\\\/wp-content\\\/uploads\\\/2024\\\/12\\\/Bolo-de-fuba-cozido.png&quot;,&quot;srcset&quot;:&quot;https:\\\/\\\/culinariasemlactose.com\\\/curiosidades\\\/wp-content\\\/uploads\\\/2024\\\/12\\\/Bolo-de-fuba-cozido.png 362w, https:\\\/\\\/culinariasemlactose.com\\\/curiosidades\\\/wp-content\\\/uploads\\\/2024\\\/12\\\/Bolo-de-fuba-cozido-250x300.png 250w&quot;}\" \/>\t\t\t\t\t\t\t\t\t\t\t\t\t\t\t<\/div>\n\t\t\t\t<div class=\"elementor-element elementor-element-b47f479 elementor-align-justify elementor-widget elementor-widget-button\" data-id=\"b47f479\" data-element_type=\"widget\" data-e-type=\"widget\" data-widget_type=\"button.default\">\n\t\t\t\t\t\t\t\t\t\t<a class=\"elementor-button elementor-button-link elementor-size-sm\" href=\"https:\/\/culinariasemlactose.com\/category\/receitas-sem-gluten\/\">\n\t\t\t\t\t\t<span class=\"elementor-button-content-wrapper\">\n\t\t\t\t\t\t\t\t\t<span class=\"elementor-button-text\">Receitas sem Gl\u00faten<\/span>\n\t\t\t\t\t<\/span>\n\t\t\t\t\t<\/a>\n\t\t\t\t\t\t\t\t<\/div>\n\t\t\t\t\t<\/div>\n\t\t<\/div>\n\t\t\t\t<div class=\"elementor-column elementor-col-33 elementor-inner-column elementor-element elementor-element-c6ff903\" data-id=\"c6ff903\" data-element_type=\"column\" data-e-type=\"column\">\n\t\t\t<div class=\"elementor-widget-wrap elementor-element-populated\">\n\t\t\t\t\t\t<div class=\"elementor-element elementor-element-38a9629 elementor-widget elementor-widget-image\" data-id=\"38a9629\" data-element_type=\"widget\" data-e-type=\"widget\" data-widget_type=\"image.default\">\n\t\t\t\t\t\t\t\t\t\t\t\t\t\t\t<img loading=\"lazy\" decoding=\"async\" width=\"362\" height=\"435\" src=\"https:\/\/culinariasemlactose.com\/curiosidades\/wp-content\/smush-avif\/2024\/12\/Suco-de-Acai.png.avif\" class=\"attachment-full size-full wp-image-2854\" alt=\"Receitas veganas\" srcset=\"https:\/\/culinariasemlactose.com\/curiosidades\/wp-content\/smush-avif\/2024\/12\/Suco-de-Acai.png.avif 362w, https:\/\/culinariasemlactose.com\/curiosidades\/wp-content\/smush-avif\/2024\/12\/Suco-de-Acai-250x300.png.avif 250w\" sizes=\"(max-width: 362px) 100vw, 362px\" data-smush-avif-fallback=\"{&quot;src&quot;:&quot;https:\\\/\\\/culinariasemlactose.com\\\/curiosidades\\\/wp-content\\\/uploads\\\/2024\\\/12\\\/Suco-de-Acai.png&quot;,&quot;srcset&quot;:&quot;https:\\\/\\\/culinariasemlactose.com\\\/curiosidades\\\/wp-content\\\/uploads\\\/2024\\\/12\\\/Suco-de-Acai.png 362w, https:\\\/\\\/culinariasemlactose.com\\\/curiosidades\\\/wp-content\\\/uploads\\\/2024\\\/12\\\/Suco-de-Acai-250x300.png 250w&quot;}\" \/>\t\t\t\t\t\t\t\t\t\t\t\t\t\t\t<\/div>\n\t\t\t\t<div class=\"elementor-element elementor-element-1d6f85c elementor-align-justify elementor-widget elementor-widget-button\" data-id=\"1d6f85c\" data-element_type=\"widget\" data-e-type=\"widget\" data-widget_type=\"button.default\">\n\t\t\t\t\t\t\t\t\t\t<a class=\"elementor-button elementor-button-link elementor-size-sm\" href=\"https:\/\/culinariasemlactose.com\/category\/receitas-vegana\/\">\n\t\t\t\t\t\t<span class=\"elementor-button-content-wrapper\">\n\t\t\t\t\t\t\t\t\t<span class=\"elementor-button-text\">Receitas Veganas<\/span>\n\t\t\t\t\t<\/span>\n\t\t\t\t\t<\/a>\n\t\t\t\t\t\t\t\t<\/div>\n\t\t\t\t\t<\/div>\n\t\t<\/div>\n\t\t\t\t<div class=\"elementor-column elementor-col-33 elementor-inner-column elementor-element elementor-element-67b12c8\" data-id=\"67b12c8\" data-element_type=\"column\" data-e-type=\"column\">\n\t\t\t<div class=\"elementor-widget-wrap elementor-element-populated\">\n\t\t\t\t\t\t<div class=\"elementor-element elementor-element-9168add elementor-widget elementor-widget-image\" data-id=\"9168add\" data-element_type=\"widget\" data-e-type=\"widget\" data-widget_type=\"image.default\">\n\t\t\t\t\t\t\t\t\t\t\t\t\t\t\t<img loading=\"lazy\" decoding=\"async\" width=\"362\" height=\"435\" src=\"https:\/\/culinariasemlactose.com\/curiosidades\/wp-content\/smush-avif\/2024\/12\/Rocambole-aplv.png.avif\" class=\"attachment-full size-full wp-image-2855\" alt=\"Receitas aplv\" srcset=\"https:\/\/culinariasemlactose.com\/curiosidades\/wp-content\/smush-avif\/2024\/12\/Rocambole-aplv.png.avif 362w, https:\/\/culinariasemlactose.com\/curiosidades\/wp-content\/smush-avif\/2024\/12\/Rocambole-aplv-250x300.png.avif 250w\" sizes=\"(max-width: 362px) 100vw, 362px\" data-smush-avif-fallback=\"{&quot;src&quot;:&quot;https:\\\/\\\/culinariasemlactose.com\\\/curiosidades\\\/wp-content\\\/uploads\\\/2024\\\/12\\\/Rocambole-aplv.png&quot;,&quot;srcset&quot;:&quot;https:\\\/\\\/culinariasemlactose.com\\\/curiosidades\\\/wp-content\\\/uploads\\\/2024\\\/12\\\/Rocambole-aplv.png 362w, https:\\\/\\\/culinariasemlactose.com\\\/curiosidades\\\/wp-content\\\/uploads\\\/2024\\\/12\\\/Rocambole-aplv-250x300.png 250w&quot;}\" \/>\t\t\t\t\t\t\t\t\t\t\t\t\t\t\t<\/div>\n\t\t\t\t<div class=\"elementor-element elementor-element-2a7d89b elementor-align-justify elementor-widget elementor-widget-button\" data-id=\"2a7d89b\" data-element_type=\"widget\" data-e-type=\"widget\" data-widget_type=\"button.default\">\n\t\t\t\t\t\t\t\t\t\t<a class=\"elementor-button elementor-button-link elementor-size-sm\" href=\"https:\/\/culinariasemlactose.com\/category\/receitas-aplv\/\">\n\t\t\t\t\t\t<span class=\"elementor-button-content-wrapper\">\n\t\t\t\t\t\t\t\t\t<span class=\"elementor-button-text\">Receitas APLV<\/span>\n\t\t\t\t\t<\/span>\n\t\t\t\t\t<\/a>\n\t\t\t\t\t\t\t\t<\/div>\n\t\t\t\t\t<\/div>\n\t\t<\/div>\n\t\t\t\t\t<\/div>\n\t\t<\/section>\n\t\t\t\t<section class=\"elementor-section elementor-inner-section elementor-element elementor-element-9f49210 elementor-section-boxed elementor-section-height-default elementor-section-height-default\" data-id=\"9f49210\" data-element_type=\"section\" data-e-type=\"section\">\n\t\t\t\t\t\t<div class=\"elementor-container elementor-column-gap-extended\">\n\t\t\t\t\t<div class=\"elementor-column elementor-col-33 elementor-inner-column elementor-element elementor-element-59702fe\" data-id=\"59702fe\" data-element_type=\"column\" data-e-type=\"column\">\n\t\t\t<div class=\"elementor-widget-wrap elementor-element-populated\">\n\t\t\t\t\t\t<div class=\"elementor-element elementor-element-25116fc elementor-widget elementor-widget-image\" data-id=\"25116fc\" data-element_type=\"widget\" data-e-type=\"widget\" data-widget_type=\"image.default\">\n\t\t\t\t\t\t\t\t\t\t\t\t\t\t\t<img loading=\"lazy\" decoding=\"async\" width=\"362\" height=\"435\" src=\"https:\/\/culinariasemlactose.com\/curiosidades\/wp-content\/smush-avif\/2024\/12\/Bolo-de-pe-de-moleque.png.avif\" class=\"attachment-full size-full wp-image-2856\" alt=\"\" srcset=\"https:\/\/culinariasemlactose.com\/curiosidades\/wp-content\/smush-avif\/2024\/12\/Bolo-de-pe-de-moleque.png.avif 362w, https:\/\/culinariasemlactose.com\/curiosidades\/wp-content\/smush-avif\/2024\/12\/Bolo-de-pe-de-moleque-250x300.png.avif 250w\" sizes=\"(max-width: 362px) 100vw, 362px\" data-smush-avif-fallback=\"{&quot;src&quot;:&quot;https:\\\/\\\/culinariasemlactose.com\\\/curiosidades\\\/wp-content\\\/uploads\\\/2024\\\/12\\\/Bolo-de-pe-de-moleque.png&quot;,&quot;srcset&quot;:&quot;https:\\\/\\\/culinariasemlactose.com\\\/curiosidades\\\/wp-content\\\/uploads\\\/2024\\\/12\\\/Bolo-de-pe-de-moleque.png 362w, https:\\\/\\\/culinariasemlactose.com\\\/curiosidades\\\/wp-content\\\/uploads\\\/2024\\\/12\\\/Bolo-de-pe-de-moleque-250x300.png 250w&quot;}\" \/>\t\t\t\t\t\t\t\t\t\t\t\t\t\t\t<\/div>\n\t\t\t\t<div class=\"elementor-element elementor-element-de28754 elementor-align-justify elementor-widget elementor-widget-button\" data-id=\"de28754\" data-element_type=\"widget\" data-e-type=\"widget\" data-widget_type=\"button.default\">\n\t\t\t\t\t\t\t\t\t\t<a class=\"elementor-button elementor-button-link elementor-size-sm\" href=\"https:\/\/culinariasemlactose.com\/category\/receitas-de-festa-junina-sem-lactose\/\">\n\t\t\t\t\t\t<span class=\"elementor-button-content-wrapper\">\n\t\t\t\t\t\t\t\t\t<span class=\"elementor-button-text\">Receitas Para Festa Junina<\/span>\n\t\t\t\t\t<\/span>\n\t\t\t\t\t<\/a>\n\t\t\t\t\t\t\t\t<\/div>\n\t\t\t\t\t<\/div>\n\t\t<\/div>\n\t\t\t\t<div class=\"elementor-column elementor-col-33 elementor-inner-column elementor-element elementor-element-bdf42a8\" data-id=\"bdf42a8\" data-element_type=\"column\" data-e-type=\"column\">\n\t\t\t<div class=\"elementor-widget-wrap elementor-element-populated\">\n\t\t\t\t\t\t<div class=\"elementor-element elementor-element-b91e2fb elementor-widget elementor-widget-image\" data-id=\"b91e2fb\" data-element_type=\"widget\" data-e-type=\"widget\" data-widget_type=\"image.default\">\n\t\t\t\t\t\t\t\t\t\t\t\t\t\t\t<img loading=\"lazy\" decoding=\"async\" width=\"362\" height=\"435\" src=\"https:\/\/culinariasemlactose.com\/curiosidades\/wp-content\/smush-avif\/2024\/12\/Caldo-de-mandioca.png.avif\" class=\"attachment-full size-full wp-image-2857\" alt=\"\" srcset=\"https:\/\/culinariasemlactose.com\/curiosidades\/wp-content\/smush-avif\/2024\/12\/Caldo-de-mandioca.png.avif 362w, https:\/\/culinariasemlactose.com\/curiosidades\/wp-content\/smush-avif\/2024\/12\/Caldo-de-mandioca-250x300.png.avif 250w\" sizes=\"(max-width: 362px) 100vw, 362px\" data-smush-avif-fallback=\"{&quot;src&quot;:&quot;https:\\\/\\\/culinariasemlactose.com\\\/curiosidades\\\/wp-content\\\/uploads\\\/2024\\\/12\\\/Caldo-de-mandioca.png&quot;,&quot;srcset&quot;:&quot;https:\\\/\\\/culinariasemlactose.com\\\/curiosidades\\\/wp-content\\\/uploads\\\/2024\\\/12\\\/Caldo-de-mandioca.png 362w, https:\\\/\\\/culinariasemlactose.com\\\/curiosidades\\\/wp-content\\\/uploads\\\/2024\\\/12\\\/Caldo-de-mandioca-250x300.png 250w&quot;}\" \/>\t\t\t\t\t\t\t\t\t\t\t\t\t\t\t<\/div>\n\t\t\t\t<div class=\"elementor-element elementor-element-2988965 elementor-align-justify elementor-widget elementor-widget-button\" data-id=\"2988965\" data-element_type=\"widget\" data-e-type=\"widget\" data-widget_type=\"button.default\">\n\t\t\t\t\t\t\t\t\t\t<a class=\"elementor-button elementor-button-link elementor-size-sm\" href=\"https:\/\/culinariasemlactose.com\/category\/receitas-para-inverno-sem-lactose\/\">\n\t\t\t\t\t\t<span class=\"elementor-button-content-wrapper\">\n\t\t\t\t\t\t\t\t\t<span class=\"elementor-button-text\">Receitas Para o Inverno<\/span>\n\t\t\t\t\t<\/span>\n\t\t\t\t\t<\/a>\n\t\t\t\t\t\t\t\t<\/div>\n\t\t\t\t\t<\/div>\n\t\t<\/div>\n\t\t\t\t<div class=\"elementor-column elementor-col-33 elementor-inner-column elementor-element elementor-element-ab51d87\" data-id=\"ab51d87\" data-element_type=\"column\" data-e-type=\"column\">\n\t\t\t<div class=\"elementor-widget-wrap elementor-element-populated\">\n\t\t\t\t\t\t<div class=\"elementor-element elementor-element-a31ed64 elementor-widget elementor-widget-image\" data-id=\"a31ed64\" data-element_type=\"widget\" data-e-type=\"widget\" data-widget_type=\"image.default\">\n\t\t\t\t\t\t\t\t\t\t\t\t\t\t\t<img loading=\"lazy\" decoding=\"async\" width=\"362\" height=\"435\" src=\"https:\/\/culinariasemlactose.com\/curiosidades\/wp-content\/smush-avif\/2024\/12\/Bolotone-sem-lactose.png.avif\" class=\"attachment-full size-full wp-image-2858\" alt=\"Receitas de natal\" srcset=\"https:\/\/culinariasemlactose.com\/curiosidades\/wp-content\/smush-avif\/2024\/12\/Bolotone-sem-lactose.png.avif 362w, https:\/\/culinariasemlactose.com\/curiosidades\/wp-content\/smush-avif\/2024\/12\/Bolotone-sem-lactose-250x300.png.avif 250w\" sizes=\"(max-width: 362px) 100vw, 362px\" data-smush-avif-fallback=\"{&quot;src&quot;:&quot;https:\\\/\\\/culinariasemlactose.com\\\/curiosidades\\\/wp-content\\\/uploads\\\/2024\\\/12\\\/Bolotone-sem-lactose.png&quot;,&quot;srcset&quot;:&quot;https:\\\/\\\/culinariasemlactose.com\\\/curiosidades\\\/wp-content\\\/uploads\\\/2024\\\/12\\\/Bolotone-sem-lactose.png 362w, https:\\\/\\\/culinariasemlactose.com\\\/curiosidades\\\/wp-content\\\/uploads\\\/2024\\\/12\\\/Bolotone-sem-lactose-250x300.png 250w&quot;}\" \/>\t\t\t\t\t\t\t\t\t\t\t\t\t\t\t<\/div>\n\t\t\t\t<div class=\"elementor-element elementor-element-611e6ed elementor-align-justify elementor-widget elementor-widget-button\" data-id=\"611e6ed\" data-element_type=\"widget\" data-e-type=\"widget\" data-widget_type=\"button.default\">\n\t\t\t\t\t\t\t\t\t\t<a class=\"elementor-button elementor-button-link elementor-size-sm\" href=\"https:\/\/culinariasemlactose.com\/category\/receitas-de-natal-sem-lactose\/\">\n\t\t\t\t\t\t<span class=\"elementor-button-content-wrapper\">\n\t\t\t\t\t\t\t\t\t<span class=\"elementor-button-text\">Receitas de Natal e  Ano Novo<\/span>\n\t\t\t\t\t<\/span>\n\t\t\t\t\t<\/a>\n\t\t\t\t\t\t\t\t<\/div>\n\t\t\t\t\t<\/div>\n\t\t<\/div>\n\t\t\t\t\t<\/div>\n\t\t<\/section>\n\t\t\t\t<div class=\"elementor-element elementor-element-2bd60bd elementor-widget elementor-widget-heading\" data-id=\"2bd60bd\" data-element_type=\"widget\" data-e-type=\"widget\" data-widget_type=\"heading.default\">\n\t\t\t\t\t<h2 class=\"elementor-heading-title elementor-size-default\">\u00daltimos Artigos Postados<\/h2>\t\t\t\t<\/div>\n\t\t\t\t<div class=\"elementor-element elementor-element-62e1ec5 elementor-posts--align-center elementor-grid-3 elementor-grid-tablet-2 elementor-grid-mobile-1 elementor-posts--thumbnail-top elementor-widget elementor-widget-posts\" data-id=\"62e1ec5\" data-element_type=\"widget\" data-e-type=\"widget\" data-settings=\"{&quot;classic_row_gap&quot;:{&quot;unit&quot;:&quot;px&quot;,&quot;size&quot;:40,&quot;sizes&quot;:[]},&quot;classic_columns&quot;:&quot;3&quot;,&quot;classic_columns_tablet&quot;:&quot;2&quot;,&quot;classic_columns_mobile&quot;:&quot;1&quot;,&quot;classic_row_gap_tablet&quot;:{&quot;unit&quot;:&quot;px&quot;,&quot;size&quot;:&quot;&quot;,&quot;sizes&quot;:[]},&quot;classic_row_gap_mobile&quot;:{&quot;unit&quot;:&quot;px&quot;,&quot;size&quot;:&quot;&quot;,&quot;sizes&quot;:[]}}\" data-widget_type=\"posts.classic\">\n\t\t\t\t<div class=\"elementor-widget-container\">\n\t\t\t\t\t\t\t<div class=\"elementor-posts-container elementor-posts elementor-posts--skin-classic elementor-grid\" role=\"list\">\n\t\t\t\t<article class=\"elementor-post elementor-grid-item post-1003 post type-post status-publish format-standard has-post-thumbnail hentry category-curiosidades-da-culinaria category-dicas-de-receitas\" role=\"listitem\">\n\t\t\t\t<a class=\"elementor-post__thumbnail__link\" href=\"https:\/\/culinariasemlactose.com\/curiosidades\/retrospectiva-2023-as-12-melhores-receitas\/\" tabindex=\"-1\">\n\t\t\t<div class=\"elementor-post__thumbnail\"><img loading=\"lazy\" decoding=\"async\" width=\"800\" height=\"600\" src=\"https:\/\/culinariasemlactose.com\/curiosidades\/wp-content\/smush-avif\/2023\/12\/Retrospectiva-2023-1024x768.jpg.avif\" class=\"attachment-large size-large wp-image-1033\" alt=\"Retrospectiva 2023 as Melhores Receitas sem Lactose do Ano\" srcset=\"https:\/\/culinariasemlactose.com\/curiosidades\/wp-content\/smush-avif\/2023\/12\/Retrospectiva-2023-1024x768.jpg.avif 1024w, https:\/\/culinariasemlactose.com\/curiosidades\/wp-content\/smush-avif\/2023\/12\/Retrospectiva-2023-600x450.jpg.avif 600w, https:\/\/culinariasemlactose.com\/curiosidades\/wp-content\/smush-avif\/2023\/12\/Retrospectiva-2023-300x225.jpg.avif 300w, https:\/\/culinariasemlactose.com\/curiosidades\/wp-content\/smush-avif\/2023\/12\/Retrospectiva-2023-768x576.jpg.avif 768w, https:\/\/culinariasemlactose.com\/curiosidades\/wp-content\/smush-avif\/2023\/12\/Retrospectiva-2023-150x113.jpg.avif 150w, https:\/\/culinariasemlactose.com\/curiosidades\/wp-content\/smush-avif\/2023\/12\/Retrospectiva-2023.jpg.avif 1200w\" sizes=\"(max-width: 800px) 100vw, 800px\" data-smush-avif-fallback=\"{&quot;src&quot;:&quot;https:\\\/\\\/culinariasemlactose.com\\\/curiosidades\\\/wp-content\\\/uploads\\\/2023\\\/12\\\/Retrospectiva-2023-1024x768.jpg&quot;,&quot;srcset&quot;:&quot;https:\\\/\\\/culinariasemlactose.com\\\/curiosidades\\\/wp-content\\\/uploads\\\/2023\\\/12\\\/Retrospectiva-2023-1024x768.jpg 1024w, https:\\\/\\\/culinariasemlactose.com\\\/curiosidades\\\/wp-content\\\/uploads\\\/2023\\\/12\\\/Retrospectiva-2023-600x450.jpg 600w, https:\\\/\\\/culinariasemlactose.com\\\/curiosidades\\\/wp-content\\\/uploads\\\/2023\\\/12\\\/Retrospectiva-2023-300x225.jpg 300w, https:\\\/\\\/culinariasemlactose.com\\\/curiosidades\\\/wp-content\\\/uploads\\\/2023\\\/12\\\/Retrospectiva-2023-768x576.jpg 768w, https:\\\/\\\/culinariasemlactose.com\\\/curiosidades\\\/wp-content\\\/uploads\\\/2023\\\/12\\\/Retrospectiva-2023-150x113.jpg 150w, https:\\\/\\\/culinariasemlactose.com\\\/curiosidades\\\/wp-content\\\/uploads\\\/2023\\\/12\\\/Retrospectiva-2023.jpg 1200w&quot;}\" \/><\/div>\n\t\t<\/a>\n\t\t\t\t<div class=\"elementor-post__text\">\n\t\t\t\t<h3 class=\"elementor-post__title\">\n\t\t\t<a href=\"https:\/\/culinariasemlactose.com\/curiosidades\/retrospectiva-2023-as-12-melhores-receitas\/\">\n\t\t\t\tA Retrospectiva 2023 Chegou: Relembre as 12 Melhores Receitas que Marcaram o Canal Culin\u00e1ria sem Lactose\t\t\t<\/a>\n\t\t<\/h3>\n\t\t\t\t<\/div>\n\t\t\t\t<\/article>\n\t\t\t\t<article class=\"elementor-post elementor-grid-item post-872 post type-post status-publish format-standard has-post-thumbnail hentry category-dicas-de-receitas category-curiosidades-da-culinaria\" role=\"listitem\">\n\t\t\t\t<a class=\"elementor-post__thumbnail__link\" href=\"https:\/\/culinariasemlactose.com\/curiosidades\/receitas-para-ceia-de-natal-e-ano-novo\/\" tabindex=\"-1\">\n\t\t\t<div class=\"elementor-post__thumbnail\"><img loading=\"lazy\" decoding=\"async\" width=\"800\" height=\"600\" src=\"https:\/\/culinariasemlactose.com\/curiosidades\/wp-content\/smush-avif\/2023\/12\/Receitas-de-natal-e-ano-novo-1024x768.jpg.avif\" class=\"attachment-large size-large wp-image-924\" alt=\"Receitas de Natal e Ano Novo\" srcset=\"https:\/\/culinariasemlactose.com\/curiosidades\/wp-content\/smush-avif\/2023\/12\/Receitas-de-natal-e-ano-novo-1024x768.jpg.avif 1024w, https:\/\/culinariasemlactose.com\/curiosidades\/wp-content\/smush-avif\/2023\/12\/Receitas-de-natal-e-ano-novo-300x225.jpg.avif 300w, https:\/\/culinariasemlactose.com\/curiosidades\/wp-content\/smush-avif\/2023\/12\/Receitas-de-natal-e-ano-novo-768x576.jpg.avif 768w, https:\/\/culinariasemlactose.com\/curiosidades\/wp-content\/smush-avif\/2023\/12\/Receitas-de-natal-e-ano-novo-150x113.jpg.avif 150w, https:\/\/culinariasemlactose.com\/curiosidades\/wp-content\/smush-avif\/2023\/12\/Receitas-de-natal-e-ano-novo.jpg.avif 1200w\" sizes=\"(max-width: 800px) 100vw, 800px\" data-smush-avif-fallback=\"{&quot;src&quot;:&quot;https:\\\/\\\/culinariasemlactose.com\\\/curiosidades\\\/wp-content\\\/uploads\\\/2023\\\/12\\\/Receitas-de-natal-e-ano-novo-1024x768.jpg&quot;,&quot;srcset&quot;:&quot;https:\\\/\\\/culinariasemlactose.com\\\/curiosidades\\\/wp-content\\\/uploads\\\/2023\\\/12\\\/Receitas-de-natal-e-ano-novo-1024x768.jpg 1024w, https:\\\/\\\/culinariasemlactose.com\\\/curiosidades\\\/wp-content\\\/uploads\\\/2023\\\/12\\\/Receitas-de-natal-e-ano-novo-300x225.jpg 300w, https:\\\/\\\/culinariasemlactose.com\\\/curiosidades\\\/wp-content\\\/uploads\\\/2023\\\/12\\\/Receitas-de-natal-e-ano-novo-768x576.jpg 768w, https:\\\/\\\/culinariasemlactose.com\\\/curiosidades\\\/wp-content\\\/uploads\\\/2023\\\/12\\\/Receitas-de-natal-e-ano-novo-150x113.jpg 150w, https:\\\/\\\/culinariasemlactose.com\\\/curiosidades\\\/wp-content\\\/uploads\\\/2023\\\/12\\\/Receitas-de-natal-e-ano-novo.jpg 1200w&quot;}\" \/><\/div>\n\t\t<\/a>\n\t\t\t\t<div class=\"elementor-post__text\">\n\t\t\t\t<h3 class=\"elementor-post__title\">\n\t\t\t<a href=\"https:\/\/culinariasemlactose.com\/curiosidades\/receitas-para-ceia-de-natal-e-ano-novo\/\">\n\t\t\t\t10 Receitas sem Lactose Perfeitas Para Ceia de Natal e Ano Novo Simples e Pr\u00e1ticas\t\t\t<\/a>\n\t\t<\/h3>\n\t\t\t\t<\/div>\n\t\t\t\t<\/article>\n\t\t\t\t<article class=\"elementor-post elementor-grid-item post-785 post type-post status-publish format-standard has-post-thumbnail hentry category-curiosidades-da-culinaria category-compras\" role=\"listitem\">\n\t\t\t\t<a class=\"elementor-post__thumbnail__link\" href=\"https:\/\/culinariasemlactose.com\/curiosidades\/melhores-fogoes\/\" tabindex=\"-1\">\n\t\t\t<div class=\"elementor-post__thumbnail\"><img loading=\"lazy\" decoding=\"async\" width=\"800\" height=\"600\" src=\"https:\/\/culinariasemlactose.com\/curiosidades\/wp-content\/smush-avif\/2023\/11\/Os-Melhores-Fogoes-1024x768.jpg.avif\" class=\"attachment-large size-large wp-image-819\" alt=\"Os Melhores Fog\u00f5es\" srcset=\"https:\/\/culinariasemlactose.com\/curiosidades\/wp-content\/smush-avif\/2023\/11\/Os-Melhores-Fogoes-1024x768.jpg.avif 1024w, https:\/\/culinariasemlactose.com\/curiosidades\/wp-content\/smush-avif\/2023\/11\/Os-Melhores-Fogoes-300x225.jpg.avif 300w, https:\/\/culinariasemlactose.com\/curiosidades\/wp-content\/smush-avif\/2023\/11\/Os-Melhores-Fogoes-768x576.jpg.avif 768w, https:\/\/culinariasemlactose.com\/curiosidades\/wp-content\/smush-avif\/2023\/11\/Os-Melhores-Fogoes-150x113.jpg.avif 150w, https:\/\/culinariasemlactose.com\/curiosidades\/wp-content\/smush-avif\/2023\/11\/Os-Melhores-Fogoes.jpg.avif 1200w\" sizes=\"(max-width: 800px) 100vw, 800px\" data-smush-avif-fallback=\"{&quot;src&quot;:&quot;https:\\\/\\\/culinariasemlactose.com\\\/curiosidades\\\/wp-content\\\/uploads\\\/2023\\\/11\\\/Os-Melhores-Fogoes-1024x768.jpg&quot;,&quot;srcset&quot;:&quot;https:\\\/\\\/culinariasemlactose.com\\\/curiosidades\\\/wp-content\\\/uploads\\\/2023\\\/11\\\/Os-Melhores-Fogoes-1024x768.jpg 1024w, https:\\\/\\\/culinariasemlactose.com\\\/curiosidades\\\/wp-content\\\/uploads\\\/2023\\\/11\\\/Os-Melhores-Fogoes-300x225.jpg 300w, https:\\\/\\\/culinariasemlactose.com\\\/curiosidades\\\/wp-content\\\/uploads\\\/2023\\\/11\\\/Os-Melhores-Fogoes-768x576.jpg 768w, https:\\\/\\\/culinariasemlactose.com\\\/curiosidades\\\/wp-content\\\/uploads\\\/2023\\\/11\\\/Os-Melhores-Fogoes-150x113.jpg 150w, https:\\\/\\\/culinariasemlactose.com\\\/curiosidades\\\/wp-content\\\/uploads\\\/2023\\\/11\\\/Os-Melhores-Fogoes.jpg 1200w&quot;}\" \/><\/div>\n\t\t<\/a>\n\t\t\t\t<div class=\"elementor-post__text\">\n\t\t\t\t<h3 class=\"elementor-post__title\">\n\t\t\t<a href=\"https:\/\/culinariasemlactose.com\/curiosidades\/melhores-fogoes\/\">\n\t\t\t\tOs 5 Melhores Fog\u00f5es de 2025: A Escolha Certa Para Este Ano!\t\t\t<\/a>\n\t\t<\/h3>\n\t\t\t\t<\/div>\n\t\t\t\t<\/article>\n\t\t\t\t<article class=\"elementor-post elementor-grid-item post-527 post type-post status-publish format-standard has-post-thumbnail hentry category-compras category-curiosidades-da-culinaria\" role=\"listitem\">\n\t\t\t\t<a class=\"elementor-post__thumbnail__link\" href=\"https:\/\/culinariasemlactose.com\/curiosidades\/melhores-geladeiras\/\" tabindex=\"-1\">\n\t\t\t<div class=\"elementor-post__thumbnail\"><img loading=\"lazy\" decoding=\"async\" width=\"800\" height=\"600\" src=\"https:\/\/culinariasemlactose.com\/curiosidades\/wp-content\/smush-avif\/2023\/11\/As-Melhores-Geladeiras-1024x768.jpg.avif\" class=\"attachment-large size-large wp-image-621\" alt=\"As Melhores Geladeiras\" srcset=\"https:\/\/culinariasemlactose.com\/curiosidades\/wp-content\/smush-avif\/2023\/11\/As-Melhores-Geladeiras-1024x768.jpg.avif 1024w, https:\/\/culinariasemlactose.com\/curiosidades\/wp-content\/smush-avif\/2023\/11\/As-Melhores-Geladeiras-300x225.jpg.avif 300w, https:\/\/culinariasemlactose.com\/curiosidades\/wp-content\/smush-avif\/2023\/11\/As-Melhores-Geladeiras-768x576.jpg.avif 768w, https:\/\/culinariasemlactose.com\/curiosidades\/wp-content\/smush-avif\/2023\/11\/As-Melhores-Geladeiras-150x113.jpg.avif 150w, https:\/\/culinariasemlactose.com\/curiosidades\/wp-content\/smush-avif\/2023\/11\/As-Melhores-Geladeiras.jpg.avif 1200w\" sizes=\"(max-width: 800px) 100vw, 800px\" data-smush-avif-fallback=\"{&quot;src&quot;:&quot;https:\\\/\\\/culinariasemlactose.com\\\/curiosidades\\\/wp-content\\\/uploads\\\/2023\\\/11\\\/As-Melhores-Geladeiras-1024x768.jpg&quot;,&quot;srcset&quot;:&quot;https:\\\/\\\/culinariasemlactose.com\\\/curiosidades\\\/wp-content\\\/uploads\\\/2023\\\/11\\\/As-Melhores-Geladeiras-1024x768.jpg 1024w, https:\\\/\\\/culinariasemlactose.com\\\/curiosidades\\\/wp-content\\\/uploads\\\/2023\\\/11\\\/As-Melhores-Geladeiras-300x225.jpg 300w, https:\\\/\\\/culinariasemlactose.com\\\/curiosidades\\\/wp-content\\\/uploads\\\/2023\\\/11\\\/As-Melhores-Geladeiras-768x576.jpg 768w, https:\\\/\\\/culinariasemlactose.com\\\/curiosidades\\\/wp-content\\\/uploads\\\/2023\\\/11\\\/As-Melhores-Geladeiras-150x113.jpg 150w, https:\\\/\\\/culinariasemlactose.com\\\/curiosidades\\\/wp-content\\\/uploads\\\/2023\\\/11\\\/As-Melhores-Geladeiras.jpg 1200w&quot;}\" \/><\/div>\n\t\t<\/a>\n\t\t\t\t<div class=\"elementor-post__text\">\n\t\t\t\t<h3 class=\"elementor-post__title\">\n\t\t\t<a href=\"https:\/\/culinariasemlactose.com\/curiosidades\/melhores-geladeiras\/\">\n\t\t\t\tVeja as 5 Melhores Geladeiras Para Comprar em 2025\t\t\t<\/a>\n\t\t<\/h3>\n\t\t\t\t<\/div>\n\t\t\t\t<\/article>\n\t\t\t\t<article class=\"elementor-post elementor-grid-item post-437 post type-post status-publish format-standard has-post-thumbnail hentry category-dicas-de-receitas category-curiosidades-da-culinaria\" role=\"listitem\">\n\t\t\t\t<a class=\"elementor-post__thumbnail__link\" href=\"https:\/\/culinariasemlactose.com\/curiosidades\/receitas-top-5-do-mes-de-julho\/\" tabindex=\"-1\">\n\t\t\t<div class=\"elementor-post__thumbnail\"><img loading=\"lazy\" decoding=\"async\" width=\"800\" height=\"600\" src=\"https:\/\/culinariasemlactose.com\/curiosidades\/wp-content\/smush-avif\/2023\/10\/Top-5-Mes-de-Julho-1024x768.jpg.avif\" class=\"attachment-large size-large wp-image-413\" alt=\"Receitas Top 5 do M\u00eas de Julho\" srcset=\"https:\/\/culinariasemlactose.com\/curiosidades\/wp-content\/smush-avif\/2023\/10\/Top-5-Mes-de-Julho-1024x768.jpg.avif 1024w, https:\/\/culinariasemlactose.com\/curiosidades\/wp-content\/smush-avif\/2023\/10\/Top-5-Mes-de-Julho-300x225.jpg.avif 300w, https:\/\/culinariasemlactose.com\/curiosidades\/wp-content\/smush-avif\/2023\/10\/Top-5-Mes-de-Julho-768x576.jpg.avif 768w, https:\/\/culinariasemlactose.com\/curiosidades\/wp-content\/smush-avif\/2023\/10\/Top-5-Mes-de-Julho.jpg.avif 1200w\" sizes=\"(max-width: 800px) 100vw, 800px\" data-smush-avif-fallback=\"{&quot;src&quot;:&quot;https:\\\/\\\/culinariasemlactose.com\\\/curiosidades\\\/wp-content\\\/uploads\\\/2023\\\/10\\\/Top-5-Mes-de-Julho-1024x768.jpg&quot;,&quot;srcset&quot;:&quot;https:\\\/\\\/culinariasemlactose.com\\\/curiosidades\\\/wp-content\\\/uploads\\\/2023\\\/10\\\/Top-5-Mes-de-Julho-1024x768.jpg 1024w, https:\\\/\\\/culinariasemlactose.com\\\/curiosidades\\\/wp-content\\\/uploads\\\/2023\\\/10\\\/Top-5-Mes-de-Julho-300x225.jpg 300w, https:\\\/\\\/culinariasemlactose.com\\\/curiosidades\\\/wp-content\\\/uploads\\\/2023\\\/10\\\/Top-5-Mes-de-Julho-768x576.jpg 768w, https:\\\/\\\/culinariasemlactose.com\\\/curiosidades\\\/wp-content\\\/uploads\\\/2023\\\/10\\\/Top-5-Mes-de-Julho.jpg 1200w&quot;}\" \/><\/div>\n\t\t<\/a>\n\t\t\t\t<div class=\"elementor-post__text\">\n\t\t\t\t<h3 class=\"elementor-post__title\">\n\t\t\t<a href=\"https:\/\/culinariasemlactose.com\/curiosidades\/receitas-top-5-do-mes-de-julho\/\">\n\t\t\t\tReceitas TOP 5 do M\u00eas de Julho de 2023 do Canal Culin\u00e1ria sem Lactose\t\t\t<\/a>\n\t\t<\/h3>\n\t\t\t\t<\/div>\n\t\t\t\t<\/article>\n\t\t\t\t<\/div>\n\t\t\n\t\t\t\t\t\t<\/div>\n\t\t\t\t<\/div>\n\t\t\t\t<div class=\"elementor-element elementor-element-2a1080c elementor-align-center elementor-widget elementor-widget-button\" data-id=\"2a1080c\" data-element_type=\"widget\" data-e-type=\"widget\" data-widget_type=\"button.default\">\n\t\t\t\t\t\t\t\t\t\t<a class=\"elementor-button elementor-button-link elementor-size-sm\" href=\"http:\/\/culinariasemlactose.com\/curiosidades\/c\/curiosidades-da-culinaria\/\">\n\t\t\t\t\t\t<span class=\"elementor-button-content-wrapper\">\n\t\t\t\t\t\t\t\t\t<span class=\"elementor-button-text\">Carregar mais<\/span>\n\t\t\t\t\t<\/span>\n\t\t\t\t\t<\/a>\n\t\t\t\t\t\t\t\t<\/div>\n\t\t\t\t\t<\/div>\n\t\t<\/div>\n\t\t\t\t\t<\/div>\n\t\t<\/section>\n\t\t<div class=\"elementor-element elementor-element-c6e0654 e-flex e-con-boxed e-con e-parent\" data-id=\"c6e0654\" data-element_type=\"container\" data-e-type=\"container\">\n\t\t\t\t\t<div class=\"e-con-inner\">\n\t\t\t\t<div class=\"elementor-element elementor-element-7fc64fe elementor-widget elementor-widget-html\" data-id=\"7fc64fe\" data-element_type=\"widget\" data-e-type=\"widget\" data-widget_type=\"html.default\">\n\t\t\t\t\t<script async src=\"https:\/\/pagead2.googlesyndication.com\/pagead\/js\/adsbygoogle.js?client=ca-pub-3459676390679786\"\n     crossorigin=\"anonymous\"><\/script>\n<!-- CSL- inicio do texto -->\n<ins class=\"adsbygoogle\"\n     style=\"display:block\"\n     data-ad-client=\"ca-pub-3459676390679786\"\n     data-ad-slot=\"6292208199\"\n     data-ad-format=\"auto\"\n     data-full-width-responsive=\"true\"><\/ins>\n<script>\n     (adsbygoogle = window.adsbygoogle || []).push({});\n<\/script>\t\t\t\t<\/div>\n\t\t\t\t\t<\/div>\n\t\t\t\t<\/div>\n\t\t<div class=\"elementor-element elementor-element-b436ce4 e-flex e-con-boxed e-con e-parent\" data-id=\"b436ce4\" data-element_type=\"container\" data-e-type=\"container\">\n\t\t\t\t\t<div class=\"e-con-inner\">\n\t\t\t\t<div class=\"elementor-element elementor-element-7f73553 elementor-widget elementor-widget-spacer\" data-id=\"7f73553\" data-element_type=\"widget\" data-e-type=\"widget\" data-widget_type=\"spacer.default\">\n\t\t\t\t\t\t\t<div class=\"elementor-spacer\">\n\t\t\t<div class=\"elementor-spacer-inner\"><\/div>\n\t\t<\/div>\n\t\t\t\t\t\t<\/div>\n\t\t\t\t\t<\/div>\n\t\t\t\t<\/div>\n\t\t\t\t<section class=\"elementor-section elementor-top-section elementor-element elementor-element-afc3cbb elementor-section-full_width elementor-section-content-middle elementor-section-height-default elementor-section-height-default elementor-invisible\" data-id=\"afc3cbb\" data-element_type=\"section\" data-e-type=\"section\" data-settings=\"{&quot;background_background&quot;:&quot;classic&quot;,&quot;animation&quot;:&quot;fadeIn&quot;}\">\n\t\t\t\t\t\t<div class=\"elementor-container elementor-column-gap-no\">\n\t\t\t\t\t<div class=\"elementor-column elementor-col-100 elementor-top-column elementor-element elementor-element-79f79bb\" data-id=\"79f79bb\" data-element_type=\"column\" data-e-type=\"column\">\n\t\t\t<div class=\"elementor-widget-wrap elementor-element-populated\">\n\t\t\t\t\t\t<div class=\"elementor-element elementor-element-87ea8aa elementor-widget elementor-widget-gallery\" data-id=\"87ea8aa\" data-element_type=\"widget\" data-e-type=\"widget\" data-settings=\"{&quot;columns&quot;:2,&quot;gap&quot;:{&quot;unit&quot;:&quot;px&quot;,&quot;size&quot;:0,&quot;sizes&quot;:[]},&quot;aspect_ratio&quot;:&quot;1:1&quot;,&quot;columns_tablet&quot;:4,&quot;gap_tablet&quot;:{&quot;unit&quot;:&quot;px&quot;,&quot;size&quot;:0,&quot;sizes&quot;:[]},&quot;columns_mobile&quot;:4,&quot;gap_mobile&quot;:{&quot;unit&quot;:&quot;px&quot;,&quot;size&quot;:0,&quot;sizes&quot;:[]},&quot;lazyload&quot;:&quot;yes&quot;,&quot;gallery_layout&quot;:&quot;grid&quot;,&quot;link_to&quot;:&quot;file&quot;,&quot;overlay_background&quot;:&quot;yes&quot;,&quot;content_hover_animation&quot;:&quot;fade-in&quot;}\" data-widget_type=\"gallery.default\">\n\t\t\t\t\t\t\t<div class=\"elementor-gallery__container\">\n\t\t\t\t\t\t\t<a class=\"e-gallery-item elementor-gallery-item elementor-animated-content\" href=\"https:\/\/culinariasemlactose.com\/curiosidades\/wp-content\/smush-avif\/2024\/12\/Bolo-de-coco.png.avif\" data-elementor-open-lightbox=\"yes\" data-elementor-lightbox-slideshow=\"87ea8aa\" data-elementor-lightbox-title=\"Bolo-de-coco.png\" data-e-action-hash=\"#elementor-action%3Aaction%3Dlightbox%26settings%3DeyJpZCI6Mjc5MSwidXJsIjoiaHR0cHM6XC9cL2N1bGluYXJpYXNlbWxhY3Rvc2UuY29tXC9jdXJpb3NpZGFkZXNcL3dwLWNvbnRlbnRcL3VwbG9hZHNcLzIwMjRcLzEyXC9Cb2xvLWRlLWNvY28ucG5nIiwic2xpZGVzaG93IjoiODdlYThhYSJ9\" data-smush-avif-fallback=\"{&quot;href&quot;:&quot;https:\\\/\\\/culinariasemlactose.com\\\/curiosidades\\\/wp-content\\\/uploads\\\/2024\\\/12\\\/Bolo-de-coco.png&quot;}\">\n\t\t\t\t\t<div class=\"e-gallery-image elementor-gallery-item__image\" data-thumbnail=\"https:\/\/culinariasemlactose.com\/curiosidades\/wp-content\/smush-avif\/2024\/12\/Bolo-de-coco.png.avif\" data-width=\"1080\" data-height=\"1080\" aria-label=\"\" role=\"img\"  data-smush-avif-fallback=\"{&quot;data-thumbnail&quot;:&quot;https:\\\/\\\/culinariasemlactose.com\\\/curiosidades\\\/wp-content\\\/uploads\\\/2024\\\/12\\\/Bolo-de-coco.png&quot;}\"><\/div>\n\t\t\t\t\t\t\t\t\t\t\t<div class=\"elementor-gallery-item__overlay\"><\/div>\n\t\t\t\t\t\t\t\t\t\t\t\t\t\t<\/a>\n\t\t\t\t\t\t\t<a class=\"e-gallery-item elementor-gallery-item elementor-animated-content\" href=\"https:\/\/culinariasemlactose.com\/curiosidades\/wp-content\/smush-avif\/2024\/12\/Bolo-de-Cenoura-Natalino-sem-lactose.png.avif\" data-elementor-open-lightbox=\"yes\" data-elementor-lightbox-slideshow=\"87ea8aa\" data-elementor-lightbox-title=\"Bolo-de-Cenoura-Natalino-sem-lactose.png\" data-e-action-hash=\"#elementor-action%3Aaction%3Dlightbox%26settings%3DeyJpZCI6Mjc5MiwidXJsIjoiaHR0cHM6XC9cL2N1bGluYXJpYXNlbWxhY3Rvc2UuY29tXC9jdXJpb3NpZGFkZXNcL3dwLWNvbnRlbnRcL3VwbG9hZHNcLzIwMjRcLzEyXC9Cb2xvLWRlLUNlbm91cmEtTmF0YWxpbm8tc2VtLWxhY3Rvc2UucG5nIiwic2xpZGVzaG93IjoiODdlYThhYSJ9\" data-smush-avif-fallback=\"{&quot;href&quot;:&quot;https:\\\/\\\/culinariasemlactose.com\\\/curiosidades\\\/wp-content\\\/uploads\\\/2024\\\/12\\\/Bolo-de-Cenoura-Natalino-sem-lactose.png&quot;}\">\n\t\t\t\t\t<div class=\"e-gallery-image elementor-gallery-item__image\" data-thumbnail=\"https:\/\/culinariasemlactose.com\/curiosidades\/wp-content\/smush-avif\/2024\/12\/Bolo-de-Cenoura-Natalino-sem-lactose.png.avif\" data-width=\"1080\" data-height=\"1080\" aria-label=\"\" role=\"img\"  data-smush-avif-fallback=\"{&quot;data-thumbnail&quot;:&quot;https:\\\/\\\/culinariasemlactose.com\\\/curiosidades\\\/wp-content\\\/uploads\\\/2024\\\/12\\\/Bolo-de-Cenoura-Natalino-sem-lactose.png&quot;}\"><\/div>\n\t\t\t\t\t\t\t\t\t\t\t<div class=\"elementor-gallery-item__overlay\"><\/div>\n\t\t\t\t\t\t\t\t\t\t\t\t\t\t<\/a>\n\t\t\t\t\t\t\t<a class=\"e-gallery-item elementor-gallery-item elementor-animated-content\" href=\"https:\/\/culinariasemlactose.com\/curiosidades\/wp-content\/smush-avif\/2024\/12\/Beneficios-de-limao.jpg.avif\" data-elementor-open-lightbox=\"yes\" data-elementor-lightbox-slideshow=\"87ea8aa\" data-elementor-lightbox-title=\"Beneficios-de-limao.jpg\" data-e-action-hash=\"#elementor-action%3Aaction%3Dlightbox%26settings%3DeyJpZCI6Mjc5NCwidXJsIjoiaHR0cHM6XC9cL2N1bGluYXJpYXNlbWxhY3Rvc2UuY29tXC9jdXJpb3NpZGFkZXNcL3dwLWNvbnRlbnRcL3VwbG9hZHNcLzIwMjRcLzEyXC9CZW5lZmljaW9zLWRlLWxpbWFvLmpwZyIsInNsaWRlc2hvdyI6Ijg3ZWE4YWEifQ%3D%3D\" data-smush-avif-fallback=\"{&quot;href&quot;:&quot;https:\\\/\\\/culinariasemlactose.com\\\/curiosidades\\\/wp-content\\\/uploads\\\/2024\\\/12\\\/Beneficios-de-limao.jpg&quot;}\">\n\t\t\t\t\t<div class=\"e-gallery-image elementor-gallery-item__image\" data-thumbnail=\"https:\/\/culinariasemlactose.com\/curiosidades\/wp-content\/smush-avif\/2024\/12\/Beneficios-de-limao.jpg.avif\" data-width=\"1080\" data-height=\"1080\" aria-label=\"\" role=\"img\"  data-smush-avif-fallback=\"{&quot;data-thumbnail&quot;:&quot;https:\\\/\\\/culinariasemlactose.com\\\/curiosidades\\\/wp-content\\\/uploads\\\/2024\\\/12\\\/Beneficios-de-limao.jpg&quot;}\"><\/div>\n\t\t\t\t\t\t\t\t\t\t\t<div class=\"elementor-gallery-item__overlay\"><\/div>\n\t\t\t\t\t\t\t\t\t\t\t\t\t\t<\/a>\n\t\t\t\t\t\t\t<a class=\"e-gallery-item elementor-gallery-item elementor-animated-content\" href=\"https:\/\/culinariasemlactose.com\/curiosidades\/wp-content\/smush-avif\/2024\/12\/Leite-de-coco-beneficios.jpg.avif\" data-elementor-open-lightbox=\"yes\" data-elementor-lightbox-slideshow=\"87ea8aa\" data-elementor-lightbox-title=\"Leite-de-coco-beneficios.jpg\" data-e-action-hash=\"#elementor-action%3Aaction%3Dlightbox%26settings%3DeyJpZCI6Mjc5NSwidXJsIjoiaHR0cHM6XC9cL2N1bGluYXJpYXNlbWxhY3Rvc2UuY29tXC9jdXJpb3NpZGFkZXNcL3dwLWNvbnRlbnRcL3VwbG9hZHNcLzIwMjRcLzEyXC9MZWl0ZS1kZS1jb2NvLWJlbmVmaWNpb3MuanBnIiwic2xpZGVzaG93IjoiODdlYThhYSJ9\" data-smush-avif-fallback=\"{&quot;href&quot;:&quot;https:\\\/\\\/culinariasemlactose.com\\\/curiosidades\\\/wp-content\\\/uploads\\\/2024\\\/12\\\/Leite-de-coco-beneficios.jpg&quot;}\">\n\t\t\t\t\t<div class=\"e-gallery-image elementor-gallery-item__image\" data-thumbnail=\"https:\/\/culinariasemlactose.com\/curiosidades\/wp-content\/smush-avif\/2024\/12\/Leite-de-coco-beneficios.jpg.avif\" data-width=\"1080\" data-height=\"1080\" aria-label=\"\" role=\"img\"  data-smush-avif-fallback=\"{&quot;data-thumbnail&quot;:&quot;https:\\\/\\\/culinariasemlactose.com\\\/curiosidades\\\/wp-content\\\/uploads\\\/2024\\\/12\\\/Leite-de-coco-beneficios.jpg&quot;}\"><\/div>\n\t\t\t\t\t\t\t\t\t\t\t<div class=\"elementor-gallery-item__overlay\"><\/div>\n\t\t\t\t\t\t\t\t\t\t\t\t\t\t<\/a>\n\t\t\t\t\t<\/div>\n\t\t\t\t\t<\/div>\n\t\t\t\t\t<\/div>\n\t\t<\/div>\n\t\t\t\t<div class=\"elementor-column elementor-col-100 elementor-top-column elementor-element elementor-element-c5232c7 elementor-invisible\" data-id=\"c5232c7\" data-element_type=\"column\" data-e-type=\"column\" data-settings=\"{&quot;background_background&quot;:&quot;classic&quot;,&quot;animation&quot;:&quot;fadeIn&quot;,&quot;animation_delay&quot;:300}\">\n\t\t\t<div class=\"elementor-widget-wrap elementor-element-populated\">\n\t\t\t\t\t\t<div class=\"elementor-element elementor-element-b928b1f elementor-widget elementor-widget-heading\" data-id=\"b928b1f\" data-element_type=\"widget\" data-e-type=\"widget\" data-widget_type=\"heading.default\">\n\t\t\t\t\t<p class=\"elementor-heading-title elementor-size-default\">Galeria de Fotos<\/p>\t\t\t\t<\/div>\n\t\t\t\t<div class=\"elementor-element elementor-element-e8626b2 elementor-widget elementor-widget-heading\" data-id=\"e8626b2\" data-element_type=\"widget\" data-e-type=\"widget\" data-widget_type=\"heading.default\">\n\t\t\t\t\t<h3 class=\"elementor-heading-title elementor-size-default\">N\u00e3o deixe de seguir o Instagram Culin\u00e1ria sem Lactose<\/h3>\t\t\t\t<\/div>\n\t\t\t\t<div class=\"elementor-element elementor-element-b74811c elementor-align-center elementor-widget elementor-widget-button\" data-id=\"b74811c\" data-element_type=\"widget\" data-e-type=\"widget\" data-widget_type=\"button.default\">\n\t\t\t\t\t\t\t\t\t\t<a class=\"elementor-button elementor-button-link elementor-size-sm\" href=\"https:\/\/www.instagram.com\/culinariasemlactose\/\" target=\"_blank\" rel=\"noopener\">\n\t\t\t\t\t\t<span class=\"elementor-button-content-wrapper\">\n\t\t\t\t\t\t\t\t\t<span class=\"elementor-button-text\">Siga no instagram<\/span>\n\t\t\t\t\t<\/span>\n\t\t\t\t\t<\/a>\n\t\t\t\t\t\t\t\t<\/div>\n\t\t\t\t\t<\/div>\n\t\t<\/div>\n\t\t\t\t<div class=\"elementor-column elementor-col-100 elementor-top-column elementor-element elementor-element-ef636b6\" data-id=\"ef636b6\" data-element_type=\"column\" data-e-type=\"column\">\n\t\t\t<div class=\"elementor-widget-wrap elementor-element-populated\">\n\t\t\t\t\t\t<div class=\"elementor-element elementor-element-2bb0c6e elementor-widget elementor-widget-gallery\" data-id=\"2bb0c6e\" data-element_type=\"widget\" data-e-type=\"widget\" data-settings=\"{&quot;columns&quot;:2,&quot;gap&quot;:{&quot;unit&quot;:&quot;px&quot;,&quot;size&quot;:0,&quot;sizes&quot;:[]},&quot;aspect_ratio&quot;:&quot;1:1&quot;,&quot;columns_tablet&quot;:4,&quot;gap_tablet&quot;:{&quot;unit&quot;:&quot;px&quot;,&quot;size&quot;:0,&quot;sizes&quot;:[]},&quot;columns_mobile&quot;:4,&quot;gap_mobile&quot;:{&quot;unit&quot;:&quot;px&quot;,&quot;size&quot;:0,&quot;sizes&quot;:[]},&quot;lazyload&quot;:&quot;yes&quot;,&quot;gallery_layout&quot;:&quot;grid&quot;,&quot;link_to&quot;:&quot;file&quot;,&quot;overlay_background&quot;:&quot;yes&quot;,&quot;content_hover_animation&quot;:&quot;fade-in&quot;}\" data-widget_type=\"gallery.default\">\n\t\t\t\t\t\t\t<div class=\"elementor-gallery__container\">\n\t\t\t\t\t\t\t<a class=\"e-gallery-item elementor-gallery-item elementor-animated-content\" href=\"https:\/\/culinariasemlactose.com\/curiosidades\/wp-content\/smush-avif\/2024\/12\/Beneficios-de-suco-de-couve.jpg.avif\" data-elementor-open-lightbox=\"yes\" data-elementor-lightbox-slideshow=\"2bb0c6e\" data-elementor-lightbox-title=\"Beneficios-de-suco-de-couve.jpg\" data-e-action-hash=\"#elementor-action%3Aaction%3Dlightbox%26settings%3DeyJpZCI6Mjc5NiwidXJsIjoiaHR0cHM6XC9cL2N1bGluYXJpYXNlbWxhY3Rvc2UuY29tXC9jdXJpb3NpZGFkZXNcL3dwLWNvbnRlbnRcL3VwbG9hZHNcLzIwMjRcLzEyXC9CZW5lZmljaW9zLWRlLXN1Y28tZGUtY291dmUuanBnIiwic2xpZGVzaG93IjoiMmJiMGM2ZSJ9\" data-smush-avif-fallback=\"{&quot;href&quot;:&quot;https:\\\/\\\/culinariasemlactose.com\\\/curiosidades\\\/wp-content\\\/uploads\\\/2024\\\/12\\\/Beneficios-de-suco-de-couve.jpg&quot;}\">\n\t\t\t\t\t<div class=\"e-gallery-image elementor-gallery-item__image\" data-thumbnail=\"https:\/\/culinariasemlactose.com\/curiosidades\/wp-content\/smush-avif\/2024\/12\/Beneficios-de-suco-de-couve.jpg.avif\" data-width=\"1080\" data-height=\"1080\" aria-label=\"\" role=\"img\"  data-smush-avif-fallback=\"{&quot;data-thumbnail&quot;:&quot;https:\\\/\\\/culinariasemlactose.com\\\/curiosidades\\\/wp-content\\\/uploads\\\/2024\\\/12\\\/Beneficios-de-suco-de-couve.jpg&quot;}\"><\/div>\n\t\t\t\t\t\t\t\t\t\t\t<div class=\"elementor-gallery-item__overlay\"><\/div>\n\t\t\t\t\t\t\t\t\t\t\t\t\t\t<\/a>\n\t\t\t\t\t\t\t<a class=\"e-gallery-item elementor-gallery-item elementor-animated-content\" href=\"https:\/\/culinariasemlactose.com\/curiosidades\/wp-content\/smush-avif\/2024\/12\/Beneficios-de-suco-de-beterraba.jpg.avif\" data-elementor-open-lightbox=\"yes\" data-elementor-lightbox-slideshow=\"2bb0c6e\" data-elementor-lightbox-title=\"Beneficios-de-suco-de-beterraba.jpg\" data-e-action-hash=\"#elementor-action%3Aaction%3Dlightbox%26settings%3DeyJpZCI6Mjc5NywidXJsIjoiaHR0cHM6XC9cL2N1bGluYXJpYXNlbWxhY3Rvc2UuY29tXC9jdXJpb3NpZGFkZXNcL3dwLWNvbnRlbnRcL3VwbG9hZHNcLzIwMjRcLzEyXC9CZW5lZmljaW9zLWRlLXN1Y28tZGUtYmV0ZXJyYWJhLmpwZyIsInNsaWRlc2hvdyI6IjJiYjBjNmUifQ%3D%3D\" data-smush-avif-fallback=\"{&quot;href&quot;:&quot;https:\\\/\\\/culinariasemlactose.com\\\/curiosidades\\\/wp-content\\\/uploads\\\/2024\\\/12\\\/Beneficios-de-suco-de-beterraba.jpg&quot;}\">\n\t\t\t\t\t<div class=\"e-gallery-image elementor-gallery-item__image\" data-thumbnail=\"https:\/\/culinariasemlactose.com\/curiosidades\/wp-content\/smush-avif\/2024\/12\/Beneficios-de-suco-de-beterraba.jpg.avif\" data-width=\"1080\" data-height=\"1080\" aria-label=\"\" role=\"img\"  data-smush-avif-fallback=\"{&quot;data-thumbnail&quot;:&quot;https:\\\/\\\/culinariasemlactose.com\\\/curiosidades\\\/wp-content\\\/uploads\\\/2024\\\/12\\\/Beneficios-de-suco-de-beterraba.jpg&quot;}\"><\/div>\n\t\t\t\t\t\t\t\t\t\t\t<div class=\"elementor-gallery-item__overlay\"><\/div>\n\t\t\t\t\t\t\t\t\t\t\t\t\t\t<\/a>\n\t\t\t\t\t\t\t<a class=\"e-gallery-item elementor-gallery-item elementor-animated-content\" href=\"https:\/\/culinariasemlactose.com\/curiosidades\/wp-content\/smush-avif\/2024\/12\/Bolo-Gelado-de-Abacaxi-ano-novo.png.avif\" data-elementor-open-lightbox=\"yes\" data-elementor-lightbox-slideshow=\"2bb0c6e\" data-elementor-lightbox-title=\"Bolo-Gelado-de-Abacaxi-ano-novo.png\" data-e-action-hash=\"#elementor-action%3Aaction%3Dlightbox%26settings%3DeyJpZCI6Mjc5OSwidXJsIjoiaHR0cHM6XC9cL2N1bGluYXJpYXNlbWxhY3Rvc2UuY29tXC9jdXJpb3NpZGFkZXNcL3dwLWNvbnRlbnRcL3VwbG9hZHNcLzIwMjRcLzEyXC9Cb2xvLUdlbGFkby1kZS1BYmFjYXhpLWFuby1ub3ZvLnBuZyIsInNsaWRlc2hvdyI6IjJiYjBjNmUifQ%3D%3D\" data-smush-avif-fallback=\"{&quot;href&quot;:&quot;https:\\\/\\\/culinariasemlactose.com\\\/curiosidades\\\/wp-content\\\/uploads\\\/2024\\\/12\\\/Bolo-Gelado-de-Abacaxi-ano-novo.png&quot;}\">\n\t\t\t\t\t<div class=\"e-gallery-image elementor-gallery-item__image\" data-thumbnail=\"https:\/\/culinariasemlactose.com\/curiosidades\/wp-content\/smush-avif\/2024\/12\/Bolo-Gelado-de-Abacaxi-ano-novo.png.avif\" data-width=\"1080\" data-height=\"1080\" aria-label=\"\" role=\"img\"  data-smush-avif-fallback=\"{&quot;data-thumbnail&quot;:&quot;https:\\\/\\\/culinariasemlactose.com\\\/curiosidades\\\/wp-content\\\/uploads\\\/2024\\\/12\\\/Bolo-Gelado-de-Abacaxi-ano-novo.png&quot;}\"><\/div>\n\t\t\t\t\t\t\t\t\t\t\t<div class=\"elementor-gallery-item__overlay\"><\/div>\n\t\t\t\t\t\t\t\t\t\t\t\t\t\t<\/a>\n\t\t\t\t\t\t\t<a class=\"e-gallery-item elementor-gallery-item elementor-animated-content\" href=\"https:\/\/culinariasemlactose.com\/curiosidades\/wp-content\/smush-avif\/2024\/12\/Bolo-caramelizado-de-coco.png.avif\" data-elementor-open-lightbox=\"yes\" data-elementor-lightbox-slideshow=\"2bb0c6e\" data-elementor-lightbox-title=\"Bolo-caramelizado-de-coco.png\" data-e-action-hash=\"#elementor-action%3Aaction%3Dlightbox%26settings%3DeyJpZCI6MjgwMiwidXJsIjoiaHR0cHM6XC9cL2N1bGluYXJpYXNlbWxhY3Rvc2UuY29tXC9jdXJpb3NpZGFkZXNcL3dwLWNvbnRlbnRcL3VwbG9hZHNcLzIwMjRcLzEyXC9Cb2xvLWNhcmFtZWxpemFkby1kZS1jb2NvLnBuZyIsInNsaWRlc2hvdyI6IjJiYjBjNmUifQ%3D%3D\" data-smush-avif-fallback=\"{&quot;href&quot;:&quot;https:\\\/\\\/culinariasemlactose.com\\\/curiosidades\\\/wp-content\\\/uploads\\\/2024\\\/12\\\/Bolo-caramelizado-de-coco.png&quot;}\">\n\t\t\t\t\t<div class=\"e-gallery-image elementor-gallery-item__image\" data-thumbnail=\"https:\/\/culinariasemlactose.com\/curiosidades\/wp-content\/smush-avif\/2024\/12\/Bolo-caramelizado-de-coco.png.avif\" data-width=\"1080\" data-height=\"1080\" aria-label=\"\" role=\"img\"  data-smush-avif-fallback=\"{&quot;data-thumbnail&quot;:&quot;https:\\\/\\\/culinariasemlactose.com\\\/curiosidades\\\/wp-content\\\/uploads\\\/2024\\\/12\\\/Bolo-caramelizado-de-coco.png&quot;}\"><\/div>\n\t\t\t\t\t\t\t\t\t\t\t<div class=\"elementor-gallery-item__overlay\"><\/div>\n\t\t\t\t\t\t\t\t\t\t\t\t\t\t<\/a>\n\t\t\t\t\t<\/div>\n\t\t\t\t\t<\/div>\n\t\t\t\t\t<\/div>\n\t\t<\/div>\n\t\t\t\t\t<\/div>\n\t\t<\/section>\n\t\t\t\t<\/div>\n\t\t","protected":false},"excerpt":{"rendered":"<p>In\u00edcio Dicas e Curiosidades da Gastronomia: Enriquecendo sua Cozinha Se voc\u00ea est\u00e1 em busca de dicas valiosas e curiosidades fascinantes sobre<\/p>\n","protected":false},"author":1,"featured_media":2958,"parent":0,"menu_order":0,"comment_status":"closed","ping_status":"closed","template":"elementor_header_footer","meta":{"_lmt_disableupdate":"no","_lmt_disable":"","footnotes":""},"class_list":["post-2922","page","type-page","status-publish","has-post-thumbnail","hentry"],"_links":{"self":[{"href":"https:\/\/culinariasemlactose.com\/curiosidades\/wp-json\/wp\/v2\/pages\/2922","targetHints":{"allow":["GET"]}}],"collection":[{"href":"https:\/\/culinariasemlactose.com\/curiosidades\/wp-json\/wp\/v2\/pages"}],"about":[{"href":"https:\/\/culinariasemlactose.com\/curiosidades\/wp-json\/wp\/v2\/types\/page"}],"author":[{"embeddable":true,"href":"https:\/\/culinariasemlactose.com\/curiosidades\/wp-json\/wp\/v2\/users\/1"}],"replies":[{"embeddable":true,"href":"https:\/\/culinariasemlactose.com\/curiosidades\/wp-json\/wp\/v2\/comments?post=2922"}],"version-history":[{"count":0,"href":"https:\/\/culinariasemlactose.com\/curiosidades\/wp-json\/wp\/v2\/pages\/2922\/revisions"}],"wp:featuredmedia":[{"embeddable":true,"href":"https:\/\/culinariasemlactose.com\/curiosidades\/wp-json\/wp\/v2\/media\/2958"}],"wp:attachment":[{"href":"https:\/\/culinariasemlactose.com\/curiosidades\/wp-json\/wp\/v2\/media?parent=2922"}],"curies":[{"name":"wp","href":"https:\/\/api.w.org\/{rel}","templated":true}]}}